{"id":3375,"date":"2024-02-19T22:11:56","date_gmt":"2024-02-19T21:11:56","guid":{"rendered":"https:\/\/www.ozono-terapia.com\/covid-persistente-o-long-covid\/"},"modified":"2024-02-19T22:11:56","modified_gmt":"2024-02-19T21:11:56","slug":"covid-persistente-o-long-covid","status":"publish","type":"page","link":"https:\/\/www.ozono-terapia.com\/ca\/covid-persistente-o-long-covid\/","title":{"rendered":"Tratamiento covid persistente Barcelona"},"content":{"rendered":"<p><div class=\"fusion-fullwidth fullwidth-box fusion-builder-row-1 fusion-flex-container has-pattern-background has-mask-background fusion-parallax-none nonhundred-percent-fullwidth non-hundred-percent-height-scrolling\" style=\"--awb-background-blend-mode:overlay;--awb-border-radius-top-left:0px;--awb-border-radius-top-right:0px;--awb-border-radius-bottom-right:0px;--awb-border-radius-bottom-left:0px;--awb-padding-top:200px;--awb-padding-bottom:200px;--awb-background-color:rgba(0,0,0,0.3);--awb-background-image:url(&quot;https:\/\/www.ozono-terapia.com\/wp-content\/uploads\/2024\/02\/AH-2024-copia.jpeg&quot;);--awb-background-size:cover;--awb-flex-wrap:wrap;\" ><div class=\"fusion-builder-row fusion-row fusion-flex-align-items-flex-start fusion-flex-content-wrap\" style=\"max-width:1248px;margin-left: calc(-4% \/ 2 );margin-right: calc(-4% \/ 2 );\"><div class=\"fusion-layout-column fusion_builder_column fusion-builder-column-0 fusion_builder_column_1_1 1_1 fusion-flex-column\" style=\"--awb-bg-blend:overlay;--awb-bg-size:cover;--awb-width-large:100%;--awb-margin-top-large:0px;--awb-spacing-right-large:1.92%;--awb-margin-bottom-large:30px;--awb-spacing-left-large:1.92%;--awb-width-medium:100%;--awb-spacing-right-medium:1.92%;--awb-spacing-left-medium:1.92%;--awb-width-small:100%;--awb-spacing-right-small:1.92%;--awb-spacing-left-small:1.92%;\"><div class=\"fusion-column-wrapper fusion-flex-justify-content-flex-start fusion-content-layout-column\"><div class=\"fusion-title title fusion-title-1 fusion-sep-none fusion-title-center fusion-title-text fusion-title-size-one\" style=\"--awb-text-color:#ffffff;\"><h1 class=\"fusion-title-heading title-heading-center fusion-responsive-typography-calculated\" style=\"margin:0;--fontSize:80;line-height:1;\"><p data-fontsize=\"46\" data-lineheight=\"57\">Ozonoterapia en Covid persistente<\/p><\/h1><\/div><\/div><\/div><\/div><\/div><div class=\"fusion-fullwidth fullwidth-box fusion-builder-row-2 fusion-flex-container nonhundred-percent-fullwidth non-hundred-percent-height-scrolling\" style=\"--awb-background-position:left top;--awb-border-sizes-top:0px;--awb-border-sizes-bottom:0px;--awb-border-sizes-left:0px;--awb-border-sizes-right:0px;--awb-border-radius-top-left:0px;--awb-border-radius-top-right:0px;--awb-border-radius-bottom-right:0px;--awb-border-radius-bottom-left:0px;--awb-padding-top:60px;--awb-padding-bottom:60px;--awb-flex-wrap:wrap;\" ><div class=\"fusion-builder-row fusion-row fusion-flex-align-items-flex-start fusion-flex-content-wrap\" style=\"max-width:1248px;margin-left: calc(-4% \/ 2 );margin-right: calc(-4% \/ 2 );\"><div class=\"fusion-layout-column fusion_builder_column fusion-builder-column-1 fusion_builder_column_2_3 2_3 fusion-flex-column\" style=\"--awb-padding-top:40px;--awb-padding-right:40px;--awb-padding-bottom:40px;--awb-padding-left:40px;--awb-bg-color:#ffffff;--awb-bg-color-hover:#ffffff;--awb-bg-size:cover;--awb-border-color:#dddddd;--awb-border-top:1px;--awb-border-right:1px;--awb-border-bottom:1px;--awb-border-left:1px;--awb-border-style:solid;--awb-width-large:66.666666666667%;--awb-margin-top-large:0px;--awb-spacing-right-large:3.84%;--awb-margin-bottom-large:30px;--awb-spacing-left-large:2.88%;--awb-width-medium:100%;--awb-spacing-right-medium:1.92%;--awb-spacing-left-medium:1.92%;--awb-width-small:100%;--awb-spacing-right-small:1.92%;--awb-spacing-left-small:1.92%;\"><div class=\"fusion-column-wrapper fusion-flex-justify-content-flex-start fusion-content-layout-column\"><div class=\"fusion-text fusion-text-1\"><h2 style=\"font-size: 23px; line-height: 1.5; color: #333c4e; font-weight: 600; letter-spacing: 1px;\">Ozonoterapia en Covid persistente<\/h2>\n<p>Tras superar la fase aguda del Covid-19 muchas personas contin\u00faan experimentando fatiga extrema, disnea o dificultad respiratoria, problemas de memoria y concentraci\u00f3n (niebla mental), palpitaciones, mareos, insomnio. Esta condici\u00f3n, conocida como Covid persistente o &#8220;Long Covid&#8221;, afecta a un porcentaje considerable de la poblaci\u00f3n que ha contra\u00eddo el virus, mermando de forma significativa su calidad de vida.<\/p>\n<\/div><div class=\"fusion-image-element \" style=\"--awb-margin-bottom:20px;--awb-caption-title-font-family:var(--h2_typography-font-family);--awb-caption-title-font-weight:var(--h2_typography-font-weight);--awb-caption-title-font-style:var(--h2_typography-font-style);--awb-caption-title-size:var(--h2_typography-font-size);--awb-caption-title-transform:var(--h2_typography-text-transform);--awb-caption-title-line-height:var(--h2_typography-line-height);--awb-caption-title-letter-spacing:var(--h2_typography-letter-spacing);\"><span class=\" fusion-imageframe imageframe-none imageframe-1 hover-type-none\"><img decoding=\"async\" width=\"626\" height=\"417\" title=\"empleada-femenina-dormita-lugar-trabajo-oficina_1163-5374 copia\" src=\"https:\/\/www.ozono-terapia.com\/wp-content\/uploads\/2024\/02\/empleada-femenina-dormita-lugar-trabajo-oficina_1163-5374-copia-1.jpg\" alt class=\"img-responsive wp-image-2975\" srcset=\"https:\/\/www.ozono-terapia.com\/wp-content\/uploads\/2024\/02\/empleada-femenina-dormita-lugar-trabajo-oficina_1163-5374-copia-1-200x133.jpg 200w, https:\/\/www.ozono-terapia.com\/wp-content\/uploads\/2024\/02\/empleada-femenina-dormita-lugar-trabajo-oficina_1163-5374-copia-1-400x266.jpg 400w, https:\/\/www.ozono-terapia.com\/wp-content\/uploads\/2024\/02\/empleada-femenina-dormita-lugar-trabajo-oficina_1163-5374-copia-1-600x400.jpg 600w, https:\/\/www.ozono-terapia.com\/wp-content\/uploads\/2024\/02\/empleada-femenina-dormita-lugar-trabajo-oficina_1163-5374-copia-1.jpg 626w\" sizes=\"(max-width: 1024px) 100vw, (max-width: 640px) 100vw, 626px\" \/><\/span><\/div><div class=\"fusion-text fusion-text-2\"><p><strong>OZONOTERAPIA Y COVID PERSISTENTE<\/strong><\/p>\n<p>La ozonoterapia es un tratamiento terap\u00e9utico que utiliza el ozono m\u00e9dico, una forma triat\u00f3mica del ox\u00edgeno, para estimular los mecanismos de defensa del organismo y mejorar la salud en general. Su acci\u00f3n se basa en la capacidad del ozono para:<\/p>\n<ul>\n<li>Eliminar pat\u00f3genos:\u00a0El ozono posee un potente efecto antiviral, bactericida y fungicida, lo que lo convierte en un aliado eficaz para combatir la infecci\u00f3n por SARS-CoV-2 y otros pat\u00f3genos oportunistas que pueden contribuir al Covid persistente.<\/li>\n<li>Reducir la inflamaci\u00f3n:\u00a0La inflamaci\u00f3n cr\u00f3nica es un factor clave en la patog\u00e9nesis del Covid persistente. El ozono modula la respuesta inflamatoria, disminuyendo el dolor, la fatiga y otros s\u00edntomas asociados.<\/li>\n<li>Mejorar la oxigenaci\u00f3n:\u00a0El ozono aumenta la capacidad de transporte de ox\u00edgeno en la sangre, lo que beneficia a los pacientes que sufren de disnea (cierta dificultad para respirar) o fatiga cr\u00f3nica.<\/li>\n<li>Modulador del sistema inmunitario:\u00a0El ozono ayuda a regular el sistema inmunitario, ayudando a reequilibrar las defensas del organismo.<\/li>\n<\/ul>\n<p><img decoding=\"async\" class=\" wp-image-2977 alignright\" src=\"https:\/\/www.ozono-terapia.com\/wp-content\/uploads\/2024\/02\/FM1-Claudia-copia.jpeg\" alt=\"\" width=\"288\" height=\"432\" srcset=\"https:\/\/www.ozono-terapia.com\/wp-content\/uploads\/2024\/02\/FM1-Claudia-copia-200x300.jpeg 200w, https:\/\/www.ozono-terapia.com\/wp-content\/uploads\/2024\/02\/FM1-Claudia-copia-400x600.jpeg 400w, https:\/\/www.ozono-terapia.com\/wp-content\/uploads\/2024\/02\/FM1-Claudia-copia.jpeg 427w\" sizes=\"(max-width: 288px) 100vw, 288px\" \/><strong>\u00bfCOMO SE APLICA LA OZONOTERAPIA EN EL COVID PERSISTENTE?<\/strong><\/p>\n<p>La terapia con ozono se puede aplicar de diversas maneras para el tratamiento del Covid persistente, destacando:<\/p>\n<ul>\n<li>Autohemoterapia :\u00a0Se extrae sangre del paciente, se mezcla con ozono y se vuelve a infundir en el torrente sangu\u00edneo.<\/li>\n<li>Inyecci\u00f3n local:\u00a0Se aplica ozono directamente en las zonas afectadas por dolor o inflamaci\u00f3n.<\/li>\n<\/ul>\n<p><strong>BENEFICIOS DE LA OZONOTERAPIA EN EL COVID PERSISTENTE<\/strong><\/p>\n<p>Los pacientes que han recibido terapia de ozono para el Covid persistente han experimentado una mejor\u00eda significativa en diversos s\u00edntomas, como:<\/p>\n<ul>\n<li>Fatiga cr\u00f3nica<\/li>\n<li>Dolor muscular y articular<\/li>\n<li>Disnea o dificultad respiratoria<\/li>\n<li>Dificultad para concentrarse<\/li>\n<li>Depresi\u00f3n y ansiedad<\/li>\n<\/ul>\n<p>El n\u00famero de sesiones de Ozonoterapia necesario suele estar entre 8 y 10 sesiones. Cada sesi\u00f3n tiene una duraci\u00f3n aproximada de 30 minutos y se realizan habitualmente 1 vez a la semana.<\/p>\n<\/div><div class=\"fusion-separator fusion-full-width-sep\" style=\"align-self: center;margin-left: auto;margin-right: auto;margin-top:15px;width:100%;\"><\/div><div class=\"fusion-separator fusion-full-width-sep\" style=\"align-self: center;margin-left: auto;margin-right: auto;margin-top:15px;width:100%;\"><\/div><\/div><\/div><div class=\"fusion-layout-column fusion_builder_column fusion-builder-column-2 fusion_builder_column_1_3 1_3 fusion-flex-column\" style=\"--awb-padding-top:30px;--awb-padding-right:30px;--awb-padding-bottom:30px;--awb-padding-left:30px;--awb-bg-color:#ffffff;--awb-bg-color-hover:#ffffff;--awb-bg-size:cover;--awb-border-color:#dddddd;--awb-border-top:1px;--awb-border-right:1px;--awb-border-bottom:1px;--awb-border-left:1px;--awb-border-style:solid;--awb-width-large:33.333333333333%;--awb-margin-top-large:0px;--awb-spacing-right-large:5.76%;--awb-margin-bottom-large:30px;--awb-spacing-left-large:3.84%;--awb-width-medium:100%;--awb-spacing-right-medium:1.92%;--awb-spacing-left-medium:1.92%;--awb-width-small:100%;--awb-spacing-right-small:1.92%;--awb-spacing-left-small:1.92%;\"><div class=\"fusion-column-wrapper fusion-flex-justify-content-flex-start fusion-content-layout-column\"><div class=\"fusion-text fusion-text-3\"><h4 style=\"font-weight: 400; text-align: center;\"><i class=\"fa fa-heart\"><\/i>\u00a0 \u00a0PATOLOG\u00cdAS<\/h4>\n<\/div><div class=\"fusion-separator fusion-full-width-sep\" style=\"align-self: center;margin-left: auto;margin-right: auto;margin-top:0px;margin-bottom:30px;width:100%;max-width:100%;\"><div class=\"fusion-separator-border sep-single sep-solid\" style=\"--awb-height:20px;--awb-amount:20px;--awb-sep-color:#3bafbf;border-color:#3bafbf;border-top-width:2px;\"><\/div><\/div><ul style=\"--awb-size:16px;--awb-line-height:27.2px;--awb-icon-width:27.2px;--awb-icon-height:27.2px;--awb-icon-margin:11.2px;--awb-content-margin:38.4px;--awb-circlecolor:#3bafbf;--awb-circle-yes-font-size:14.08px;\" class=\"fusion-checklist fusion-checklist-1 fusion-checklist-default type-icons\"><li class=\"fusion-li-item\" style=\"\"><span class=\"icon-wrapper circle-yes\"><i class=\"fusion-li-icon fa-angle-right fas\" aria-hidden=\"true\"><\/i><\/span><div class=\"fusion-li-item-content\">\n<p><a href=\"\/hernias-disco-y-discopatias\/\">Hernias disco y discopat\u00edas<\/a><\/p>\n<\/div><\/li><li class=\"fusion-li-item\" style=\"\"><span class=\"icon-wrapper circle-yes\"><i class=\"fusion-li-icon fa-angle-right fas\" aria-hidden=\"true\"><\/i><\/span><div class=\"fusion-li-item-content\"><a class=\"fusion-bar-highlight\" href=\"\/dolor-de-espalda-tratamiento-barcelona\/\">Dolor espalda y lumbalgia<\/a><\/div><\/li><li class=\"fusion-li-item\" style=\"\"><span class=\"icon-wrapper circle-yes\"><i class=\"fusion-li-icon fa-angle-right fas\" aria-hidden=\"true\"><\/i><\/span><div class=\"fusion-li-item-content\"><a class=\"fusion-bar-highlight\" href=\"\/estenosis-de-canal\/\">Estenosis de canal<\/a><\/div><\/li><li class=\"fusion-li-item\" style=\"\"><span class=\"icon-wrapper circle-yes\"><i class=\"fusion-li-icon fa-angle-right fas\" aria-hidden=\"true\"><\/i><\/span><div class=\"fusion-li-item-content\">\n<p><a class=\"fusion-bar-highlight\" href=\"\/fibromialgia-reumatica\/\">Fibromialg\u00eda y fatiga cr\u00f3nica<\/a><\/p>\n<\/div><\/li><li class=\"fusion-li-item\" style=\"\"><span class=\"icon-wrapper circle-yes\"><i class=\"fusion-li-icon fa-angle-right fas\" aria-hidden=\"true\"><\/i><\/span><div class=\"fusion-li-item-content\"><a class=\"fusion-bar-highlight\" href=\"\/artrosis-de-rodilla-y-cadera\/\">Artrosis de rodilla y cadera<\/a><\/div><\/li><li class=\"fusion-li-item\" style=\"\"><span class=\"icon-wrapper circle-yes\"><i class=\"fusion-li-icon fa-angle-right fas\" aria-hidden=\"true\"><\/i><\/span><div class=\"fusion-li-item-content\"><a class=\"fusion-bar-highlight\" href=\"\/Covid-persistente-o-long-Covid\/\">Covid persistente o long Covid<\/a><\/div><\/li><li class=\"fusion-li-item\" style=\"\"><span class=\"icon-wrapper circle-yes\"><i class=\"fusion-li-icon fa-angle-right fas\" aria-hidden=\"true\"><\/i><\/span><div class=\"fusion-li-item-content\"><a class=\"fusion-bar-highlight\" href=\"\/ozonoterapia-y-bienestar\/\">Ozonoterapia y bienestar<\/a><\/div><\/li><li class=\"fusion-li-item\" style=\"\"><span class=\"icon-wrapper circle-yes\"><i class=\"fusion-li-icon fa-angle-right fas\" aria-hidden=\"true\"><\/i><\/span><div class=\"fusion-li-item-content\">\n<p><a class=\"fusion-bar-highlight\" href=\"\/otras-patologias\/\">Otras patolog\u00edas<\/a><\/p>\n<\/div><\/li><\/ul>\n<div class=\"fusion-separator fusion-full-width-sep\" style=\"align-self: center;margin-left: auto;margin-right: auto;margin-top:50px;width:100%;\"><\/div><div class=\"fusion-text fusion-text-4\"><h4 style=\"font-weight: 400; text-align: center;\"><i class=\"fa fa-info-circle\"><\/i> CONTACTO<\/h4>\n<\/div><div class=\"fusion-separator fusion-full-width-sep\" style=\"align-self: center;margin-left: auto;margin-right: auto;margin-top:0px;margin-bottom:40px;width:100%;max-width:100%;\"><div class=\"fusion-separator-border sep-single sep-solid\" style=\"--awb-height:20px;--awb-amount:20px;--awb-sep-color:#3bafbf;border-color:#3bafbf;border-top-width:2px;\"><\/div><\/div><div class=\"fusion-text fusion-text-5\"><h3><span style=\"color: #3bafbf;\"><i class=\"fa fa-envelope\"><\/i> <a href=\"mailto:info@ozono-terapia.com\"><span style=\"color: #000000;\">info@ozono-terapia.com<\/span><\/a><\/span><\/h3>\n<\/div><div class=\"fusion-text fusion-text-6\"><h3><span style=\"color: #3bafbf;\"><i class=\"fa fa-phone\"><\/i> <a href=\"tel:+34932848220\"><span style=\"color: #000000;\">(+34) 93 284 82 20<\/span><\/a><\/span><\/h3>\n<\/div><div class=\"fusion-separator fusion-full-width-sep\" style=\"align-self: center;margin-left: auto;margin-right: auto;margin-top:20px;width:100%;\"><\/div><div style=\"text-align:center;\"><a class=\"fusion-button button-flat fusion-button-default-size button-custom fusion-button-default button-1 fusion-button-span-no fusion-button-default-type\" style=\"--button_accent_color:#333333;--button_border_color:#333333;--button_accent_hover_color:#ffffff;--button_border_hover_color:#ffffff;--button_border_width-top:1px;--button_border_width-right:1px;--button_border_width-bottom:1px;--button_border_width-left:1px;--button_gradient_top_color:#ffffff;--button_gradient_bottom_color:#ffffff;--button_gradient_top_color_hover:#3bafbf;--button_gradient_bottom_color_hover:#3bafbf;\" target=\"_self\" href=\"\/pedir-cita\/ \"><span class=\"fusion-button-text awb-button__text awb-button__text--default\">PEDIR CITA<\/span><\/a><\/div><div class=\"fusion-separator fusion-full-width-sep\" style=\"align-self: center;margin-left: auto;margin-right: auto;margin-top:50px;width:100%;\"><\/div><div class=\"fusion-text fusion-text-7\"><h4 style=\"font-weight: 400; text-align: center;\"><i class=\"fa fa-map-marker\"><\/i> LOCALIZACI\u00d3N<\/h4>\n<\/div><div class=\"fusion-separator fusion-full-width-sep\" style=\"align-self: center;margin-left: auto;margin-right: auto;margin-top:0px;margin-bottom:30px;width:100%;max-width:100%;\"><div class=\"fusion-separator-border sep-single sep-solid\" style=\"--awb-height:20px;--awb-amount:20px;--awb-sep-color:#3bafbf;border-color:#3bafbf;border-top-width:2px;\"><\/div><\/div><div class=\"fusion-builder-row fusion-builder-row-inner fusion-row fusion-flex-align-items-flex-start fusion-flex-content-wrap\" style=\"width:104% !important;max-width:104% !important;margin-left: calc(-4% \/ 2 );margin-right: calc(-4% \/ 2 );\"><div class=\"fusion-layout-column fusion_builder_column_inner fusion-builder-nested-column-0 fusion_builder_column_inner_1_1 1_1 fusion-flex-column\" style=\"--awb-bg-blend:overlay;--awb-bg-size:cover;--awb-width-large:100%;--awb-margin-top-large:0px;--awb-spacing-right-large:1.92%;--awb-margin-bottom-large:30px;--awb-spacing-left-large:1.92%;--awb-width-medium:100%;--awb-spacing-right-medium:1.92%;--awb-spacing-left-medium:1.92%;--awb-width-small:100%;--awb-spacing-right-small:1.92%;--awb-spacing-left-small:1.92%;\"><div class=\"fusion-column-wrapper fusion-flex-justify-content-flex-start fusion-content-layout-column\"><div class=\"fusion-text fusion-text-8\"><p><iframe style=\"border: 0;\" src=\"https:\/\/www.google.com\/maps\/embed?pb=!1m18!1m12!1m3!1d2992.0856795543014!2d2.137169165952281!3d41.41565873374262!2m3!1f0!2f0!3f0!3m2!1i1024!2i768!4f13.1!3m3!1m2!1s0x12a49804431840b7%3A0x13794dd69ea8e00a!2sUnidad+de+Ozonoterapia!5e0!3m2!1ses!2ses!4v1552986086821\" width=\"100%\" height=\"250\" frameborder=\"0\" allowfullscreen=\"allowfullscreen\"><\/iframe><\/p>\n<\/div><div class=\"fusion-text fusion-text-9\"><p><strong>Hospital Quir\u00f3n Salud Barcelona<\/strong><br \/>\nPl. Alfonso Comin 5, 08023 Barcelona<\/p>\n<\/div><div class=\"fusion-separator fusion-full-width-sep\" style=\"align-self: center;margin-left: auto;margin-right: auto;margin-bottom:20px;width:100%;\"><\/div><div class=\"fusion-text fusion-text-10\"><p><iframe style=\"border: 0;\" src=\"https:\/\/www.google.com\/maps\/embed?pb=!1m18!1m12!1m3!1d2992.2081980104576!2d2.1573843163054813!3d41.41299897926169!2m3!1f0!2f0!3f0!3m2!1i1024!2i768!4f13.1!3m3!1m2!1s0x12a4a2b0d26ae7a5%3A0x599dbb34baa586e9!2sInstitut+Catala+D'ozonoterapia+SLP!5e0!3m2!1ses!2ses!4v1562231065109!5m2!1ses!2ses\" width=\"100%\" height=\"250\" frameborder=\"0\" allowfullscreen=\"allowfullscreen\"><\/iframe><\/p>\n<\/div><div class=\"fusion-text fusion-text-11\"><p><strong>Centro M\u00e9dico Salud Barcelona<\/strong><br \/>\nc\/ Mare de Deu de la Salut 78<\/p>\n<\/div><div class=\"fusion-separator fusion-full-width-sep\" style=\"align-self: center;margin-left: auto;margin-right: auto;margin-bottom:30px;width:100%;\"><\/div><\/div><\/div><\/div><\/div><\/div><\/div><\/div><div class=\"fusion-fullwidth fullwidth-box fusion-builder-row-3 fusion-flex-container nonhundred-percent-fullwidth non-hundred-percent-height-scrolling\" style=\"--awb-border-sizes-top:0px;--awb-border-sizes-bottom:0px;--awb-border-sizes-left:0px;--awb-border-sizes-right:0px;--awb-border-radius-top-left:0px;--awb-border-radius-top-right:0px;--awb-border-radius-bottom-right:0px;--awb-border-radius-bottom-left:0px;--awb-padding-top:30px;--awb-padding-bottom:30px;--awb-background-color:#f9f9f9;--awb-flex-wrap:wrap;\" ><div class=\"fusion-builder-row fusion-row fusion-flex-align-items-flex-start fusion-flex-content-wrap\" style=\"max-width:1248px;margin-left: calc(-4% \/ 2 );margin-right: calc(-4% \/ 2 );\"><div class=\"fusion-layout-column fusion_builder_column fusion-builder-column-3 fusion_builder_column_1_1 1_1 fusion-flex-column\" style=\"--awb-bg-blend:overlay;--awb-bg-size:cover;--awb-width-large:100%;--awb-margin-top-large:0px;--awb-spacing-right-large:1.92%;--awb-margin-bottom-large:30px;--awb-spacing-left-large:1.92%;--awb-width-medium:100%;--awb-spacing-right-medium:1.92%;--awb-spacing-left-medium:1.92%;--awb-width-small:100%;--awb-spacing-right-small:1.92%;--awb-spacing-left-small:1.92%;\"><div class=\"fusion-column-wrapper fusion-flex-justify-content-flex-start fusion-content-layout-column\"><div class=\"fusion-title title fusion-title-2 fusion-sep-none fusion-title-center fusion-title-text fusion-title-size-two\" style=\"--awb-text-color:#444444;--awb-margin-bottom:20px;--awb-font-size:40px;\"><h2 class=\"fusion-title-heading title-heading-center fusion-responsive-typography-calculated\" style=\"margin:0;font-size:1em;--fontSize:40;line-height:1.25;\">NUESTROS ESPECIALISTAS<\/h2><\/div><\/div><\/div><div class=\"fusion-layout-column fusion_builder_column fusion-builder-column-4 fusion_builder_column_1_4 1_4 fusion-flex-column\" style=\"--awb-bg-blend:overlay;--awb-bg-size:cover;--awb-width-large:25%;--awb-margin-top-large:0px;--awb-spacing-right-large:7.68%;--awb-margin-bottom-large:30px;--awb-spacing-left-large:7.68%;--awb-width-medium:100%;--awb-spacing-right-medium:1.92%;--awb-spacing-left-medium:1.92%;--awb-width-small:100%;--awb-spacing-right-small:1.92%;--awb-spacing-left-small:1.92%;\"><div class=\"fusion-column-wrapper fusion-flex-justify-content-flex-start fusion-content-layout-column\"><div class=\"fusion-image-element \" style=\"--awb-caption-title-font-family:var(--h2_typography-font-family);--awb-caption-title-font-weight:var(--h2_typography-font-weight);--awb-caption-title-font-style:var(--h2_typography-font-style);--awb-caption-title-size:var(--h2_typography-font-size);--awb-caption-title-transform:var(--h2_typography-text-transform);--awb-caption-title-line-height:var(--h2_typography-line-height);--awb-caption-title-letter-spacing:var(--h2_typography-letter-spacing);\"><span class=\" fusion-imageframe imageframe-none imageframe-2 hover-type-none\"><a class=\"fusion-no-lightbox\" href=\"\/equipo\/dra-gloria-rovira-duplaa\/\" target=\"_self\"><img decoding=\"async\" width=\"800\" height=\"1102\" src=\"https:\/\/www.ozono-terapia.com\/wp-content\/uploads\/2022\/06\/gloria.jpg\" alt class=\"img-responsive wp-image-2701\" srcset=\"https:\/\/www.ozono-terapia.com\/wp-content\/uploads\/2022\/06\/gloria-200x276.jpg 200w, https:\/\/www.ozono-terapia.com\/wp-content\/uploads\/2022\/06\/gloria-400x551.jpg 400w, https:\/\/www.ozono-terapia.com\/wp-content\/uploads\/2022\/06\/gloria-600x827.jpg 600w, https:\/\/www.ozono-terapia.com\/wp-content\/uploads\/2022\/06\/gloria.jpg 800w\" sizes=\"(max-width: 1024px) 100vw, (max-width: 640px) 100vw, 400px\" \/><\/a><\/span><\/div><\/div><\/div><div class=\"fusion-layout-column fusion_builder_column fusion-builder-column-5 fusion_builder_column_1_4 1_4 fusion-flex-column\" style=\"--awb-bg-blend:overlay;--awb-bg-size:cover;--awb-width-large:25%;--awb-margin-top-large:0px;--awb-spacing-right-large:7.68%;--awb-margin-bottom-large:30px;--awb-spacing-left-large:7.68%;--awb-width-medium:100%;--awb-spacing-right-medium:1.92%;--awb-spacing-left-medium:1.92%;--awb-width-small:100%;--awb-spacing-right-small:1.92%;--awb-spacing-left-small:1.92%;\"><div class=\"fusion-column-wrapper fusion-flex-justify-content-flex-start fusion-content-layout-column\"><div class=\"fusion-text fusion-text-12\"><h3><strong>Dra. Gloria Rovira Dupl\u00e1a<\/strong><\/h3>\n<p><em>Jefe de la Unidad de Ozonoterapia desde 1987<\/em><\/p>\n<\/div><div class=\"fusion-text fusion-text-13\"><p><strong>Formaci\u00f3n Acad\u00e9mica:<\/strong><\/p>\n<ul>\n<li>Internado Rotatorio en el Beth Israel Medical Center de Newark (EEUU).<\/li>\n<li>Licenciada en Medicina y Cirug\u00eda por la Universidad Aut\u00f3noma de Barcelona.<\/li>\n<li>Doctorada en Medicina por la Medizinische Hochschule Hannover (Alemania).<\/li>\n<\/ul>\n<\/div><\/div><\/div><div class=\"fusion-layout-column fusion_builder_column fusion-builder-column-6 fusion_builder_column_1_4 1_4 fusion-flex-column\" style=\"--awb-bg-blend:overlay;--awb-bg-size:cover;--awb-width-large:25%;--awb-margin-top-large:0px;--awb-spacing-right-large:7.68%;--awb-margin-bottom-large:30px;--awb-spacing-left-large:7.68%;--awb-width-medium:100%;--awb-spacing-right-medium:1.92%;--awb-spacing-left-medium:1.92%;--awb-width-small:100%;--awb-spacing-right-small:1.92%;--awb-spacing-left-small:1.92%;\"><div class=\"fusion-column-wrapper fusion-flex-justify-content-flex-start fusion-content-layout-column\"><div class=\"fusion-image-element \" style=\"--awb-caption-title-font-family:var(--h2_typography-font-family);--awb-caption-title-font-weight:var(--h2_typography-font-weight);--awb-caption-title-font-style:var(--h2_typography-font-style);--awb-caption-title-size:var(--h2_typography-font-size);--awb-caption-title-transform:var(--h2_typography-text-transform);--awb-caption-title-line-height:var(--h2_typography-line-height);--awb-caption-title-letter-spacing:var(--h2_typography-letter-spacing);\"><span class=\" fusion-imageframe imageframe-none imageframe-3 hover-type-none\"><a class=\"fusion-no-lightbox\" href=\"\/equipo\/dr-pablo-clavel-laria\/\" target=\"_self\" aria-label=\"Pablo-Clavel-Laria\"><img decoding=\"async\" width=\"911\" height=\"1214\" src=\"http:\/\/ozono-terapia.com\/wp-content\/uploads\/2019\/03\/Pablo-Clavel-Laria.jpg\" alt class=\"img-responsive wp-image-1512\" srcset=\"https:\/\/www.ozono-terapia.com\/wp-content\/uploads\/2019\/03\/Pablo-Clavel-Laria-200x267.jpg 200w, https:\/\/www.ozono-terapia.com\/wp-content\/uploads\/2019\/03\/Pablo-Clavel-Laria-400x533.jpg 400w, https:\/\/www.ozono-terapia.com\/wp-content\/uploads\/2019\/03\/Pablo-Clavel-Laria-600x800.jpg 600w, https:\/\/www.ozono-terapia.com\/wp-content\/uploads\/2019\/03\/Pablo-Clavel-Laria-800x1066.jpg 800w, https:\/\/www.ozono-terapia.com\/wp-content\/uploads\/2019\/03\/Pablo-Clavel-Laria.jpg 911w\" sizes=\"(max-width: 1024px) 100vw, (max-width: 640px) 100vw, 400px\" \/><\/a><\/span><\/div><\/div><\/div><div class=\"fusion-layout-column fusion_builder_column fusion-builder-column-7 fusion_builder_column_1_4 1_4 fusion-flex-column\" style=\"--awb-bg-blend:overlay;--awb-bg-size:cover;--awb-width-large:25%;--awb-margin-top-large:0px;--awb-spacing-right-large:7.68%;--awb-margin-bottom-large:30px;--awb-spacing-left-large:7.68%;--awb-width-medium:100%;--awb-spacing-right-medium:1.92%;--awb-spacing-left-medium:1.92%;--awb-width-small:100%;--awb-spacing-right-small:1.92%;--awb-spacing-left-small:1.92%;\"><div class=\"fusion-column-wrapper fusion-flex-justify-content-flex-start fusion-content-layout-column\"><div class=\"fusion-text fusion-text-14\"><h3><strong>Dr. Pablo Clavel Laria<\/strong><\/h3>\n<p><em>Neurocirujano<\/em><\/p>\n<\/div><div class=\"fusion-text fusion-text-15\"><p><strong>Formaci\u00f3n Acad\u00e9mica:<\/strong><\/p>\n<ul>\n<li>Licenciado en Medicina y Cirug\u00eda por la Universidad de Barcelona 1993.<\/li>\n<li>T\u00edtulo de especialista en Neurocirug\u00eda v\u00eda MIR.<\/li>\n<li>Director de Instituto Clavel (Cirug\u00eda No Invasiva de la Columna Vertebral)<\/li>\n<\/ul>\n<\/div><\/div><\/div><\/div><\/div><div class=\"fusion-fullwidth fullwidth-box fusion-builder-row-4 fusion-flex-container nonhundred-percent-fullwidth non-hundred-percent-height-scrolling\" style=\"--awb-border-radius-top-left:0px;--awb-border-radius-top-right:0px;--awb-border-radius-bottom-right:0px;--awb-border-radius-bottom-left:0px;--awb-margin-top:50px;--awb-margin-bottom:80px;--awb-flex-wrap:wrap;\" ><div class=\"fusion-builder-row fusion-row fusion-flex-align-items-flex-start fusion-flex-content-wrap\" style=\"max-width:1248px;margin-left: calc(-4% \/ 2 );margin-right: calc(-4% \/ 2 );\"><div class=\"fusion-layout-column fusion_builder_column fusion-builder-column-8 fusion_builder_column_1_1 1_1 fusion-flex-column\" style=\"--awb-bg-blend:overlay;--awb-bg-size:cover;--awb-width-large:100%;--awb-margin-top-large:0px;--awb-spacing-right-large:1.92%;--awb-margin-bottom-large:30px;--awb-spacing-left-large:1.92%;--awb-width-medium:100%;--awb-spacing-right-medium:1.92%;--awb-spacing-left-medium:1.92%;--awb-width-small:100%;--awb-spacing-right-small:1.92%;--awb-spacing-left-small:1.92%;\"><div class=\"fusion-column-wrapper fusion-flex-justify-content-flex-start fusion-content-layout-column\"><div class=\"fusion-title title fusion-title-3 fusion-sep-none fusion-title-center fusion-title-text fusion-title-size-two\" style=\"--awb-text-color:#444444;--awb-margin-bottom:20px;--awb-font-size:40px;\"><h2 class=\"fusion-title-heading title-heading-center fusion-responsive-typography-calculated\" style=\"margin:0;font-size:1em;--fontSize:40;line-height:1.25;\">ART\u00cdCULOS<\/h2><\/div><div class=\"fusion-separator fusion-full-width-sep\" style=\"align-self: center;margin-left: auto;margin-right: auto;margin-bottom:30px;width:100%;\"><\/div><div class=\"fusion-blog-shortcode fusion-blog-shortcode-1 fusion-blog-archive fusion-blog-layout-grid-wrapper fusion-blog-no\" style=\"--grid_separator_color:#3bafbf;\"><style type=\"text\/css\">.fusion-blog-shortcode-1 .fusion-blog-layout-grid .fusion-post-grid{padding:20px;}.fusion-blog-shortcode-1 .fusion-posts-container{margin-left: -20px !important; margin-right:-20px !important;}<\/style><div class=\"fusion-posts-container fusion-posts-container-no fusion-blog-rollover fusion-blog-layout-grid fusion-blog-layout-grid-3 isotope fusion-blog-layout-masonry\" data-pages=\"27\" data-grid-col-space=\"40\" style=\"margin: -20px -20px 0;min-height:500px;\"><article class=\"fusion-post-grid fusion-post-masonry post fusion-grid-sizer\"><\/article><article id=\"blog-1-post-3366\" class=\"fusion-post-masonry fusion-post-grid fusion-element-grid post-3366 post type-post status-publish format-standard has-post-thumbnail hentry category-covid-19 category-fibromialgia category-general category-noticias category-oncologia category-ozonoterapia-y-bienestar category-ozonoterapia-y-coronavirus category-pie-diabetico\">\n<div class=\"fusion-post-wrapper\" style=\"background-color:rgba(255,255,255,1);border:1px solid #ffffff;border-bottom-width:3px;\"><div  class=\"fusion-masonry-element-container fusion-image-wrapper\" style=\"background-image:url(https:\/\/www.ozono-terapia.com\/wp-content\/uploads\/2026\/03\/AH-2019-4-copia-2-scaled.jpg);padding-top:calc((100% + 38px) * 0.8 - 20px);\" aria-haspopup=\"true\">\n\t\t\t\t<img decoding=\"async\" width=\"2560\" height=\"1798\" src=\"https:\/\/www.ozono-terapia.com\/wp-content\/uploads\/2026\/03\/AH-2019-4-copia-2-scaled.jpg\" class=\"attachment-full size-full wp-post-image\" alt=\"\" srcset=\"https:\/\/www.ozono-terapia.com\/wp-content\/uploads\/2026\/03\/AH-2019-4-copia-2-200x141.jpg 200w, https:\/\/www.ozono-terapia.com\/wp-content\/uploads\/2026\/03\/AH-2019-4-copia-2-400x281.jpg 400w, https:\/\/www.ozono-terapia.com\/wp-content\/uploads\/2026\/03\/AH-2019-4-copia-2-600x422.jpg 600w, https:\/\/www.ozono-terapia.com\/wp-content\/uploads\/2026\/03\/AH-2019-4-copia-2-800x562.jpg 800w, https:\/\/www.ozono-terapia.com\/wp-content\/uploads\/2026\/03\/AH-2019-4-copia-2-1200x843.jpg 1200w, https:\/\/www.ozono-terapia.com\/wp-content\/uploads\/2026\/03\/AH-2019-4-copia-2-scaled.jpg 2560w\" sizes=\"(min-width: 2200px) 100vw, (min-width: 824px) 373px, (min-width: 732px) 560px, (min-width: 640px) 732px, \" \/><div class=\"fusion-rollover\">\n\t<div class=\"fusion-rollover-content\">\n\n\t\t\t\t\t\t\t\t\t\t\t\t\t\t<a class=\"fusion-rollover-link\" href=\"https:\/\/www.ozono-terapia.com\/ca\/ozonoterapia-como-ayuda-contra-la-inflamacion-cronica\/\">Ozonoterapia: \u00bfComo ayuda contra la Inflamaci\u00f3n Cr\u00f3nica?<\/a>\n\t\t\t\n\t\t\t\t\t\t\t\t\n\t\t\n\t\t\t\t\t\t\t\t\n\t\t\t\t\t\t\t\t\n\t\t\n\t\t\t\t\t\t<a class=\"fusion-link-wrapper\" href=\"https:\/\/www.ozono-terapia.com\/ca\/ozonoterapia-como-ayuda-contra-la-inflamacion-cronica\/\" aria-label=\"Ozonoterapia: \u00bfComo ayuda contra la Inflamaci\u00f3n Cr\u00f3nica?\"><\/a>\n\t<\/div>\n<\/div>\n<\/div>\n<div class=\"fusion-post-content-wrapper\" style=\"padding:30px 25px 20px 25px;background-color:rgba(255,255,255,1);\"><div class=\"fusion-post-content post-content\"><h2 class=\"blog-shortcode-post-title entry-title\"><a href=\"https:\/\/www.ozono-terapia.com\/ca\/ozonoterapia-como-ayuda-contra-la-inflamacion-cronica\/\">Ozonoterapia: \u00bfComo ayuda contra la Inflamaci\u00f3n Cr\u00f3nica?<\/a><\/h2><p class=\"fusion-single-line-meta\"><span class=\"vcard\" style=\"display: none;\"><span class=\"fn\"><a href=\"https:\/\/www.ozono-terapia.com\/ca\/author\/gloria\/\" title=\"Entrades de Institut Catal\u00e0 d&#039;Ozonoter\u00e0pia\" rel=\"author\">Institut Catal\u00e0 d'Ozonoter\u00e0pia<\/a><\/span><\/span><span class=\"updated\" style=\"display:none;\">2026-03-06T19:28:11+01:00<\/span><span>6 mar\u00e7, 2026<\/span><span class=\"fusion-inline-sep\">|<\/span><\/p><\/div><\/div><div class=\"fusion-clearfix\"><\/div><\/div>\n<\/article>\n<article id=\"blog-1-post-3360\" class=\"fusion-post-masonry fusion-post-grid fusion-element-grid post-3360 post type-post status-publish format-standard has-post-thumbnail hentry category-covid-19 category-fibromialgia category-general category-noticias category-ozonoterapia-y-bienestar category-ozonoterapia-y-coronavirus\">\n<div class=\"fusion-post-wrapper\" style=\"background-color:rgba(255,255,255,1);border:1px solid #ffffff;border-bottom-width:3px;\"><div  class=\"fusion-masonry-element-container fusion-image-wrapper\" style=\"background-image:url(https:\/\/www.ozono-terapia.com\/wp-content\/uploads\/2026\/02\/Mujer-cansada-Covid.png);padding-top:calc((100% + 38px) * 0.8 - 20px);\" aria-haspopup=\"true\">\n\t\t\t\t<img decoding=\"async\" width=\"1024\" height=\"1536\" src=\"https:\/\/www.ozono-terapia.com\/wp-content\/uploads\/2026\/02\/Mujer-cansada-Covid.png\" class=\"attachment-full size-full wp-post-image\" alt=\"\" srcset=\"https:\/\/www.ozono-terapia.com\/wp-content\/uploads\/2026\/02\/Mujer-cansada-Covid-200x300.png 200w, https:\/\/www.ozono-terapia.com\/wp-content\/uploads\/2026\/02\/Mujer-cansada-Covid-400x600.png 400w, https:\/\/www.ozono-terapia.com\/wp-content\/uploads\/2026\/02\/Mujer-cansada-Covid-600x900.png 600w, https:\/\/www.ozono-terapia.com\/wp-content\/uploads\/2026\/02\/Mujer-cansada-Covid-800x1200.png 800w, https:\/\/www.ozono-terapia.com\/wp-content\/uploads\/2026\/02\/Mujer-cansada-Covid.png 1024w\" sizes=\"(min-width: 2200px) 100vw, (min-width: 824px) 373px, (min-width: 732px) 560px, (min-width: 640px) 732px, \" \/><div class=\"fusion-rollover\">\n\t<div class=\"fusion-rollover-content\">\n\n\t\t\t\t\t\t\t\t\t\t\t\t\t\t<a class=\"fusion-rollover-link\" href=\"https:\/\/www.ozono-terapia.com\/ca\/ozonoterapia-una-via-hacia-la-recuperacion-en-el-covid-persistente\/\">Ozonoterapia: Una v\u00eda hacia la recuperaci\u00f3n en el COVID Persistente<\/a>\n\t\t\t\n\t\t\t\t\t\t\t\t\n\t\t\n\t\t\t\t\t\t\t\t\n\t\t\t\t\t\t\t\t\n\t\t\n\t\t\t\t\t\t<a class=\"fusion-link-wrapper\" href=\"https:\/\/www.ozono-terapia.com\/ca\/ozonoterapia-una-via-hacia-la-recuperacion-en-el-covid-persistente\/\" aria-label=\"Ozonoterapia: Una v\u00eda hacia la recuperaci\u00f3n en el COVID Persistente\"><\/a>\n\t<\/div>\n<\/div>\n<\/div>\n<div class=\"fusion-post-content-wrapper\" style=\"padding:30px 25px 20px 25px;background-color:rgba(255,255,255,1);\"><div class=\"fusion-post-content post-content\"><h2 class=\"blog-shortcode-post-title entry-title\"><a href=\"https:\/\/www.ozono-terapia.com\/ca\/ozonoterapia-una-via-hacia-la-recuperacion-en-el-covid-persistente\/\">Ozonoterapia: Una v\u00eda hacia la recuperaci\u00f3n en el COVID Persistente<\/a><\/h2><p class=\"fusion-single-line-meta\"><span class=\"vcard\" style=\"display: none;\"><span class=\"fn\"><a href=\"https:\/\/www.ozono-terapia.com\/ca\/author\/gloria\/\" title=\"Entrades de Institut Catal\u00e0 d&#039;Ozonoter\u00e0pia\" rel=\"author\">Institut Catal\u00e0 d'Ozonoter\u00e0pia<\/a><\/span><\/span><span class=\"updated\" style=\"display:none;\">2026-02-17T16:53:34+01:00<\/span><span>17 febrer, 2026<\/span><span class=\"fusion-inline-sep\">|<\/span><\/p><\/div><\/div><div class=\"fusion-clearfix\"><\/div><\/div>\n<\/article>\n<article id=\"blog-1-post-3349\" class=\"fusion-post-masonry fusion-post-grid fusion-element-grid post-3349 post type-post status-publish format-standard has-post-thumbnail hentry category-dolor-espalda category-estenosis-de-canal category-general category-hernia-discal category-noticias\">\n<div class=\"fusion-post-wrapper\" style=\"background-color:rgba(255,255,255,1);border:1px solid #ffffff;border-bottom-width:3px;\"><div  class=\"fusion-masonry-element-container fusion-image-wrapper\" style=\"background-image:url(https:\/\/www.ozono-terapia.com\/wp-content\/uploads\/2026\/02\/Estenosis-canal-2026.png);padding-top:calc((100% + 38px) * 0.8 - 20px);\" aria-haspopup=\"true\">\n\t\t\t\t<img decoding=\"async\" width=\"1024\" height=\"1536\" src=\"https:\/\/www.ozono-terapia.com\/wp-content\/uploads\/2026\/02\/Estenosis-canal-2026.png\" class=\"attachment-full size-full wp-post-image\" alt=\"\" srcset=\"https:\/\/www.ozono-terapia.com\/wp-content\/uploads\/2026\/02\/Estenosis-canal-2026-200x300.png 200w, https:\/\/www.ozono-terapia.com\/wp-content\/uploads\/2026\/02\/Estenosis-canal-2026-400x600.png 400w, https:\/\/www.ozono-terapia.com\/wp-content\/uploads\/2026\/02\/Estenosis-canal-2026-600x900.png 600w, https:\/\/www.ozono-terapia.com\/wp-content\/uploads\/2026\/02\/Estenosis-canal-2026-800x1200.png 800w, https:\/\/www.ozono-terapia.com\/wp-content\/uploads\/2026\/02\/Estenosis-canal-2026.png 1024w\" sizes=\"(min-width: 2200px) 100vw, (min-width: 824px) 373px, (min-width: 732px) 560px, (min-width: 640px) 732px, \" \/><div class=\"fusion-rollover\">\n\t<div class=\"fusion-rollover-content\">\n\n\t\t\t\t\t\t\t\t\t\t\t\t\t\t<a class=\"fusion-rollover-link\" href=\"https:\/\/www.ozono-terapia.com\/ca\/estenosis-de-canal-lumbar-como-puede-ayudar-la-ozonoterapia\/\">Estenosis de canal lumbar: c\u00f3mo puede ayudar la ozonoterapia<\/a>\n\t\t\t\n\t\t\t\t\t\t\t\t\n\t\t\n\t\t\t\t\t\t\t\t\n\t\t\t\t\t\t\t\t\n\t\t\n\t\t\t\t\t\t<a class=\"fusion-link-wrapper\" href=\"https:\/\/www.ozono-terapia.com\/ca\/estenosis-de-canal-lumbar-como-puede-ayudar-la-ozonoterapia\/\" aria-label=\"Estenosis de canal lumbar: c\u00f3mo puede ayudar la ozonoterapia\"><\/a>\n\t<\/div>\n<\/div>\n<\/div>\n<div class=\"fusion-post-content-wrapper\" style=\"padding:30px 25px 20px 25px;background-color:rgba(255,255,255,1);\"><div class=\"fusion-post-content post-content\"><h2 class=\"blog-shortcode-post-title entry-title\"><a href=\"https:\/\/www.ozono-terapia.com\/ca\/estenosis-de-canal-lumbar-como-puede-ayudar-la-ozonoterapia\/\">Estenosis de canal lumbar: c\u00f3mo puede ayudar la ozonoterapia<\/a><\/h2><p class=\"fusion-single-line-meta\"><span class=\"vcard\" style=\"display: none;\"><span class=\"fn\"><a href=\"https:\/\/www.ozono-terapia.com\/ca\/author\/gloria\/\" title=\"Entrades de Institut Catal\u00e0 d&#039;Ozonoter\u00e0pia\" rel=\"author\">Institut Catal\u00e0 d'Ozonoter\u00e0pia<\/a><\/span><\/span><span class=\"updated\" style=\"display:none;\">2026-02-02T16:10:19+01:00<\/span><span>2 febrer, 2026<\/span><span class=\"fusion-inline-sep\">|<\/span><\/p><\/div><\/div><div class=\"fusion-clearfix\"><\/div><\/div>\n<\/article>\n<div class=\"fusion-clearfix\"><\/div><\/div><\/div><\/div><\/div><\/div><\/div><\/p>\n","protected":false},"excerpt":{"rendered":"","protected":false},"author":1,"featured_media":0,"parent":0,"menu_order":0,"comment_status":"closed","ping_status":"closed","template":"100-width.php","meta":{"footnotes":""},"class_list":["post-3375","page","type-page","status-publish","hentry"],"yoast_head":"<!-- This site is optimized with the Yoast SEO plugin v27.4 - https:\/\/yoast.com\/product\/yoast-seo-wordpress\/ -->\n<title>Tratamiento covid persistente Barcelona - Institut Catal\u00e0 d&#039;Ozonoter\u00e0pia<\/title>\n<meta name=\"robots\" content=\"index, follow, max-snippet:-1, max-image-preview:large, max-video-preview:-1\" \/>\n<link rel=\"canonical\" href=\"https:\/\/www.ozono-terapia.com\/ca\/covid-persistente-o-long-covid\/\" \/>\n<meta property=\"og:locale\" content=\"ca_ES\" \/>\n<meta property=\"og:type\" content=\"article\" \/>\n<meta property=\"og:title\" content=\"Tratamiento covid persistente Barcelona - Institut Catal\u00e0 d&#039;Ozonoter\u00e0pia\" \/>\n<meta property=\"og:url\" content=\"https:\/\/www.ozono-terapia.com\/ca\/covid-persistente-o-long-covid\/\" \/>\n<meta property=\"og:site_name\" content=\"Institut Catal\u00e0 d&#039;Ozonoter\u00e0pia\" \/>\n<meta property=\"og:image\" content=\"https:\/\/www.ozono-terapia.com\/wp-content\/uploads\/2024\/02\/FM1-Claudia-copia.jpeg\" \/>\n<meta name=\"twitter:card\" content=\"summary_large_image\" \/>\n<meta name=\"twitter:label1\" content=\"Temps estimat de lectura\" \/>\n\t<meta name=\"twitter:data1\" content=\"14 minuts\" \/>\n<script type=\"application\/ld+json\" class=\"yoast-schema-graph\">{\"@context\":\"https:\\\/\\\/schema.org\",\"@graph\":[{\"@type\":\"WebPage\",\"@id\":\"https:\\\/\\\/www.ozono-terapia.com\\\/ca\\\/covid-persistente-o-long-covid\\\/\",\"url\":\"https:\\\/\\\/www.ozono-terapia.com\\\/ca\\\/covid-persistente-o-long-covid\\\/\",\"name\":\"Tratamiento covid persistente Barcelona - Institut Catal\u00e0 d&#039;Ozonoter\u00e0pia\",\"isPartOf\":{\"@id\":\"https:\\\/\\\/www.ozono-terapia.com\\\/#website\"},\"primaryImageOfPage\":{\"@id\":\"https:\\\/\\\/www.ozono-terapia.com\\\/ca\\\/covid-persistente-o-long-covid\\\/#primaryimage\"},\"image\":{\"@id\":\"https:\\\/\\\/www.ozono-terapia.com\\\/ca\\\/covid-persistente-o-long-covid\\\/#primaryimage\"},\"thumbnailUrl\":\"https:\\\/\\\/www.ozono-terapia.com\\\/wp-content\\\/uploads\\\/2024\\\/02\\\/FM1-Claudia-copia.jpeg\",\"datePublished\":\"2024-02-19T21:11:56+00:00\",\"breadcrumb\":{\"@id\":\"https:\\\/\\\/www.ozono-terapia.com\\\/ca\\\/covid-persistente-o-long-covid\\\/#breadcrumb\"},\"inLanguage\":\"ca\",\"potentialAction\":[{\"@type\":\"ReadAction\",\"target\":[\"https:\\\/\\\/www.ozono-terapia.com\\\/ca\\\/covid-persistente-o-long-covid\\\/\"]}]},{\"@type\":\"ImageObject\",\"inLanguage\":\"ca\",\"@id\":\"https:\\\/\\\/www.ozono-terapia.com\\\/ca\\\/covid-persistente-o-long-covid\\\/#primaryimage\",\"url\":\"https:\\\/\\\/www.ozono-terapia.com\\\/wp-content\\\/uploads\\\/2024\\\/02\\\/FM1-Claudia-copia.jpeg\",\"contentUrl\":\"https:\\\/\\\/www.ozono-terapia.com\\\/wp-content\\\/uploads\\\/2024\\\/02\\\/FM1-Claudia-copia.jpeg\"},{\"@type\":\"BreadcrumbList\",\"@id\":\"https:\\\/\\\/www.ozono-terapia.com\\\/ca\\\/covid-persistente-o-long-covid\\\/#breadcrumb\",\"itemListElement\":[{\"@type\":\"ListItem\",\"position\":1,\"name\":\"Home\",\"item\":\"https:\\\/\\\/www.ozono-terapia.com\\\/ca\\\/\"},{\"@type\":\"ListItem\",\"position\":2,\"name\":\"Tratamiento covid persistente Barcelona\"}]},{\"@type\":\"WebSite\",\"@id\":\"https:\\\/\\\/www.ozono-terapia.com\\\/#website\",\"url\":\"https:\\\/\\\/www.ozono-terapia.com\\\/\",\"name\":\"Institut Catal\u00e0 d&#039;Ozonoter\u00e0pia\",\"description\":\"\",\"publisher\":{\"@id\":\"https:\\\/\\\/www.ozono-terapia.com\\\/#organization\"},\"potentialAction\":[{\"@type\":\"SearchAction\",\"target\":{\"@type\":\"EntryPoint\",\"urlTemplate\":\"https:\\\/\\\/www.ozono-terapia.com\\\/?s={search_term_string}\"},\"query-input\":{\"@type\":\"PropertyValueSpecification\",\"valueRequired\":true,\"valueName\":\"search_term_string\"}}],\"inLanguage\":\"ca\"},{\"@type\":\"Organization\",\"@id\":\"https:\\\/\\\/www.ozono-terapia.com\\\/#organization\",\"name\":\"Institut Catal\u00e0 d&#039;Ozonoter\u00e0pia\",\"url\":\"https:\\\/\\\/www.ozono-terapia.com\\\/\",\"logo\":{\"@type\":\"ImageObject\",\"inLanguage\":\"ca\",\"@id\":\"https:\\\/\\\/www.ozono-terapia.com\\\/#\\\/schema\\\/logo\\\/image\\\/\",\"url\":\"https:\\\/\\\/www.ozono-terapia.com\\\/wp-content\\\/uploads\\\/2019\\\/02\\\/ozono_logo_2x.png\",\"contentUrl\":\"https:\\\/\\\/www.ozono-terapia.com\\\/wp-content\\\/uploads\\\/2019\\\/02\\\/ozono_logo_2x.png\",\"width\":572,\"height\":100,\"caption\":\"Institut Catal\u00e0 d&#039;Ozonoter\u00e0pia\"},\"image\":{\"@id\":\"https:\\\/\\\/www.ozono-terapia.com\\\/#\\\/schema\\\/logo\\\/image\\\/\"}}]}<\/script>\n<!-- \/ Yoast SEO plugin. -->","yoast_head_json":{"title":"Tratamiento covid persistente Barcelona - Institut Catal\u00e0 d&#039;Ozonoter\u00e0pia","robots":{"index":"index","follow":"follow","max-snippet":"max-snippet:-1","max-image-preview":"max-image-preview:large","max-video-preview":"max-video-preview:-1"},"canonical":"https:\/\/www.ozono-terapia.com\/ca\/covid-persistente-o-long-covid\/","og_locale":"ca_ES","og_type":"article","og_title":"Tratamiento covid persistente Barcelona - Institut Catal\u00e0 d&#039;Ozonoter\u00e0pia","og_url":"https:\/\/www.ozono-terapia.com\/ca\/covid-persistente-o-long-covid\/","og_site_name":"Institut Catal\u00e0 d&#039;Ozonoter\u00e0pia","og_image":[{"url":"https:\/\/www.ozono-terapia.com\/wp-content\/uploads\/2024\/02\/FM1-Claudia-copia.jpeg","type":"","width":"","height":""}],"twitter_card":"summary_large_image","twitter_misc":{"Temps estimat de lectura":"14 minuts"},"schema":{"@context":"https:\/\/schema.org","@graph":[{"@type":"WebPage","@id":"https:\/\/www.ozono-terapia.com\/ca\/covid-persistente-o-long-covid\/","url":"https:\/\/www.ozono-terapia.com\/ca\/covid-persistente-o-long-covid\/","name":"Tratamiento covid persistente Barcelona - Institut Catal\u00e0 d&#039;Ozonoter\u00e0pia","isPartOf":{"@id":"https:\/\/www.ozono-terapia.com\/#website"},"primaryImageOfPage":{"@id":"https:\/\/www.ozono-terapia.com\/ca\/covid-persistente-o-long-covid\/#primaryimage"},"image":{"@id":"https:\/\/www.ozono-terapia.com\/ca\/covid-persistente-o-long-covid\/#primaryimage"},"thumbnailUrl":"https:\/\/www.ozono-terapia.com\/wp-content\/uploads\/2024\/02\/FM1-Claudia-copia.jpeg","datePublished":"2024-02-19T21:11:56+00:00","breadcrumb":{"@id":"https:\/\/www.ozono-terapia.com\/ca\/covid-persistente-o-long-covid\/#breadcrumb"},"inLanguage":"ca","potentialAction":[{"@type":"ReadAction","target":["https:\/\/www.ozono-terapia.com\/ca\/covid-persistente-o-long-covid\/"]}]},{"@type":"ImageObject","inLanguage":"ca","@id":"https:\/\/www.ozono-terapia.com\/ca\/covid-persistente-o-long-covid\/#primaryimage","url":"https:\/\/www.ozono-terapia.com\/wp-content\/uploads\/2024\/02\/FM1-Claudia-copia.jpeg","contentUrl":"https:\/\/www.ozono-terapia.com\/wp-content\/uploads\/2024\/02\/FM1-Claudia-copia.jpeg"},{"@type":"BreadcrumbList","@id":"https:\/\/www.ozono-terapia.com\/ca\/covid-persistente-o-long-covid\/#breadcrumb","itemListElement":[{"@type":"ListItem","position":1,"name":"Home","item":"https:\/\/www.ozono-terapia.com\/ca\/"},{"@type":"ListItem","position":2,"name":"Tratamiento covid persistente Barcelona"}]},{"@type":"WebSite","@id":"https:\/\/www.ozono-terapia.com\/#website","url":"https:\/\/www.ozono-terapia.com\/","name":"Institut Catal\u00e0 d&#039;Ozonoter\u00e0pia","description":"","publisher":{"@id":"https:\/\/www.ozono-terapia.com\/#organization"},"potentialAction":[{"@type":"SearchAction","target":{"@type":"EntryPoint","urlTemplate":"https:\/\/www.ozono-terapia.com\/?s={search_term_string}"},"query-input":{"@type":"PropertyValueSpecification","valueRequired":true,"valueName":"search_term_string"}}],"inLanguage":"ca"},{"@type":"Organization","@id":"https:\/\/www.ozono-terapia.com\/#organization","name":"Institut Catal\u00e0 d&#039;Ozonoter\u00e0pia","url":"https:\/\/www.ozono-terapia.com\/","logo":{"@type":"ImageObject","inLanguage":"ca","@id":"https:\/\/www.ozono-terapia.com\/#\/schema\/logo\/image\/","url":"https:\/\/www.ozono-terapia.com\/wp-content\/uploads\/2019\/02\/ozono_logo_2x.png","contentUrl":"https:\/\/www.ozono-terapia.com\/wp-content\/uploads\/2019\/02\/ozono_logo_2x.png","width":572,"height":100,"caption":"Institut Catal\u00e0 d&#039;Ozonoter\u00e0pia"},"image":{"@id":"https:\/\/www.ozono-terapia.com\/#\/schema\/logo\/image\/"}}]}},"_links":{"self":[{"href":"https:\/\/www.ozono-terapia.com\/ca\/wp-json\/wp\/v2\/pages\/3375","targetHints":{"allow":["GET"]}}],"collection":[{"href":"https:\/\/www.ozono-terapia.com\/ca\/wp-json\/wp\/v2\/pages"}],"about":[{"href":"https:\/\/www.ozono-terapia.com\/ca\/wp-json\/wp\/v2\/types\/page"}],"author":[{"embeddable":true,"href":"https:\/\/www.ozono-terapia.com\/ca\/wp-json\/wp\/v2\/users\/1"}],"replies":[{"embeddable":true,"href":"https:\/\/www.ozono-terapia.com\/ca\/wp-json\/wp\/v2\/comments?post=3375"}],"version-history":[{"count":0,"href":"https:\/\/www.ozono-terapia.com\/ca\/wp-json\/wp\/v2\/pages\/3375\/revisions"}],"wp:attachment":[{"href":"https:\/\/www.ozono-terapia.com\/ca\/wp-json\/wp\/v2\/media?parent=3375"}],"curies":[{"name":"wp","href":"https:\/\/api.w.org\/{rel}","templated":true}]}}