{"id":1631,"date":"2019-05-05T22:48:14","date_gmt":"2019-05-05T20:48:14","guid":{"rendered":"http:\/\/ozono-terapia.com\/secuelas-poliomielitis\/"},"modified":"2022-06-13T12:44:06","modified_gmt":"2022-06-13T10:44:06","slug":"sequeles-de-poliomielitis","status":"publish","type":"page","link":"https:\/\/www.ozono-terapia.com\/ca\/sequeles-de-poliomielitis\/","title":{"rendered":"Seq\u00fceles de poliomielitis"},"content":{"rendered":"<p><div class=\"fusion-fullwidth fullwidth-box fusion-builder-row-1 fusion-parallax-none nonhundred-percent-fullwidth non-hundred-percent-height-scrolling\" style=\"--awb-background-blend-mode:overlay;--awb-border-radius-top-left:0px;--awb-border-radius-top-right:0px;--awb-border-radius-bottom-right:0px;--awb-border-radius-bottom-left:0px;--awb-padding-top:200px;--awb-padding-bottom:200px;--awb-background-color:rgba(0,0,0,0.3);--awb-background-image:url(&quot;http:\/\/ozono-terapia.com\/wp-content\/uploads\/2019\/05\/ev4.jpg&quot;);--awb-background-size:cover;--awb-flex-wrap:wrap;\" ><div class=\"fusion-builder-row fusion-row\"><div class=\"fusion-layout-column fusion_builder_column fusion-builder-column-0 fusion_builder_column_1_1 1_1 fusion-one-full fusion-column-first fusion-column-last\" style=\"--awb-bg-size:cover;\"><div class=\"fusion-column-wrapper fusion-flex-column-wrapper-legacy\"><div class=\"fusion-title title fusion-title-1 fusion-sep-none fusion-title-center fusion-title-text fusion-title-size-one\" style=\"--awb-text-color:#ffffff;\"><h1 class=\"fusion-title-heading title-heading-center fusion-responsive-typography-calculated\" style=\"margin:0;--fontSize:80;line-height:1;\"><p data-fontsize=\"22\" data-lineheight=\"33\">Seq\u00fceles de poliomielitis<\/p><\/h1><\/div><div class=\"fusion-clearfix\"><\/div><\/div><\/div><\/div><\/div><div class=\"fusion-fullwidth fullwidth-box fusion-builder-row-2 nonhundred-percent-fullwidth non-hundred-percent-height-scrolling\" style=\"--awb-border-radius-top-left:0px;--awb-border-radius-top-right:0px;--awb-border-radius-bottom-right:0px;--awb-border-radius-bottom-left:0px;--awb-margin-top:70px;--awb-flex-wrap:wrap;\" ><div class=\"fusion-builder-row fusion-row\"><div class=\"fusion-layout-column fusion_builder_column fusion-builder-column-1 fusion_builder_column_1_2 1_2 fusion-one-half fusion-column-first\" style=\"--awb-bg-size:cover;width:50%;width:calc(50% - ( ( 4% ) * 0.5 ) );margin-right: 4%;\"><div class=\"fusion-column-wrapper fusion-flex-column-wrapper-legacy\"><div class=\"fusion-text fusion-text-1\"><h3><strong>Ozonoterapia en secuelas poliomielitis<\/strong><\/h3>\n<p>L\u00b4ozonoter\u00e0pia intrarticular gr\u00e0cies a la seva acci\u00f3 analg\u00e8sica i antiinflamat\u00f2ria obt\u00e9 bons resultats en el tractament dels problemes osteoarticulars que presenten de manera molt freq\u00fcent les persones que han patit infecci\u00f3 pel virus de la polio.<\/p>\n<p><img decoding=\"async\" class=\"size-large wp-image-1315 alignleft\" src=\"http:\/\/ozono-terapia.com\/wp-content\/uploads\/2019\/05\/administracion-poliomielitis.jpg\" alt=\"\" width=\"315\" height=\"259\" srcset=\"https:\/\/www.ozono-terapia.com\/wp-content\/uploads\/2019\/05\/administracion-poliomielitis-200x164.jpg 200w, https:\/\/www.ozono-terapia.com\/wp-content\/uploads\/2019\/05\/administracion-poliomielitis-300x247.jpg 300w, https:\/\/www.ozono-terapia.com\/wp-content\/uploads\/2019\/05\/administracion-poliomielitis.jpg 315w\" sizes=\"(max-width: 315px) 100vw, 315px\" \/><\/p>\n<p>Una de les articulacions m\u00e9s afectades \u00e9s la del genoll produint dolor i inestabilitat en la marxa. L\u00b4edat de presentaci\u00f3 d\u00b4aquests s\u00edmptomes sol ser inferior al de la poblaci\u00f3 en general, podent-se iniciar abans dels 50 anys.<\/p>\n<p>L\u00b4administraci\u00f3 d\u00b4oz\u00f3\/ox\u00edgen a nivell intrarticular aconsegueix una disminuci\u00f3 del dolor des de les primeres sessions de tractament permeten la disminuci\u00f3 progressiva de medicaments i f\u00e0rmacs analg\u00e8sics i antiinfalamatoris. Els tractaments es realitzen de manera ambulat\u00f2ria un cop a la setmana i estan exemptes d\u00b4efectes secundaris. El nombre se sessions \u00e9s de 5. Aquesta forma de ter\u00e0pia no necessita realitzar rep\u00f3s despr\u00e9s del tractament.<\/p>\n<p>En el cas del mal d\u00b4esquena (especialment a la part baixa de la mateixa, lumb\u00e0lgies) per deformitats del tipus escoliosi, per alteracions posturals, dismetries (una cama m\u00e9s llarga que l\u00b4altra), l\u00b4ozonoter\u00e0pia, aplicada a nivell de la musculatura paravertebral en forma d\u00b4infiltracions, poden ser de gran ajuda amb el control del dolor d\u00b4aquests pacients.<\/p>\n<p>El tractament es realitza tamb\u00e9 de manera ambulat\u00f2ria, un o dos cops per setmana i no t\u00e9 complicacions ni efectes secundaris.<\/p>\n<p>Altres dolors que poden ser tributaris al tractament amb oz\u00f3 s\u00f3n: dolor a l\u00b4espatlla i regi\u00f3 cervical per l\u00b4\u00fas de bastons i crosses.<\/p>\n<\/div><div class=\"fusion-clearfix\"><\/div><\/div><\/div><div class=\"fusion-layout-column fusion_builder_column fusion-builder-column-2 fusion_builder_column_1_2 1_2 fusion-one-half fusion-column-last\" style=\"--awb-bg-size:cover;width:50%;width:calc(50% - ( ( 4% ) * 0.5 ) );\"><div class=\"fusion-column-wrapper fusion-flex-column-wrapper-legacy\"><div class=\"fusion-text fusion-text-2\"><div class=\"page-header\">\n<h3><strong>Qu\u00e8 s\u00f3n seq\u00fceles poliomielitis<\/strong><\/h3>\n<\/div>\n<div>\n<p><img decoding=\"async\" class=\"alignright\" title=\"Que es secuelas poliomielitis\" src=\"http:\/\/www.ozono-terapia.com\/images\/imagenes\/que-es-poliomielitis.jpg\" alt=\"que es poliomielitis\" \/><\/p>\n<p>La poliomielitis, p\u00f2lio o paral\u00edsi infantil \u00e9s una malatia molt greu i molt contagiosa que afecta al sistema nervi\u00f3s podent produir par\u00e0lisi generalment de les cames o incl\u00fas la mort per par\u00e0lisi dels m\u00fasculs respiratoris.<\/p>\n<p>Als anys 60 va haver una important epid\u00e8mia de poliomelitis a Espanya que va afectar a milers de nens, que ara arribada la cinquantena pateixen diverses seq\u00fceles d\u00b4aquesta patologia.<\/p>\n<p>A m\u00e9s se sap que, d\u00e8cades despr\u00e9s de la infecci\u00f3 pel virus de la polio, aquests pacients poden desenvolupar el que es coneix com a s\u00edndrome post-polio, caracteritzat per debilitat muscular progressiva, fatiga, alteracions de la son, baixa toler\u00e0ncia al fred, etc.<\/p>\n<p>Per\u00f2 el que s\u00ed que \u00e9s evident \u00e9s que quasi tots i amb l\u00b4edat desenvoluparan artr\u00e0lgies (dolors articulars) i artromi\u00e0lgies (dolors musculars). De fet, molts pacients presenten dolors molt invalidants en les articulacions sotmeses a sobreesfor\u00e7os importants. Per exemple, la persona que t\u00e9 una afectaci\u00f3 greu d\u00b4una cama i que despr\u00e9s de diverses intervencions quir\u00fargiques i usos de tutor i aparells ortop\u00e8dics ha sotm\u00e8s a l\u00b4altra cama a una important sobrec\u00e0rrega, provocar\u00e0 a la llarga un desgast d\u00b4aquesta articulaci\u00f3, en aquest cas la del genoll, en forma d\u00b4artrosi preco\u00e7. Aquesta artrosi t\u00e9 pitjors conseq\u00fc\u00e8ncies en una persona amb seq\u00fceles de poliomielitis que en la poblaci\u00f3 general perque suposa una patologia afegida i molt severa sobre la cama que est\u00e0 fent de suport i que permet la deambulaci\u00f3 del pacient.<\/p>\n<p>Les lumb\u00e0lgies, dors\u00e0lgies i cervic\u00e0lgies s\u00f3n tamb\u00e9 molt freq\u00fcents en persones que han patit polio, i estan causades tant per alteracions posturals, dismetries (una cama m\u00e9s llarga que l\u00b4altra) com per artrosi i discopaties.<\/p>\n<p>L\u00b4ozonoter\u00e0pia intrarticular, gr\u00e0cies a la seva acci\u00f3 analg\u00e8sica i antiinfamat\u00f2ria, obt\u00e9 bons resultats en aquest tipus de pacients. La disminuci\u00f3 del dolor s\u00b4estableix des de les primeres sessions de tractament, havent-se establert una mitjana de 5 sessions per obtenir una millora significativa.<\/p>\n<p>Els tractaments es realitzen de manera ambulat\u00f2ria un cop per setmana. Un avantage important d\u00b4aquesta forma de ter\u00e0pia \u00e9s que est\u00e0 exempta d\u00b4efectes secundaris i complicacions, podent realitzar-se tantes vegades com el metge ho consideri oport\u00fa.<\/p>\n<p>En el cas de les lumb\u00e0lgies les infiltracions d\u00b4oz\u00f3 a nivell de la musculatura paravertebral poden ser de gran ajuda en el control del dolor en aquests pacients, aconseguint una disminuci\u00f3 del consum d\u00b4analg\u00e8sics i antiinflamatoris i una millora important en la seva qualitat de vida.<\/p>\n<p>Per edat, actualment les persones que van presentar infecci\u00f3 pel virus de la polio t\u00e9nen entre 55 i 65 anys, molts d\u00b4aquests pacients poden beneficiar-se tamb\u00e9 del tractament\u00a0<strong>Plasma Ric en Factors de Creixement Ozonitzat<\/strong>.<\/p>\n<\/div>\n<\/div><div class=\"fusion-clearfix\"><\/div><\/div><\/div><\/div><\/div><div class=\"fusion-fullwidth fullwidth-box fusion-builder-row-3 nonhundred-percent-fullwidth non-hundred-percent-height-scrolling\" style=\"--awb-border-sizes-top:0px;--awb-border-sizes-bottom:0px;--awb-border-sizes-left:0px;--awb-border-sizes-right:0px;--awb-border-radius-top-left:0px;--awb-border-radius-top-right:0px;--awb-border-radius-bottom-right:0px;--awb-border-radius-bottom-left:0px;--awb-padding-top:30px;--awb-padding-bottom:30px;--awb-background-color:#f9f9f9;--awb-flex-wrap:wrap;\" ><div class=\"fusion-builder-row fusion-row\"><div class=\"fusion-layout-column fusion_builder_column fusion-builder-column-3 fusion_builder_column_1_1 1_1 fusion-one-full fusion-column-first fusion-column-last\" style=\"--awb-bg-size:cover;\"><div class=\"fusion-column-wrapper fusion-flex-column-wrapper-legacy\"><div class=\"fusion-title title fusion-title-2 fusion-sep-none fusion-title-center fusion-title-text fusion-title-size-two\" style=\"--awb-text-color:#444444;--awb-margin-bottom:20px;--awb-font-size:40px;\"><h2 class=\"fusion-title-heading title-heading-center fusion-responsive-typography-calculated\" style=\"margin:0;font-size:1em;--fontSize:40;line-height:1.25;\">ELS NOSTRES ESPECIALISTES<\/h2><\/div><div class=\"fusion-clearfix\"><\/div><\/div><\/div><div class=\"fusion-layout-column fusion_builder_column fusion-builder-column-4 fusion_builder_column_1_4 1_4 fusion-one-fourth fusion-column-first\" style=\"--awb-bg-size:cover;width:22%; margin-right: 4%;\"><div class=\"fusion-column-wrapper fusion-flex-column-wrapper-legacy\"><div class=\"fusion-image-element in-legacy-container\" style=\"--awb-caption-title-font-family:var(--h2_typography-font-family);--awb-caption-title-font-weight:var(--h2_typography-font-weight);--awb-caption-title-font-style:var(--h2_typography-font-style);--awb-caption-title-size:var(--h2_typography-font-size);--awb-caption-title-transform:var(--h2_typography-text-transform);--awb-caption-title-line-height:var(--h2_typography-line-height);--awb-caption-title-letter-spacing:var(--h2_typography-letter-spacing);\"><span class=\" fusion-imageframe imageframe-none imageframe-1 hover-type-none\"><a class=\"fusion-no-lightbox\" href=\"\/ca\/equip\/dra-gloria-rovira-duplaa\/\" target=\"_self\"><img decoding=\"async\" width=\"800\" height=\"1102\" src=\"https:\/\/www.ozono-terapia.com\/wp-content\/uploads\/2022\/06\/gloria.jpg\" alt class=\"img-responsive wp-image-2701\" srcset=\"https:\/\/www.ozono-terapia.com\/wp-content\/uploads\/2022\/06\/gloria-200x276.jpg 200w, https:\/\/www.ozono-terapia.com\/wp-content\/uploads\/2022\/06\/gloria-400x551.jpg 400w, https:\/\/www.ozono-terapia.com\/wp-content\/uploads\/2022\/06\/gloria-600x827.jpg 600w, https:\/\/www.ozono-terapia.com\/wp-content\/uploads\/2022\/06\/gloria.jpg 800w\" sizes=\"(max-width: 800px) 100vw, 400px\" \/><\/a><\/span><\/div><div class=\"fusion-clearfix\"><\/div><\/div><\/div><div class=\"fusion-layout-column fusion_builder_column fusion-builder-column-5 fusion_builder_column_1_4 1_4 fusion-one-fourth\" style=\"--awb-bg-size:cover;width:22%; margin-right: 4%;\"><div class=\"fusion-column-wrapper fusion-flex-column-wrapper-legacy\"><div class=\"fusion-text fusion-text-3\"><h3><strong>Dra. Gloria Rovira Dupl\u00e1a<\/strong><\/h3>\n<p><em>Jefe de la Unidad de Ozonoterapia desde 1987<\/em><\/p>\n<\/div><div class=\"fusion-text fusion-text-4\"><p><strong>Formaci\u00f3n Acad\u00e9mica:<\/strong><\/p>\n<ul>\n<li>Internado Rotatorio en el Beth Israel Medical Center de Newark (EEUU).<\/li>\n<li>Licenciada en Medicina y Cirug\u00eda por la Universidad Aut\u00f3noma de Barcelona.<\/li>\n<li>Doctorada en Medicina por la Medizinische Hochschule Hannover (Alemania).<\/li>\n<\/ul>\n<\/div><div class=\"fusion-clearfix\"><\/div><\/div><\/div><div class=\"fusion-layout-column fusion_builder_column fusion-builder-column-6 fusion_builder_column_1_4 1_4 fusion-one-fourth\" style=\"--awb-bg-size:cover;width:22%; margin-right: 4%;\"><div class=\"fusion-column-wrapper fusion-flex-column-wrapper-legacy\"><div class=\"fusion-image-element in-legacy-container\" style=\"--awb-caption-title-font-family:var(--h2_typography-font-family);--awb-caption-title-font-weight:var(--h2_typography-font-weight);--awb-caption-title-font-style:var(--h2_typography-font-style);--awb-caption-title-size:var(--h2_typography-font-size);--awb-caption-title-transform:var(--h2_typography-text-transform);--awb-caption-title-line-height:var(--h2_typography-line-height);--awb-caption-title-letter-spacing:var(--h2_typography-letter-spacing);\"><span class=\" fusion-imageframe imageframe-none imageframe-2 hover-type-none\"><a class=\"fusion-no-lightbox\" href=\"\/ca\/equip\/dra-montserrat-gonzalez-palomares\/\" target=\"_self\" aria-label=\"IMG_6431-6\"><img decoding=\"async\" width=\"871\" height=\"1200\" src=\"http:\/\/ozono-terapia.com\/wp-content\/uploads\/2019\/04\/IMG_6431-6.jpg\" alt class=\"img-responsive wp-image-1662\" srcset=\"https:\/\/www.ozono-terapia.com\/wp-content\/uploads\/2019\/04\/IMG_6431-6-200x276.jpg 200w, https:\/\/www.ozono-terapia.com\/wp-content\/uploads\/2019\/04\/IMG_6431-6-400x551.jpg 400w, https:\/\/www.ozono-terapia.com\/wp-content\/uploads\/2019\/04\/IMG_6431-6-600x827.jpg 600w, https:\/\/www.ozono-terapia.com\/wp-content\/uploads\/2019\/04\/IMG_6431-6-800x1102.jpg 800w, https:\/\/www.ozono-terapia.com\/wp-content\/uploads\/2019\/04\/IMG_6431-6.jpg 871w\" sizes=\"(max-width: 800px) 100vw, 400px\" \/><\/a><\/span><\/div><div class=\"fusion-clearfix\"><\/div><\/div><\/div><div class=\"fusion-layout-column fusion_builder_column fusion-builder-column-7 fusion_builder_column_1_4 1_4 fusion-one-fourth fusion-column-last\" style=\"--awb-bg-size:cover;width:22%;\"><div class=\"fusion-column-wrapper fusion-flex-column-wrapper-legacy\"><div class=\"fusion-text fusion-text-5\"><h3><strong>Dra Gonzalez<\/strong><\/h3>\n<p><em>Medicines Complement\u00e0ries<\/em><\/p>\n<\/div><div class=\"fusion-text fusion-text-6\"><p><strong>Formaci\u00f3 Acad\u00e8mica:<\/strong><\/p>\n<ul>\n<li>Llicenciada en Medicina i Cirurgia per la Universitat Aut\u00f2noma de Barcelona<\/li>\n<li>Diploma de Acupuntura Tradicional. Asociaci\u00f3n Espa\u00f1ola para la Ense\u00f1anza de la Acupuntura Tradicional y Asociaci\u00f3n M\u00e9dica de Acupuntura y Estimuloterapia (Barcelona)<\/li>\n<li>Diploma de Terap\u00e8utica Homeop\u00e0tica. Centre d\u2019Etudes et Documentation en Homeopatie (Paris)<\/li>\n<\/ul>\n<\/div><div class=\"fusion-clearfix\"><\/div><\/div><\/div><\/div><\/div><\/p>\n","protected":false},"excerpt":{"rendered":"","protected":false},"author":1,"featured_media":0,"parent":0,"menu_order":0,"comment_status":"closed","ping_status":"closed","template":"100-width.php","meta":{"footnotes":""},"class_list":["post-1631","page","type-page","status-publish","hentry"],"yoast_head":"<!-- This site is optimized with the Yoast SEO plugin v27.4 - https:\/\/yoast.com\/product\/yoast-seo-wordpress\/ -->\n<title>Seq\u00fceles de poliomielitis - Institut Catal\u00e0 d&#039;Ozonoter\u00e0pia<\/title>\n<meta name=\"robots\" content=\"index, follow, max-snippet:-1, max-image-preview:large, max-video-preview:-1\" \/>\n<link rel=\"canonical\" href=\"https:\/\/www.ozono-terapia.com\/ca\/sequeles-de-poliomielitis\/\" \/>\n<meta property=\"og:locale\" content=\"ca_ES\" \/>\n<meta property=\"og:type\" content=\"article\" \/>\n<meta property=\"og:title\" content=\"Seq\u00fceles de poliomielitis - Institut Catal\u00e0 d&#039;Ozonoter\u00e0pia\" \/>\n<meta property=\"og:url\" content=\"https:\/\/www.ozono-terapia.com\/ca\/sequeles-de-poliomielitis\/\" \/>\n<meta property=\"og:site_name\" content=\"Institut Catal\u00e0 d&#039;Ozonoter\u00e0pia\" \/>\n<meta property=\"article:modified_time\" content=\"2022-06-13T10:44:06+00:00\" \/>\n<meta property=\"og:image\" content=\"http:\/\/ozono-terapia.com\/wp-content\/uploads\/2019\/05\/administracion-poliomielitis.jpg\" \/>\n<meta name=\"twitter:card\" content=\"summary_large_image\" \/>\n<meta name=\"twitter:label1\" content=\"Temps estimat de lectura\" \/>\n\t<meta name=\"twitter:data1\" content=\"7 minuts\" \/>\n<script type=\"application\/ld+json\" class=\"yoast-schema-graph\">{\"@context\":\"https:\\\/\\\/schema.org\",\"@graph\":[{\"@type\":\"WebPage\",\"@id\":\"https:\\\/\\\/www.ozono-terapia.com\\\/ca\\\/sequeles-de-poliomielitis\\\/\",\"url\":\"https:\\\/\\\/www.ozono-terapia.com\\\/ca\\\/sequeles-de-poliomielitis\\\/\",\"name\":\"Seq\u00fceles de poliomielitis - Institut Catal\u00e0 d&#039;Ozonoter\u00e0pia\",\"isPartOf\":{\"@id\":\"https:\\\/\\\/www.ozono-terapia.com\\\/#website\"},\"primaryImageOfPage\":{\"@id\":\"https:\\\/\\\/www.ozono-terapia.com\\\/ca\\\/sequeles-de-poliomielitis\\\/#primaryimage\"},\"image\":{\"@id\":\"https:\\\/\\\/www.ozono-terapia.com\\\/ca\\\/sequeles-de-poliomielitis\\\/#primaryimage\"},\"thumbnailUrl\":\"http:\\\/\\\/ozono-terapia.com\\\/wp-content\\\/uploads\\\/2019\\\/05\\\/administracion-poliomielitis.jpg\",\"datePublished\":\"2019-05-05T20:48:14+00:00\",\"dateModified\":\"2022-06-13T10:44:06+00:00\",\"breadcrumb\":{\"@id\":\"https:\\\/\\\/www.ozono-terapia.com\\\/ca\\\/sequeles-de-poliomielitis\\\/#breadcrumb\"},\"inLanguage\":\"ca\",\"potentialAction\":[{\"@type\":\"ReadAction\",\"target\":[\"https:\\\/\\\/www.ozono-terapia.com\\\/ca\\\/sequeles-de-poliomielitis\\\/\"]}]},{\"@type\":\"ImageObject\",\"inLanguage\":\"ca\",\"@id\":\"https:\\\/\\\/www.ozono-terapia.com\\\/ca\\\/sequeles-de-poliomielitis\\\/#primaryimage\",\"url\":\"http:\\\/\\\/ozono-terapia.com\\\/wp-content\\\/uploads\\\/2019\\\/05\\\/administracion-poliomielitis.jpg\",\"contentUrl\":\"http:\\\/\\\/ozono-terapia.com\\\/wp-content\\\/uploads\\\/2019\\\/05\\\/administracion-poliomielitis.jpg\"},{\"@type\":\"BreadcrumbList\",\"@id\":\"https:\\\/\\\/www.ozono-terapia.com\\\/ca\\\/sequeles-de-poliomielitis\\\/#breadcrumb\",\"itemListElement\":[{\"@type\":\"ListItem\",\"position\":1,\"name\":\"Home\",\"item\":\"https:\\\/\\\/www.ozono-terapia.com\\\/ca\\\/\"},{\"@type\":\"ListItem\",\"position\":2,\"name\":\"Seq\u00fceles de poliomielitis\"}]},{\"@type\":\"WebSite\",\"@id\":\"https:\\\/\\\/www.ozono-terapia.com\\\/#website\",\"url\":\"https:\\\/\\\/www.ozono-terapia.com\\\/\",\"name\":\"Institut Catal\u00e0 d&#039;Ozonoter\u00e0pia\",\"description\":\"\",\"publisher\":{\"@id\":\"https:\\\/\\\/www.ozono-terapia.com\\\/#organization\"},\"potentialAction\":[{\"@type\":\"SearchAction\",\"target\":{\"@type\":\"EntryPoint\",\"urlTemplate\":\"https:\\\/\\\/www.ozono-terapia.com\\\/?s={search_term_string}\"},\"query-input\":{\"@type\":\"PropertyValueSpecification\",\"valueRequired\":true,\"valueName\":\"search_term_string\"}}],\"inLanguage\":\"ca\"},{\"@type\":\"Organization\",\"@id\":\"https:\\\/\\\/www.ozono-terapia.com\\\/#organization\",\"name\":\"Institut Catal\u00e0 d&#039;Ozonoter\u00e0pia\",\"url\":\"https:\\\/\\\/www.ozono-terapia.com\\\/\",\"logo\":{\"@type\":\"ImageObject\",\"inLanguage\":\"ca\",\"@id\":\"https:\\\/\\\/www.ozono-terapia.com\\\/#\\\/schema\\\/logo\\\/image\\\/\",\"url\":\"https:\\\/\\\/www.ozono-terapia.com\\\/wp-content\\\/uploads\\\/2019\\\/02\\\/ozono_logo_2x.png\",\"contentUrl\":\"https:\\\/\\\/www.ozono-terapia.com\\\/wp-content\\\/uploads\\\/2019\\\/02\\\/ozono_logo_2x.png\",\"width\":572,\"height\":100,\"caption\":\"Institut Catal\u00e0 d&#039;Ozonoter\u00e0pia\"},\"image\":{\"@id\":\"https:\\\/\\\/www.ozono-terapia.com\\\/#\\\/schema\\\/logo\\\/image\\\/\"}}]}<\/script>\n<!-- \/ Yoast SEO plugin. -->","yoast_head_json":{"title":"Seq\u00fceles de poliomielitis - Institut Catal\u00e0 d&#039;Ozonoter\u00e0pia","robots":{"index":"index","follow":"follow","max-snippet":"max-snippet:-1","max-image-preview":"max-image-preview:large","max-video-preview":"max-video-preview:-1"},"canonical":"https:\/\/www.ozono-terapia.com\/ca\/sequeles-de-poliomielitis\/","og_locale":"ca_ES","og_type":"article","og_title":"Seq\u00fceles de poliomielitis - Institut Catal\u00e0 d&#039;Ozonoter\u00e0pia","og_url":"https:\/\/www.ozono-terapia.com\/ca\/sequeles-de-poliomielitis\/","og_site_name":"Institut Catal\u00e0 d&#039;Ozonoter\u00e0pia","article_modified_time":"2022-06-13T10:44:06+00:00","og_image":[{"url":"http:\/\/ozono-terapia.com\/wp-content\/uploads\/2019\/05\/administracion-poliomielitis.jpg","type":"","width":"","height":""}],"twitter_card":"summary_large_image","twitter_misc":{"Temps estimat de lectura":"7 minuts"},"schema":{"@context":"https:\/\/schema.org","@graph":[{"@type":"WebPage","@id":"https:\/\/www.ozono-terapia.com\/ca\/sequeles-de-poliomielitis\/","url":"https:\/\/www.ozono-terapia.com\/ca\/sequeles-de-poliomielitis\/","name":"Seq\u00fceles de poliomielitis - Institut Catal\u00e0 d&#039;Ozonoter\u00e0pia","isPartOf":{"@id":"https:\/\/www.ozono-terapia.com\/#website"},"primaryImageOfPage":{"@id":"https:\/\/www.ozono-terapia.com\/ca\/sequeles-de-poliomielitis\/#primaryimage"},"image":{"@id":"https:\/\/www.ozono-terapia.com\/ca\/sequeles-de-poliomielitis\/#primaryimage"},"thumbnailUrl":"http:\/\/ozono-terapia.com\/wp-content\/uploads\/2019\/05\/administracion-poliomielitis.jpg","datePublished":"2019-05-05T20:48:14+00:00","dateModified":"2022-06-13T10:44:06+00:00","breadcrumb":{"@id":"https:\/\/www.ozono-terapia.com\/ca\/sequeles-de-poliomielitis\/#breadcrumb"},"inLanguage":"ca","potentialAction":[{"@type":"ReadAction","target":["https:\/\/www.ozono-terapia.com\/ca\/sequeles-de-poliomielitis\/"]}]},{"@type":"ImageObject","inLanguage":"ca","@id":"https:\/\/www.ozono-terapia.com\/ca\/sequeles-de-poliomielitis\/#primaryimage","url":"http:\/\/ozono-terapia.com\/wp-content\/uploads\/2019\/05\/administracion-poliomielitis.jpg","contentUrl":"http:\/\/ozono-terapia.com\/wp-content\/uploads\/2019\/05\/administracion-poliomielitis.jpg"},{"@type":"BreadcrumbList","@id":"https:\/\/www.ozono-terapia.com\/ca\/sequeles-de-poliomielitis\/#breadcrumb","itemListElement":[{"@type":"ListItem","position":1,"name":"Home","item":"https:\/\/www.ozono-terapia.com\/ca\/"},{"@type":"ListItem","position":2,"name":"Seq\u00fceles de poliomielitis"}]},{"@type":"WebSite","@id":"https:\/\/www.ozono-terapia.com\/#website","url":"https:\/\/www.ozono-terapia.com\/","name":"Institut Catal\u00e0 d&#039;Ozonoter\u00e0pia","description":"","publisher":{"@id":"https:\/\/www.ozono-terapia.com\/#organization"},"potentialAction":[{"@type":"SearchAction","target":{"@type":"EntryPoint","urlTemplate":"https:\/\/www.ozono-terapia.com\/?s={search_term_string}"},"query-input":{"@type":"PropertyValueSpecification","valueRequired":true,"valueName":"search_term_string"}}],"inLanguage":"ca"},{"@type":"Organization","@id":"https:\/\/www.ozono-terapia.com\/#organization","name":"Institut Catal\u00e0 d&#039;Ozonoter\u00e0pia","url":"https:\/\/www.ozono-terapia.com\/","logo":{"@type":"ImageObject","inLanguage":"ca","@id":"https:\/\/www.ozono-terapia.com\/#\/schema\/logo\/image\/","url":"https:\/\/www.ozono-terapia.com\/wp-content\/uploads\/2019\/02\/ozono_logo_2x.png","contentUrl":"https:\/\/www.ozono-terapia.com\/wp-content\/uploads\/2019\/02\/ozono_logo_2x.png","width":572,"height":100,"caption":"Institut Catal\u00e0 d&#039;Ozonoter\u00e0pia"},"image":{"@id":"https:\/\/www.ozono-terapia.com\/#\/schema\/logo\/image\/"}}]}},"_links":{"self":[{"href":"https:\/\/www.ozono-terapia.com\/ca\/wp-json\/wp\/v2\/pages\/1631","targetHints":{"allow":["GET"]}}],"collection":[{"href":"https:\/\/www.ozono-terapia.com\/ca\/wp-json\/wp\/v2\/pages"}],"about":[{"href":"https:\/\/www.ozono-terapia.com\/ca\/wp-json\/wp\/v2\/types\/page"}],"author":[{"embeddable":true,"href":"https:\/\/www.ozono-terapia.com\/ca\/wp-json\/wp\/v2\/users\/1"}],"replies":[{"embeddable":true,"href":"https:\/\/www.ozono-terapia.com\/ca\/wp-json\/wp\/v2\/comments?post=1631"}],"version-history":[{"count":0,"href":"https:\/\/www.ozono-terapia.com\/ca\/wp-json\/wp\/v2\/pages\/1631\/revisions"}],"wp:attachment":[{"href":"https:\/\/www.ozono-terapia.com\/ca\/wp-json\/wp\/v2\/media?parent=1631"}],"curies":[{"name":"wp","href":"https:\/\/api.w.org\/{rel}","templated":true}]}}