{"id":1629,"date":"2019-05-05T23:14:25","date_gmt":"2019-05-05T21:14:25","guid":{"rendered":"http:\/\/ozono-terapia.com\/plasma-rico-en-factores-crecimiento\/"},"modified":"2022-06-13T12:45:02","modified_gmt":"2022-06-13T10:45:02","slug":"plasma-ric-en-factors-de-creixement","status":"publish","type":"page","link":"https:\/\/www.ozono-terapia.com\/ca\/plasma-ric-en-factors-de-creixement\/","title":{"rendered":"Plasma ric en factors de creixement"},"content":{"rendered":"<p><div class=\"fusion-fullwidth fullwidth-box fusion-builder-row-1 fusion-parallax-none nonhundred-percent-fullwidth non-hundred-percent-height-scrolling\" style=\"--awb-background-blend-mode:overlay;--awb-border-radius-top-left:0px;--awb-border-radius-top-right:0px;--awb-border-radius-bottom-right:0px;--awb-border-radius-bottom-left:0px;--awb-padding-top:200px;--awb-padding-bottom:200px;--awb-background-color:rgba(0,0,0,0.3);--awb-background-image:url(&quot;http:\/\/ozono-terapia.com\/wp-content\/uploads\/2019\/05\/ev1.jpg&quot;);--awb-background-size:cover;--awb-flex-wrap:wrap;\" ><div class=\"fusion-builder-row fusion-row\"><div class=\"fusion-layout-column fusion_builder_column fusion-builder-column-0 fusion_builder_column_1_1 1_1 fusion-one-full fusion-column-first fusion-column-last\" style=\"--awb-bg-size:cover;\"><div class=\"fusion-column-wrapper fusion-flex-column-wrapper-legacy\"><div class=\"fusion-title title fusion-title-1 fusion-sep-none fusion-title-center fusion-title-text fusion-title-size-one\" style=\"--awb-text-color:#ffffff;\"><h1 class=\"fusion-title-heading title-heading-center fusion-responsive-typography-calculated\" style=\"margin:0;--fontSize:80;line-height:1;\">Plasma ric en factors de creixement<\/h1><\/div><div class=\"fusion-clearfix\"><\/div><\/div><\/div><\/div><\/div><div class=\"fusion-fullwidth fullwidth-box fusion-builder-row-2 nonhundred-percent-fullwidth non-hundred-percent-height-scrolling\" style=\"--awb-border-radius-top-left:0px;--awb-border-radius-top-right:0px;--awb-border-radius-bottom-right:0px;--awb-border-radius-bottom-left:0px;--awb-margin-top:70px;--awb-flex-wrap:wrap;\" ><div class=\"fusion-builder-row fusion-row\"><div class=\"fusion-layout-column fusion_builder_column fusion-builder-column-1 fusion_builder_column_1_2 1_2 fusion-one-half fusion-column-first\" style=\"--awb-bg-size:cover;width:50%;width:calc(50% - ( ( 4% ) * 0.5 ) );margin-right: 4%;\"><div class=\"fusion-column-wrapper fusion-flex-column-wrapper-legacy\"><div class=\"fusion-text fusion-text-1\"><div class=\"page-header\">\n<div class=\"page-header\">\n<div class=\"page-header\">\n<div class=\"page-header\">\n<div class=\"page-header\">\n<div class=\"page-header\">\n<h3><strong>Plasma ric en factors de creixement<\/strong><\/h3>\n<\/div>\n<div class=\"entry-header\" style=\"text-align: left;\">La t\u00e8cnica per a la obtenci\u00f3 de plasma ric en factors de creixement ozonificat es basa en l\u00b4extracci\u00f3 d\u00b4una petita quantitat de sang (aprox. 20 cc.) la qual s\u00b4ozonifica per potenciar la seva activaci\u00f3, i a trav\u00e9s d\u00b4un proc\u00e9s de centrifugaci\u00f3 controlat, es separen els components sanguinis procedint a l\u00b4obtenci\u00f3 de la fracci\u00f3 del plasma m\u00e9s ric en factors de creixement que despr\u00e9s de la seva activaci\u00f3 ser\u00e0 injectat a nivell intraarticular en el cas, per exemple, de les artrosi.<\/div>\n<div>\n<p><img decoding=\"async\" class=\" wp-image-1346 alignleft\" src=\"http:\/\/ozono-terapia.com\/wp-content\/uploads\/2019\/05\/administracion-factores-crecimiento.jpg\" alt=\"\" width=\"317\" height=\"270\" srcset=\"https:\/\/www.ozono-terapia.com\/wp-content\/uploads\/2019\/05\/administracion-factores-crecimiento-200x170.jpg 200w, https:\/\/www.ozono-terapia.com\/wp-content\/uploads\/2019\/05\/administracion-factores-crecimiento-300x255.jpg 300w, https:\/\/www.ozono-terapia.com\/wp-content\/uploads\/2019\/05\/administracion-factores-crecimiento-400x341.jpg 400w, https:\/\/www.ozono-terapia.com\/wp-content\/uploads\/2019\/05\/administracion-factores-crecimiento.jpg 451w\" sizes=\"(max-width: 317px) 100vw, 317px\" \/><\/p>\n<p align=\"justify\">Una de les principals caracter\u00edstiques d\u00b4aquesta forma de tractament \u00e9s que al obtenir-se el preparat a partir de la pr\u00f2pia sang no pot haver al.l\u00e8rgies ni rebutjos ,sent a m\u00e9s compatible amb altres tractaments (\u00e0cid Hialur\u00f2nic, Ozonoter\u00e0pia, etc).<\/p>\n<p align=\"justify\">A l\u00b4Institut Catal\u00e0 d\u00b4Ozonoter\u00e0pia utilitzem els equips homologats ORTHO PRAS (equips est\u00e8rils i d\u00b4un sol \u00fas) per a l\u00b4obtenci\u00f3 as\u00e8ptica de concentrats de components plasm\u00e0tics separats a trav\u00e9s de centifugaci\u00f3 dieferencial. Cada unitat disposa d\u00b4una etiqueta amb nombre de lot i refer\u00e8ncia que s\u00b4adjunta al full de tractament del pacient per asegurar un total control d\u00b4esterilitat i tra\u00e7abilitat.<\/p>\n<p align=\"justify\"><strong>PRGF I LESIONS EN GENOLL<\/strong><\/p>\n<p align=\"justify\">Quan el desgast articular estigui en una fase incipient o mitj\u00e0, el tractament a trav\u00e9s d\u00b4infiltracions de Plasma Ric en Factors de Creixement pot ser una ter\u00e0pia a tenir en compte. En els casos d\u00b4artrosi de genoll o cadera el nombre de sessions a realitzar \u00e9s de 3 amb intervals de 2 setmanes. No \u00e9s un tractament dolor\u00f3s ni molest per al pacient.<\/p>\n<p align=\"justify\">Aquesta forma de ter\u00e0pia suposa un avan\u00e7 en el tractament dels problemes degeneratius del genoll i cadera en pacients que no vulguin o no puguin ser sotmesos a cirurgia i en tots aquells casos de pacients amb artrosi incipient que vulguin frenar la seva evoluci\u00f3 a una artrosi m\u00e9s greu.<\/p>\n<p align=\"justify\"><strong>REJOVENIMENT FACIAL I PLASMA RIC EN FACTORS DE CREIXEMENT<\/strong><\/p>\n<p align=\"justify\">Aquesta ter\u00e0pia consisteix en l\u00b4aplicaci\u00f3 de Plasma Ric en Factors de Creixement (PRGF) a les zones de la cara que vulguem tractar.<\/p>\n<p align=\"justify\">L\u00b4administraci\u00f3 intrad\u00e8rmica del plasma ric en plaquetes o plasma ric en factors de creixement, actua com un est\u00edmul en la formaci\u00f3 de col\u00e0gen tipus I, aconseguint-se canvis cl\u00ednics notables sobre la pell:<\/p>\n<ul>\n<li>Augmenta el gruix de la pell<\/li>\n<li>Millora l\u00b4elasticitat de la pell<\/li>\n<li>Millora la vascularitzaci\u00f3 d\u00e8rmica<\/li>\n<li>Millora la finor i vitalitat cut\u00e0nia<\/li>\n<\/ul>\n<p align=\"justify\">La t\u00e8cnica per a l\u00b4obtenci\u00f3 de plasma ric en factors de creixement es basa en l\u00b4extracci\u00f3 d\u00b4una petita quantitat de sang , i a trav\u00e9s d\u00b4un proc\u00e9s de centrifugaci\u00f3 controlat, es separen els components sanguinis, procedint a l\u00b4obtenci\u00f3 de la fracci\u00f3 del plasma m\u00e9s ric en factors de creixement que despr\u00e9s de la seva activaci\u00f3 ser\u00e0 aplicat a la pell de la cara, coll i escot, estimulant d\u00b4aquesta manera la regeneraci\u00f3 dels teixits.<\/p>\n<p align=\"justify\">Aquesta t\u00e8cnica est\u00e0 indicada per a totes aquelles persones, homes o dones, que desitgin mitigar els efectes del pas del temps, millorant i recuperant un aspecte m\u00e9s jove i llumin\u00f3s de la pell.<\/p>\n<p align=\"justify\">El nombre habitual de sessions \u00e9s de 3, depenen en cada cas del grau d\u00b4envelliment cutani.<\/p>\n<p align=\"justify\">Abans de realitzar el tractament i despr\u00e9s d\u00b4una correcta neteja i desinfecci\u00f3 de la zona a tractar, utilitzarem una crema amb propietats anest\u00e8siques per disminuir al m\u00e0xim les mol\u00e8sties derivades de l\u00b4aplicaci\u00f3 del PRGF.<\/p>\n<p align=\"justify\">Despr\u00e9s de l\u00b4administraci\u00f3 a trav\u00e9s de microinjeccions amb agulles molt fines del Plasma Ric en Factors de Creixement s\u00b4aplica una mascareta amb aigua ozonificada que proporcionar\u00e0 una agradable sensaci\u00f3 de benestar i ajudar\u00e0 a disminuir la petita inflamaci\u00f3 que de manera natural apareix despr\u00e9s de l\u00b4administraci\u00f3 de PRGF. A continuaci\u00f3 i com si fos un s\u00e8rum, s\u00b4aplica el plasma \u201cpobre\u201d en PRGF que h\u00e0gim descartat per a la seva infiltraci\u00f3 que utilitzant-lo com a mascareta, pels seus efectes esctimuladors sobre el fibroblast d\u00e8rmic, aportar\u00e0 un \u201cplus\u201d de lluminositat a la cara.<\/p>\n<p align=\"justify\">Els efectes solen ser visibles despr\u00e9s de la primera aplicaci\u00f3 i s\u00f3n acumulatius.<\/p>\n<p align=\"justify\">El tractament est\u00e0 especialment pensat per totes aquelles persones que vulguin retardar els efectes de l\u00b4edat sense introduir cap element estrany en el seu organisme. El PRGF obtingut a partir de la seva pr\u00f2pia sang els ajudar\u00e0 a mantenir una pell jove durant m\u00e9s temps.<\/p>\n<\/div>\n<\/div>\n<\/div>\n<\/div>\n<\/div>\n<\/div>\n<\/div><div class=\"fusion-clearfix\"><\/div><\/div><\/div><div class=\"fusion-layout-column fusion_builder_column fusion-builder-column-2 fusion_builder_column_1_2 1_2 fusion-one-half fusion-column-last\" style=\"--awb-bg-size:cover;width:50%;width:calc(50% - ( ( 4% ) * 0.5 ) );\"><div class=\"fusion-column-wrapper fusion-flex-column-wrapper-legacy\"><div class=\"fusion-text fusion-text-2\"><div class=\"page-header\">\n<div class=\"page-header\">\n<div class=\"page-header\">\n<h3 style=\"text-align: left;\"><strong>Qu\u00e8 \u00e9s plasma ric en factors de creixement?<\/strong><\/h3>\n<\/div>\n<div>\n<p style=\"text-align: left;\" align=\"justify\"><img decoding=\"async\" class=\" wp-image-1347 alignright\" src=\"http:\/\/ozono-terapia.com\/wp-content\/uploads\/2019\/05\/que-es-factores-crecimiento.jpg\" alt=\"\" width=\"337\" height=\"342\" srcset=\"https:\/\/www.ozono-terapia.com\/wp-content\/uploads\/2019\/05\/que-es-factores-crecimiento-66x66.jpg 66w, https:\/\/www.ozono-terapia.com\/wp-content\/uploads\/2019\/05\/que-es-factores-crecimiento-200x203.jpg 200w, https:\/\/www.ozono-terapia.com\/wp-content\/uploads\/2019\/05\/que-es-factores-crecimiento-295x300.jpg 295w, https:\/\/www.ozono-terapia.com\/wp-content\/uploads\/2019\/05\/que-es-factores-crecimiento-400x406.jpg 400w, https:\/\/www.ozono-terapia.com\/wp-content\/uploads\/2019\/05\/que-es-factores-crecimiento.jpg 523w\" sizes=\"(max-width: 337px) 100vw, 337px\" \/><\/p>\n<p align=\"justify\">El tractament amb Plasma Ric en Plaquetes i per tant Ric en Factors de Creixement derivats de les plaquetes o PRFG (Plasma Rich in Growth Factors), \u00e9s una t\u00e8cnica que consisteix en a\u00efllar del plasma sanguini les prote\u00efnes responsables de les cicatritzacions de les ferides i de la regeneraci\u00f3 dels teixits. Forma part per tant del que coneixem com a Medicina Regenerativa.<\/p>\n<p align=\"justify\">Avui en dia sabem que elevades concentracions de determinats components sanguinis poden actuar sobre el proc\u00e9s regeneratiu de teixits tous i \u00f2ssos. De fet, des de finals dels anys 90, els concentrats de plaquetes s\u00b4estan fent servir per accelerar el proc\u00e9s de cicatritzaci\u00f3 de teixits. S\u00b4ha observat que les plaquetes contenen grans quantitats de factors de creixement.<\/p>\n<p align=\"justify\">Els factors de creixement s\u00f3n unes prote\u00efnes solubles contingudes a les plaquetes encarregades de transmetre senyals a les c\u00e8l.lules perque aquestes comencin a formar nou teixit.<\/p>\n<p align=\"justify\">Una de les indicacions m\u00e9s importants d\u00b4aquesta t\u00e8cnica \u00e9s l\u00b4artrosi de genoll i tamb\u00e9 la condropatia de l\u00b4esportista amb limitaci\u00f3 de les seves activitats esportives. L\u00b4artrosi de cadera \u00e9s una altra de les indicacions d\u00b4aquesta forma de ter\u00e0pia aix\u00ed com els desgasts o fissures del cart\u00edlag articular, de meniscos, en tendinitis i pot ser tamb\u00e9 de gran ajut en els retards de cicatritzaci\u00f3 ja siguin post-quir\u00fargics o post-traum\u00e0tics o en llagues de qualsevol etiologia.<\/p>\n<p align=\"justify\">Aquesta t\u00e8cnica est\u00e0 cobrant especial rellev\u00e0ncia en el camp del rejoveniment facial ja que amb la seva administraci\u00f3 intrad\u00e8rmica s\u00b4acosnegueix un aspecte m\u00e9s jove de la pell al mitigar i suavitzar les arrugues, augmentar el grossor de la pell i millorar la seva finor.<\/p>\n<\/div>\n<\/div>\n<\/div>\n<\/div><div class=\"fusion-clearfix\"><\/div><\/div><\/div><\/div><\/div><div class=\"fusion-fullwidth fullwidth-box fusion-builder-row-3 nonhundred-percent-fullwidth non-hundred-percent-height-scrolling\" style=\"--awb-border-sizes-top:0px;--awb-border-sizes-bottom:0px;--awb-border-sizes-left:0px;--awb-border-sizes-right:0px;--awb-border-radius-top-left:0px;--awb-border-radius-top-right:0px;--awb-border-radius-bottom-right:0px;--awb-border-radius-bottom-left:0px;--awb-padding-top:30px;--awb-padding-bottom:30px;--awb-background-color:#f9f9f9;--awb-flex-wrap:wrap;\" ><div class=\"fusion-builder-row fusion-row\"><div class=\"fusion-layout-column fusion_builder_column fusion-builder-column-3 fusion_builder_column_1_1 1_1 fusion-one-full fusion-column-first fusion-column-last\" style=\"--awb-bg-size:cover;\"><div class=\"fusion-column-wrapper fusion-flex-column-wrapper-legacy\"><div class=\"fusion-title title fusion-title-2 fusion-sep-none fusion-title-center fusion-title-text fusion-title-size-two\" style=\"--awb-text-color:#444444;--awb-margin-bottom:20px;--awb-font-size:40px;\"><h2 class=\"fusion-title-heading title-heading-center fusion-responsive-typography-calculated\" style=\"margin:0;font-size:1em;--fontSize:40;line-height:1.25;\">ELS NOSTRES ESPECIALISTES<\/h2><\/div><div class=\"fusion-clearfix\"><\/div><\/div><\/div><div class=\"fusion-layout-column fusion_builder_column fusion-builder-column-4 fusion_builder_column_1_6 1_6 fusion-one-sixth fusion-column-first\" style=\"--awb-bg-size:cover;width:13.3333%; margin-right: 4%;\"><div class=\"fusion-column-wrapper fusion-flex-column-wrapper-legacy\"><div class=\"fusion-image-element in-legacy-container\" style=\"--awb-caption-title-font-family:var(--h2_typography-font-family);--awb-caption-title-font-weight:var(--h2_typography-font-weight);--awb-caption-title-font-style:var(--h2_typography-font-style);--awb-caption-title-size:var(--h2_typography-font-size);--awb-caption-title-transform:var(--h2_typography-text-transform);--awb-caption-title-line-height:var(--h2_typography-line-height);--awb-caption-title-letter-spacing:var(--h2_typography-letter-spacing);\"><span class=\" fusion-imageframe imageframe-none imageframe-1 hover-type-none\"><a class=\"fusion-no-lightbox\" href=\"\/ca\/equip\/dra-gloria-rovira-duplaa\/\" target=\"_self\"><img decoding=\"async\" width=\"800\" height=\"1102\" src=\"https:\/\/www.ozono-terapia.com\/wp-content\/uploads\/2022\/06\/gloria.jpg\" alt class=\"img-responsive wp-image-2701\" srcset=\"https:\/\/www.ozono-terapia.com\/wp-content\/uploads\/2022\/06\/gloria-200x276.jpg 200w, https:\/\/www.ozono-terapia.com\/wp-content\/uploads\/2022\/06\/gloria-400x551.jpg 400w, https:\/\/www.ozono-terapia.com\/wp-content\/uploads\/2022\/06\/gloria-600x827.jpg 600w, https:\/\/www.ozono-terapia.com\/wp-content\/uploads\/2022\/06\/gloria.jpg 800w\" sizes=\"(max-width: 800px) 100vw, 200px\" \/><\/a><\/span><\/div><div class=\"fusion-clearfix\"><\/div><\/div><\/div><div class=\"fusion-layout-column fusion_builder_column fusion-builder-column-5 fusion_builder_column_1_6 1_6 fusion-one-sixth\" style=\"--awb-bg-size:cover;width:13.3333%; margin-right: 4%;\"><div class=\"fusion-column-wrapper fusion-flex-column-wrapper-legacy\"><div class=\"fusion-text fusion-text-3\"><h3><strong>Dra. Gloria Rovira Dupl\u00e1a<\/strong><\/h3>\n<p><em>Jefe de la Unidad de Ozonoterapia desde 1987<\/em><\/p>\n<\/div><div class=\"fusion-clearfix\"><\/div><\/div><\/div><div class=\"fusion-layout-column fusion_builder_column fusion-builder-column-6 fusion_builder_column_1_6 1_6 fusion-one-sixth\" style=\"--awb-bg-size:cover;width:13.3333%; margin-right: 4%;\"><div class=\"fusion-column-wrapper fusion-flex-column-wrapper-legacy\"><div class=\"fusion-image-element fusion-image-align-center in-legacy-container\" style=\"text-align:center;--awb-caption-title-font-family:var(--h2_typography-font-family);--awb-caption-title-font-weight:var(--h2_typography-font-weight);--awb-caption-title-font-style:var(--h2_typography-font-style);--awb-caption-title-size:var(--h2_typography-font-size);--awb-caption-title-transform:var(--h2_typography-text-transform);--awb-caption-title-line-height:var(--h2_typography-line-height);--awb-caption-title-letter-spacing:var(--h2_typography-letter-spacing);\"><div class=\"imageframe-align-center\"><span class=\" fusion-imageframe imageframe-none imageframe-2 hover-type-none\"><a class=\"fusion-no-lightbox\" href=\"\/ca\/equip\/dra-montserrat-gonzalez-palomares\/\" target=\"_self\" aria-label=\"IMG_6431-6\"><img decoding=\"async\" width=\"871\" height=\"1200\" src=\"http:\/\/ozono-terapia.com\/wp-content\/uploads\/2019\/04\/IMG_6431-6.jpg\" alt class=\"img-responsive wp-image-1662\" srcset=\"https:\/\/www.ozono-terapia.com\/wp-content\/uploads\/2019\/04\/IMG_6431-6-200x276.jpg 200w, https:\/\/www.ozono-terapia.com\/wp-content\/uploads\/2019\/04\/IMG_6431-6-400x551.jpg 400w, https:\/\/www.ozono-terapia.com\/wp-content\/uploads\/2019\/04\/IMG_6431-6-600x827.jpg 600w, https:\/\/www.ozono-terapia.com\/wp-content\/uploads\/2019\/04\/IMG_6431-6-800x1102.jpg 800w, https:\/\/www.ozono-terapia.com\/wp-content\/uploads\/2019\/04\/IMG_6431-6.jpg 871w\" sizes=\"(max-width: 800px) 100vw, 200px\" \/><\/a><\/span><\/div><\/div><div class=\"fusion-clearfix\"><\/div><\/div><\/div><div class=\"fusion-layout-column fusion_builder_column fusion-builder-column-7 fusion_builder_column_1_6 1_6 fusion-one-sixth\" style=\"--awb-bg-size:cover;width:13.3333%; margin-right: 4%;\"><div class=\"fusion-column-wrapper fusion-flex-column-wrapper-legacy\"><div class=\"fusion-text fusion-text-4\"><h3><strong>Dra. Montserrat Gonzalez Palomares<\/strong><\/h3>\n<p><em>Medicines Complement\u00e0ries<\/em><\/p>\n<\/div><div class=\"fusion-clearfix\"><\/div><\/div><\/div><div class=\"fusion-layout-column fusion_builder_column fusion-builder-column-8 fusion_builder_column_1_6 1_6 fusion-one-sixth\" style=\"--awb-bg-size:cover;width:13.3333%; margin-right: 4%;\"><div class=\"fusion-column-wrapper fusion-flex-column-wrapper-legacy\"><div class=\"fusion-image-element fusion-image-align-center in-legacy-container\" style=\"text-align:center;--awb-caption-title-font-family:var(--h2_typography-font-family);--awb-caption-title-font-weight:var(--h2_typography-font-weight);--awb-caption-title-font-style:var(--h2_typography-font-style);--awb-caption-title-size:var(--h2_typography-font-size);--awb-caption-title-transform:var(--h2_typography-text-transform);--awb-caption-title-line-height:var(--h2_typography-line-height);--awb-caption-title-letter-spacing:var(--h2_typography-letter-spacing);\"><div class=\"imageframe-align-center\"><span class=\" fusion-imageframe imageframe-none imageframe-3 hover-type-none\"><a class=\"fusion-no-lightbox\" href=\"\/ca\/equip\/dr-daniel-samper-bernal\/\" target=\"_self\" aria-label=\"IMG_6431-7\"><img decoding=\"async\" width=\"871\" height=\"1200\" src=\"http:\/\/ozono-terapia.com\/wp-content\/uploads\/2019\/04\/IMG_6431-7.jpg\" alt class=\"img-responsive wp-image-1661\" srcset=\"https:\/\/www.ozono-terapia.com\/wp-content\/uploads\/2019\/04\/IMG_6431-7-200x276.jpg 200w, https:\/\/www.ozono-terapia.com\/wp-content\/uploads\/2019\/04\/IMG_6431-7-400x551.jpg 400w, https:\/\/www.ozono-terapia.com\/wp-content\/uploads\/2019\/04\/IMG_6431-7-600x827.jpg 600w, https:\/\/www.ozono-terapia.com\/wp-content\/uploads\/2019\/04\/IMG_6431-7-800x1102.jpg 800w, https:\/\/www.ozono-terapia.com\/wp-content\/uploads\/2019\/04\/IMG_6431-7.jpg 871w\" sizes=\"(max-width: 800px) 100vw, 200px\" \/><\/a><\/span><\/div><\/div><div class=\"fusion-clearfix\"><\/div><\/div><\/div><div class=\"fusion-layout-column fusion_builder_column fusion-builder-column-9 fusion_builder_column_1_6 1_6 fusion-one-sixth fusion-column-last\" style=\"--awb-bg-size:cover;width:13.3333%;\"><div class=\"fusion-column-wrapper fusion-flex-column-wrapper-legacy\"><div class=\"fusion-text fusion-text-5\"><h3><strong>Dr. Daniel Samper Bernal<\/strong><\/h3>\n<p><em>Especialista en dolor<\/em><\/p>\n<\/div><div class=\"fusion-clearfix\"><\/div><\/div><\/div><\/div><\/div><\/p>\n","protected":false},"excerpt":{"rendered":"","protected":false},"author":1,"featured_media":0,"parent":0,"menu_order":0,"comment_status":"closed","ping_status":"closed","template":"100-width.php","meta":{"footnotes":""},"class_list":["post-1629","page","type-page","status-publish","hentry"],"yoast_head":"<!-- This site is optimized with the Yoast SEO plugin v27.4 - https:\/\/yoast.com\/product\/yoast-seo-wordpress\/ -->\n<title>Plasma ric en factors de creixement - Institut Catal\u00e0 d&#039;Ozonoter\u00e0pia<\/title>\n<meta name=\"robots\" content=\"index, follow, max-snippet:-1, max-image-preview:large, max-video-preview:-1\" \/>\n<link rel=\"canonical\" href=\"https:\/\/www.ozono-terapia.com\/ca\/plasma-ric-en-factors-de-creixement\/\" \/>\n<meta property=\"og:locale\" content=\"ca_ES\" \/>\n<meta property=\"og:type\" content=\"article\" \/>\n<meta property=\"og:title\" content=\"Plasma ric en factors de creixement - Institut Catal\u00e0 d&#039;Ozonoter\u00e0pia\" \/>\n<meta property=\"og:url\" content=\"https:\/\/www.ozono-terapia.com\/ca\/plasma-ric-en-factors-de-creixement\/\" \/>\n<meta property=\"og:site_name\" content=\"Institut Catal\u00e0 d&#039;Ozonoter\u00e0pia\" \/>\n<meta property=\"article:modified_time\" content=\"2022-06-13T10:45:02+00:00\" \/>\n<meta property=\"og:image\" content=\"http:\/\/ozono-terapia.com\/wp-content\/uploads\/2019\/05\/administracion-factores-crecimiento.jpg\" \/>\n<meta name=\"twitter:card\" content=\"summary_large_image\" \/>\n<meta name=\"twitter:label1\" content=\"Temps estimat de lectura\" \/>\n\t<meta name=\"twitter:data1\" content=\"14 minuts\" \/>\n<script type=\"application\/ld+json\" class=\"yoast-schema-graph\">{\"@context\":\"https:\\\/\\\/schema.org\",\"@graph\":[{\"@type\":\"WebPage\",\"@id\":\"https:\\\/\\\/www.ozono-terapia.com\\\/ca\\\/plasma-ric-en-factors-de-creixement\\\/\",\"url\":\"https:\\\/\\\/www.ozono-terapia.com\\\/ca\\\/plasma-ric-en-factors-de-creixement\\\/\",\"name\":\"Plasma ric en factors de creixement - Institut Catal\u00e0 d&#039;Ozonoter\u00e0pia\",\"isPartOf\":{\"@id\":\"https:\\\/\\\/www.ozono-terapia.com\\\/#website\"},\"primaryImageOfPage\":{\"@id\":\"https:\\\/\\\/www.ozono-terapia.com\\\/ca\\\/plasma-ric-en-factors-de-creixement\\\/#primaryimage\"},\"image\":{\"@id\":\"https:\\\/\\\/www.ozono-terapia.com\\\/ca\\\/plasma-ric-en-factors-de-creixement\\\/#primaryimage\"},\"thumbnailUrl\":\"http:\\\/\\\/ozono-terapia.com\\\/wp-content\\\/uploads\\\/2019\\\/05\\\/administracion-factores-crecimiento.jpg\",\"datePublished\":\"2019-05-05T21:14:25+00:00\",\"dateModified\":\"2022-06-13T10:45:02+00:00\",\"breadcrumb\":{\"@id\":\"https:\\\/\\\/www.ozono-terapia.com\\\/ca\\\/plasma-ric-en-factors-de-creixement\\\/#breadcrumb\"},\"inLanguage\":\"ca\",\"potentialAction\":[{\"@type\":\"ReadAction\",\"target\":[\"https:\\\/\\\/www.ozono-terapia.com\\\/ca\\\/plasma-ric-en-factors-de-creixement\\\/\"]}]},{\"@type\":\"ImageObject\",\"inLanguage\":\"ca\",\"@id\":\"https:\\\/\\\/www.ozono-terapia.com\\\/ca\\\/plasma-ric-en-factors-de-creixement\\\/#primaryimage\",\"url\":\"http:\\\/\\\/ozono-terapia.com\\\/wp-content\\\/uploads\\\/2019\\\/05\\\/administracion-factores-crecimiento.jpg\",\"contentUrl\":\"http:\\\/\\\/ozono-terapia.com\\\/wp-content\\\/uploads\\\/2019\\\/05\\\/administracion-factores-crecimiento.jpg\"},{\"@type\":\"BreadcrumbList\",\"@id\":\"https:\\\/\\\/www.ozono-terapia.com\\\/ca\\\/plasma-ric-en-factors-de-creixement\\\/#breadcrumb\",\"itemListElement\":[{\"@type\":\"ListItem\",\"position\":1,\"name\":\"Home\",\"item\":\"https:\\\/\\\/www.ozono-terapia.com\\\/ca\\\/\"},{\"@type\":\"ListItem\",\"position\":2,\"name\":\"Plasma ric en factors de creixement\"}]},{\"@type\":\"WebSite\",\"@id\":\"https:\\\/\\\/www.ozono-terapia.com\\\/#website\",\"url\":\"https:\\\/\\\/www.ozono-terapia.com\\\/\",\"name\":\"Institut Catal\u00e0 d&#039;Ozonoter\u00e0pia\",\"description\":\"\",\"publisher\":{\"@id\":\"https:\\\/\\\/www.ozono-terapia.com\\\/#organization\"},\"potentialAction\":[{\"@type\":\"SearchAction\",\"target\":{\"@type\":\"EntryPoint\",\"urlTemplate\":\"https:\\\/\\\/www.ozono-terapia.com\\\/?s={search_term_string}\"},\"query-input\":{\"@type\":\"PropertyValueSpecification\",\"valueRequired\":true,\"valueName\":\"search_term_string\"}}],\"inLanguage\":\"ca\"},{\"@type\":\"Organization\",\"@id\":\"https:\\\/\\\/www.ozono-terapia.com\\\/#organization\",\"name\":\"Institut Catal\u00e0 d&#039;Ozonoter\u00e0pia\",\"url\":\"https:\\\/\\\/www.ozono-terapia.com\\\/\",\"logo\":{\"@type\":\"ImageObject\",\"inLanguage\":\"ca\",\"@id\":\"https:\\\/\\\/www.ozono-terapia.com\\\/#\\\/schema\\\/logo\\\/image\\\/\",\"url\":\"https:\\\/\\\/www.ozono-terapia.com\\\/wp-content\\\/uploads\\\/2019\\\/02\\\/ozono_logo_2x.png\",\"contentUrl\":\"https:\\\/\\\/www.ozono-terapia.com\\\/wp-content\\\/uploads\\\/2019\\\/02\\\/ozono_logo_2x.png\",\"width\":572,\"height\":100,\"caption\":\"Institut Catal\u00e0 d&#039;Ozonoter\u00e0pia\"},\"image\":{\"@id\":\"https:\\\/\\\/www.ozono-terapia.com\\\/#\\\/schema\\\/logo\\\/image\\\/\"}}]}<\/script>\n<!-- \/ Yoast SEO plugin. -->","yoast_head_json":{"title":"Plasma ric en factors de creixement - Institut Catal\u00e0 d&#039;Ozonoter\u00e0pia","robots":{"index":"index","follow":"follow","max-snippet":"max-snippet:-1","max-image-preview":"max-image-preview:large","max-video-preview":"max-video-preview:-1"},"canonical":"https:\/\/www.ozono-terapia.com\/ca\/plasma-ric-en-factors-de-creixement\/","og_locale":"ca_ES","og_type":"article","og_title":"Plasma ric en factors de creixement - Institut Catal\u00e0 d&#039;Ozonoter\u00e0pia","og_url":"https:\/\/www.ozono-terapia.com\/ca\/plasma-ric-en-factors-de-creixement\/","og_site_name":"Institut Catal\u00e0 d&#039;Ozonoter\u00e0pia","article_modified_time":"2022-06-13T10:45:02+00:00","og_image":[{"url":"http:\/\/ozono-terapia.com\/wp-content\/uploads\/2019\/05\/administracion-factores-crecimiento.jpg","type":"","width":"","height":""}],"twitter_card":"summary_large_image","twitter_misc":{"Temps estimat de lectura":"14 minuts"},"schema":{"@context":"https:\/\/schema.org","@graph":[{"@type":"WebPage","@id":"https:\/\/www.ozono-terapia.com\/ca\/plasma-ric-en-factors-de-creixement\/","url":"https:\/\/www.ozono-terapia.com\/ca\/plasma-ric-en-factors-de-creixement\/","name":"Plasma ric en factors de creixement - Institut Catal\u00e0 d&#039;Ozonoter\u00e0pia","isPartOf":{"@id":"https:\/\/www.ozono-terapia.com\/#website"},"primaryImageOfPage":{"@id":"https:\/\/www.ozono-terapia.com\/ca\/plasma-ric-en-factors-de-creixement\/#primaryimage"},"image":{"@id":"https:\/\/www.ozono-terapia.com\/ca\/plasma-ric-en-factors-de-creixement\/#primaryimage"},"thumbnailUrl":"http:\/\/ozono-terapia.com\/wp-content\/uploads\/2019\/05\/administracion-factores-crecimiento.jpg","datePublished":"2019-05-05T21:14:25+00:00","dateModified":"2022-06-13T10:45:02+00:00","breadcrumb":{"@id":"https:\/\/www.ozono-terapia.com\/ca\/plasma-ric-en-factors-de-creixement\/#breadcrumb"},"inLanguage":"ca","potentialAction":[{"@type":"ReadAction","target":["https:\/\/www.ozono-terapia.com\/ca\/plasma-ric-en-factors-de-creixement\/"]}]},{"@type":"ImageObject","inLanguage":"ca","@id":"https:\/\/www.ozono-terapia.com\/ca\/plasma-ric-en-factors-de-creixement\/#primaryimage","url":"http:\/\/ozono-terapia.com\/wp-content\/uploads\/2019\/05\/administracion-factores-crecimiento.jpg","contentUrl":"http:\/\/ozono-terapia.com\/wp-content\/uploads\/2019\/05\/administracion-factores-crecimiento.jpg"},{"@type":"BreadcrumbList","@id":"https:\/\/www.ozono-terapia.com\/ca\/plasma-ric-en-factors-de-creixement\/#breadcrumb","itemListElement":[{"@type":"ListItem","position":1,"name":"Home","item":"https:\/\/www.ozono-terapia.com\/ca\/"},{"@type":"ListItem","position":2,"name":"Plasma ric en factors de creixement"}]},{"@type":"WebSite","@id":"https:\/\/www.ozono-terapia.com\/#website","url":"https:\/\/www.ozono-terapia.com\/","name":"Institut Catal\u00e0 d&#039;Ozonoter\u00e0pia","description":"","publisher":{"@id":"https:\/\/www.ozono-terapia.com\/#organization"},"potentialAction":[{"@type":"SearchAction","target":{"@type":"EntryPoint","urlTemplate":"https:\/\/www.ozono-terapia.com\/?s={search_term_string}"},"query-input":{"@type":"PropertyValueSpecification","valueRequired":true,"valueName":"search_term_string"}}],"inLanguage":"ca"},{"@type":"Organization","@id":"https:\/\/www.ozono-terapia.com\/#organization","name":"Institut Catal\u00e0 d&#039;Ozonoter\u00e0pia","url":"https:\/\/www.ozono-terapia.com\/","logo":{"@type":"ImageObject","inLanguage":"ca","@id":"https:\/\/www.ozono-terapia.com\/#\/schema\/logo\/image\/","url":"https:\/\/www.ozono-terapia.com\/wp-content\/uploads\/2019\/02\/ozono_logo_2x.png","contentUrl":"https:\/\/www.ozono-terapia.com\/wp-content\/uploads\/2019\/02\/ozono_logo_2x.png","width":572,"height":100,"caption":"Institut Catal\u00e0 d&#039;Ozonoter\u00e0pia"},"image":{"@id":"https:\/\/www.ozono-terapia.com\/#\/schema\/logo\/image\/"}}]}},"_links":{"self":[{"href":"https:\/\/www.ozono-terapia.com\/ca\/wp-json\/wp\/v2\/pages\/1629","targetHints":{"allow":["GET"]}}],"collection":[{"href":"https:\/\/www.ozono-terapia.com\/ca\/wp-json\/wp\/v2\/pages"}],"about":[{"href":"https:\/\/www.ozono-terapia.com\/ca\/wp-json\/wp\/v2\/types\/page"}],"author":[{"embeddable":true,"href":"https:\/\/www.ozono-terapia.com\/ca\/wp-json\/wp\/v2\/users\/1"}],"replies":[{"embeddable":true,"href":"https:\/\/www.ozono-terapia.com\/ca\/wp-json\/wp\/v2\/comments?post=1629"}],"version-history":[{"count":0,"href":"https:\/\/www.ozono-terapia.com\/ca\/wp-json\/wp\/v2\/pages\/1629\/revisions"}],"wp:attachment":[{"href":"https:\/\/www.ozono-terapia.com\/ca\/wp-json\/wp\/v2\/media?parent=1629"}],"curies":[{"name":"wp","href":"https:\/\/api.w.org\/{rel}","templated":true}]}}