{"id":1535,"date":"2019-03-05T11:00:02","date_gmt":"2019-03-05T10:00:02","guid":{"rendered":"http:\/\/ozono-terapia.com\/artrosis-de-rodilla-y-cadera\/"},"modified":"2022-06-13T12:49:34","modified_gmt":"2022-06-13T10:49:34","slug":"artrosi-de-genoll-i-maluc","status":"publish","type":"page","link":"https:\/\/www.ozono-terapia.com\/ca\/artrosi-de-genoll-i-maluc\/","title":{"rendered":"Artrosi de genoll i maluc"},"content":{"rendered":"<p><div class=\"fusion-fullwidth fullwidth-box fusion-builder-row-1 fusion-parallax-none nonhundred-percent-fullwidth non-hundred-percent-height-scrolling\" style=\"--awb-background-blend-mode:overlay;--awb-border-radius-top-left:0px;--awb-border-radius-top-right:0px;--awb-border-radius-bottom-right:0px;--awb-border-radius-bottom-left:0px;--awb-padding-top:200px;--awb-padding-bottom:200px;--awb-background-color:rgba(0,0,0,0.39);--awb-background-image:url(&quot;http:\/\/ozono-terapia.com\/wp-content\/uploads\/2019\/04\/P1232330-.jpg&quot;);--awb-background-size:cover;--awb-flex-wrap:wrap;\" ><div class=\"fusion-builder-row fusion-row\"><div class=\"fusion-layout-column fusion_builder_column fusion-builder-column-0 fusion_builder_column_1_1 1_1 fusion-one-full fusion-column-first fusion-column-last\" style=\"--awb-bg-size:cover;\"><div class=\"fusion-column-wrapper fusion-flex-column-wrapper-legacy\"><div class=\"fusion-title title fusion-title-1 fusion-sep-none fusion-title-center fusion-title-text fusion-title-size-one\" style=\"--awb-text-color:#ffffff;\"><h1 class=\"fusion-title-heading title-heading-center fusion-responsive-typography-calculated\" style=\"margin:0;--fontSize:80;line-height:1;\"><p data-fontsize=\"46\" data-lineheight=\"57\">Artrosi de genoll i maluc<\/p><\/h1><\/div><div class=\"fusion-clearfix\"><\/div><\/div><\/div><\/div><\/div><div class=\"fusion-fullwidth fullwidth-box fusion-builder-row-2 nonhundred-percent-fullwidth non-hundred-percent-height-scrolling\" style=\"--awb-background-position:left top;--awb-border-sizes-top:0px;--awb-border-sizes-bottom:0px;--awb-border-sizes-left:0px;--awb-border-sizes-right:0px;--awb-border-radius-top-left:0px;--awb-border-radius-top-right:0px;--awb-border-radius-bottom-right:0px;--awb-border-radius-bottom-left:0px;--awb-padding-top:60px;--awb-padding-bottom:60px;--awb-flex-wrap:wrap;\" ><div class=\"fusion-builder-row fusion-row\"><div class=\"fusion-layout-column fusion_builder_column fusion-builder-column-1 fusion_builder_column_2_3 2_3 fusion-two-third fusion-column-first\" style=\"--awb-padding-top:40px;--awb-padding-right:40px;--awb-padding-bottom:40px;--awb-padding-left:40px;--awb-bg-color:#ffffff;--awb-bg-color-hover:#ffffff;--awb-bg-size:cover;--awb-border-color:#dddddd;--awb-border-top:1px;--awb-border-right:1px;--awb-border-bottom:1px;--awb-border-left:1px;--awb-border-style:solid;width:65.3333%; margin-right: 4%;\"><div class=\"fusion-column-wrapper fusion-flex-column-wrapper-legacy\"><div class=\"fusion-text fusion-text-1\"><h4>Ozonoter\u00e0pia en artrosi de genoll i maluc<\/h4>\n<p>L\u00b4ozonoter\u00e0pia intrarticular gr\u00e0cies a la seva acci\u00f3 analg\u00e8sica i antiinflamat\u00f2ria obt\u00e9 bons resultats tant en el tractament de l\u00b4artrosi de genoll com en el de la cadera. La disminuci\u00f3 del dolor s\u00b4estableix des de les primeres sessions del tractament, havent-se establert una mitjana de 5 sessions per obtenir una milloria significativa.<\/p>\n<p>Els tractaments es realitzen de manera ambulat\u00f2ria un cop per setmana. La punci\u00f3 intrarticular no sol ser dolorosa podent-se administrar un anest\u00e8sic local en cas necessari.<\/p>\n<p>Un avantatge important d\u00b4aquesta forma de tractament \u00e9s que est\u00e0 exempt d\u00b4efectes secundaris i complicacions, podent realitzar-se tantes vegades com el metge ho consideri oport\u00fa.<\/p>\n<p>Es poden sotmetre a aquesta ter\u00e0pia pacients diab\u00e8tics e hipertensos sense que es modifiquin els nivells de sucre en sang i sense augmentar les xifres de tensi\u00f3 arterial.<\/p>\n<p>El tractament tamb\u00e9 est\u00e0 indicat per retardar o posposar la col.locaci\u00f3 de pr\u00f2tesi de genoll.<\/p>\n<\/div><div class=\"fusion-text fusion-text-2\"><p><iframe src=\"https:\/\/www.youtube.com\/embed\/yB5s37zuFVs\" width=\"100%\" height=\"420\" frameborder=\"0\" allowfullscreen=\"allowfullscreen\"><\/iframe><\/p>\n<\/div><div class=\"fusion-text fusion-text-3\"><p align=\"justify\">El tractament inicial de l\u00b4artrosi de genoll \u00e9s m\u00e8dic. L\u00b4escalfor local pot ajudar, aix\u00ed com un moderat exercici f\u00edsic. Els antinflamatoris estan indicats , per\u00f2 tenint en compte que \u00e9s una patolog\u00eda cr\u00f2nica la tend\u00e8ncia hauria de ser disminuir al m\u00ednim la presa dels mateixos. L\u00b4ozonoter\u00e0pia intrarticular \u00e9s una alternativa de tractament en els casos d\u00b4artrosi de genoll, aconseguint bons resultats sense efectes secundaris ni contraindicacions.<\/p>\n<p>La disminuci\u00f3 del dolor sol establir-se des de les primeres sessions del tractament, havent-se establert una mitjana de 5 sessions per obtenir una milloria subjectiva.<\/p>\n<p>L\u00b4artrosi de cadera pot iniciar-se amb un dolor a l\u00b4engonal que poc a poc va augmentant, empitjorant al caminar i millorant amb el rep\u00f2s. Moltes vegades hi ha dificultat per creuar una cama sobre l\u00b4altre o per posar-se la sabata o el mitj\u00f3. Pot haver-hi coixesa al caminar i el dolor pot anar per davant de la cuixa fins al genoll, confonent-se a vegades amb un problema de genoll.<\/p>\n<p>El tractament amb ozonoter\u00e0pia de l\u00b4artrosi de cadera consisteix en l\u00b4infiltraci\u00f3 intra-articular d\u00b4oz\u00f3 amb la qual s\u00b4aconsegueix una disminuci\u00f3 important del dolor sense aparici\u00f3 d\u00b4efectes secundaris. El tractament no t\u00e9 contraindicacions. El nombre recomenat de sessions \u00e9s de 5.<\/p>\n<p><img decoding=\"async\" class=\"size-full wp-image-1222 aligncenter\" src=\"http:\/\/ozono-terapia.com\/wp-content\/uploads\/2019\/04\/que-es-artrosis.jpg\" alt=\"\" width=\"800\" height=\"421\" srcset=\"https:\/\/www.ozono-terapia.com\/wp-content\/uploads\/2019\/04\/que-es-artrosis-200x105.jpg 200w, https:\/\/www.ozono-terapia.com\/wp-content\/uploads\/2019\/04\/que-es-artrosis-300x158.jpg 300w, https:\/\/www.ozono-terapia.com\/wp-content\/uploads\/2019\/04\/que-es-artrosis-400x211.jpg 400w, https:\/\/www.ozono-terapia.com\/wp-content\/uploads\/2019\/04\/que-es-artrosis-600x316.jpg 600w, https:\/\/www.ozono-terapia.com\/wp-content\/uploads\/2019\/04\/que-es-artrosis-768x404.jpg 768w, https:\/\/www.ozono-terapia.com\/wp-content\/uploads\/2019\/04\/que-es-artrosis.jpg 800w\" sizes=\"(max-width: 800px) 100vw, 800px\" \/><\/p>\n<h4>Qu\u00e8 \u00e9s artrosi de genoll i maluc<\/h4>\n<p>L\u00b4artrosi de genoll \u00e9s una malaltia molt freq\u00fcent entre la poblaci\u00f3. Afecta m\u00e9s a les dones que als homes i augmenta amb l\u00b4edat. El pacient refereix dolor sobre tot en iniciar la marxa, al baixar escales i tamb\u00e9 al cap d\u00b4una estona de caminar. En una primera fase el dolor millora amb el rep\u00f3s i els genolls no solen fer mal si la persona no camina. L\u00b4inici sol ser lent i la progressi\u00f3 d\u00b4anys. Sabem que no es produeix solament una lessi\u00f3 en el cart\u00edleg articular sin\u00f3 que existeixen a m\u00e9s a m\u00e9s trastorns als ossos (oste\u00f2fits), tendons i lligaments i una reacci\u00f3 inflamat\u00f2ria intrarticular.<\/p>\n<\/div><div class=\"fusion-sep-clear\"><\/div><div class=\"fusion-separator fusion-full-width-sep\" style=\"margin-left: auto;margin-right: auto;margin-top:15px;width:100%;\"><\/div><div class=\"fusion-sep-clear\"><\/div><div class=\"fusion-text fusion-text-4\"><h4><strong>PACIENTS JOVES<\/strong><\/h4>\n<p>En persones joves amb inici de dolor en els genolls es pot aplicar de manera combinada ozonoter\u00e0pia i\u00a0<strong>factors de creixement d\u00b4origen plaquetari<\/strong>\u00a0aconseguint-se resultats molts satisfactoris. El tractament va encaminat a disminuir el nivell dolor i frenar o alentir el deteriorament articular.<\/p>\n<\/div><div class=\"fusion-sep-clear\"><\/div><div class=\"fusion-separator fusion-full-width-sep\" style=\"margin-left: auto;margin-right: auto;margin-top:15px;width:100%;\"><\/div><div class=\"fusion-sep-clear\"><\/div><div class=\"fusion-text fusion-text-5\"><p><iframe src=\"https:\/\/www.youtube.com\/embed\/4oiAsRuGS-0\" width=\"100%\" height=\"420\" frameborder=\"0\" allowfullscreen=\"allowfullscreen\"><\/iframe><\/p>\n<\/div><div class=\"fusion-sep-clear\"><\/div><div class=\"fusion-separator fusion-full-width-sep\" style=\"margin-left: auto;margin-right: auto;margin-top:15px;width:100%;\"><\/div><div class=\"fusion-sep-clear\"><\/div><div class=\"fusion-clearfix\"><\/div><\/div><\/div><div class=\"fusion-layout-column fusion_builder_column fusion-builder-column-2 fusion_builder_column_1_3 1_3 fusion-one-third fusion-column-last\" style=\"--awb-padding-top:30px;--awb-padding-right:30px;--awb-padding-bottom:30px;--awb-padding-left:30px;--awb-bg-color:#ffffff;--awb-bg-color-hover:#ffffff;--awb-bg-size:cover;--awb-border-color:#dddddd;--awb-border-top:1px;--awb-border-right:1px;--awb-border-bottom:1px;--awb-border-left:1px;--awb-border-style:solid;width:30.6666%;\"><div class=\"fusion-column-wrapper fusion-flex-column-wrapper-legacy\"><div class=\"fusion-text fusion-text-6\"><h4 style=\"font-weight: 400; text-align: center;\"><i class=\"fa fa-heart\"><\/i>\u00a0 \u00a0PATOLOGIES<\/h4>\n<\/div><div class=\"fusion-sep-clear\"><\/div><div class=\"fusion-separator fusion-full-width-sep\" style=\"margin-left: auto;margin-right: auto;margin-top:0px;margin-bottom:30px;width:100%;max-width:100%;\"><div class=\"fusion-separator-border sep-single sep-solid\" style=\"--awb-height:20px;--awb-amount:20px;--awb-sep-color:#3bafbf;border-color:#3bafbf;border-top-width:2px;\"><\/div><\/div><div class=\"fusion-sep-clear\"><\/div><ul style=\"--awb-size:16px;--awb-line-height:27.2px;--awb-icon-width:27.2px;--awb-icon-height:27.2px;--awb-icon-margin:11.2px;--awb-content-margin:38.4px;--awb-circlecolor:#3bafbf;--awb-circle-yes-font-size:14.08px;\" class=\"fusion-checklist fusion-checklist-1 fusion-checklist-default type-icons\"><li class=\"fusion-li-item\" style=\"\"><span class=\"icon-wrapper circle-yes\"><i class=\"fusion-li-icon fa-angle-right fas\" aria-hidden=\"true\"><\/i><\/span><div class=\"fusion-li-item-content\">\n<p><a href=\"\/ca\/hernies-de-disc\/\">H\u00e8rnies de Disc<\/a><\/p>\n<\/div><\/li><li class=\"fusion-li-item\" style=\"\"><span class=\"icon-wrapper circle-yes\"><i class=\"fusion-li-icon fa-angle-right fas\" aria-hidden=\"true\"><\/i><\/span><div class=\"fusion-li-item-content\">\n<p><a href=\"\/ca\/mal-d-esquena-lumbalgia-i-marejos\">Mal d\u00b4esquena, lumb\u00e0lgia<\/a><\/p>\n<\/div><\/li><li class=\"fusion-li-item\" style=\"\"><span class=\"icon-wrapper circle-yes\"><i class=\"fusion-li-icon fa-angle-right fas\" aria-hidden=\"true\"><\/i><\/span><div class=\"fusion-li-item-content\">\n<p><a class=\"fusion-bar-highlight\" href=\"\/ca\/estenosi-de-canal\/\">Estenosi de canal<\/a><\/p>\n<\/div><\/li><li class=\"fusion-li-item\" style=\"\"><span class=\"icon-wrapper circle-yes\"><i class=\"fusion-li-icon fa-angle-right fas\" aria-hidden=\"true\"><\/i><\/span><div class=\"fusion-li-item-content\">\n<p><a class=\"fusion-bar-highlight\" href=\"\/ca\/fibromialgia-reumatica\/\">Fibromi\u00e0lgia reum\u00e0tica<\/a><\/p>\n<\/div><\/li><li class=\"fusion-li-item\" style=\"\"><span class=\"icon-wrapper circle-yes\"><i class=\"fusion-li-icon fa-angle-right fas\" aria-hidden=\"true\"><\/i><\/span><div class=\"fusion-li-item-content\">\n<p><a class=\"fusion-bar-highlight\" href=\"\/ca\/Artrosi-de-genoll-i-maluc\/\">Artrosi de genoll i maluc<\/a><\/p>\n<\/div><\/li><li class=\"fusion-li-item\" style=\"\"><span class=\"icon-wrapper circle-yes\"><i class=\"fusion-li-icon fa-angle-right fas\" aria-hidden=\"true\"><\/i><\/span><div class=\"fusion-li-item-content\"><a class=\"fusion-bar-highlight\" href=\"\/ca\/vulvovaginitis-de-repeticio\/\">Vulvovaginitis de Repetici\u00f3<\/a><\/div><\/li><li class=\"fusion-li-item\" style=\"\"><span class=\"icon-wrapper circle-yes\"><i class=\"fusion-li-icon fa-angle-right fas\" aria-hidden=\"true\"><\/i><\/span><div class=\"fusion-li-item-content\"><a class=\"fusion-bar-highlight\" href=\"\/ca\/altres-patologies\/\">Altres patologies<\/a><\/div><\/li><\/ul><div class=\"fusion-sep-clear\"><\/div><div class=\"fusion-separator fusion-full-width-sep\" style=\"margin-left: auto;margin-right: auto;margin-top:50px;width:100%;\"><\/div><div class=\"fusion-sep-clear\"><\/div><div class=\"fusion-text fusion-text-7\"><h4 style=\"font-weight: 400; text-align: center;\"><i class=\"fa fa-info-circle\"><\/i> CONTACTE<\/h4>\n<\/div><div class=\"fusion-sep-clear\"><\/div><div class=\"fusion-separator fusion-full-width-sep\" style=\"margin-left: auto;margin-right: auto;margin-top:0px;margin-bottom:40px;width:100%;max-width:100%;\"><div class=\"fusion-separator-border sep-single sep-solid\" style=\"--awb-height:20px;--awb-amount:20px;--awb-sep-color:#3bafbf;border-color:#3bafbf;border-top-width:2px;\"><\/div><\/div><div class=\"fusion-sep-clear\"><\/div><div class=\"fusion-text fusion-text-8\"><h3><span style=\"color: #3bafbf;\"><i class=\"fa fa-envelope\"><\/i> <a href=\"mailto:info@ozono-terapia.com\"><span style=\"color: #000000;\">info@ozono-terapia.com<\/span><\/a><\/span><\/h3>\n<\/div><div class=\"fusion-text fusion-text-9\"><h3><span style=\"color: #3bafbf;\"><i class=\"fa fa-phone\"><\/i> <a href=\"tel:+34932848220\"><span style=\"color: #000000;\">(+34) 93 284 82 20<\/span><\/a><\/span><\/h3>\n<\/div><div class=\"fusion-sep-clear\"><\/div><div class=\"fusion-separator fusion-full-width-sep\" style=\"margin-left: auto;margin-right: auto;margin-top:20px;width:100%;\"><\/div><div class=\"fusion-sep-clear\"><\/div><div class=\"fusion-aligncenter\"><a class=\"fusion-button button-flat fusion-button-default-size button-custom fusion-button-default button-1 fusion-button-span-no fusion-button-default-type\" style=\"--button_accent_color:#333333;--button_border_color:#333333;--button_accent_hover_color:#ffffff;--button_border_hover_color:#ffffff;--button_border_width-top:1px;--button_border_width-right:1px;--button_border_width-bottom:1px;--button_border_width-left:1px;--button_gradient_top_color:#ffffff;--button_gradient_bottom_color:#ffffff;--button_gradient_top_color_hover:#3bafbf;--button_gradient_bottom_color_hover:#3bafbf;\" target=\"_self\" href=\"\/ca\/demanar-cita\/ \"><span class=\"fusion-button-text awb-button__text awb-button__text--default\">DEMANAR CITA<\/span><\/a><\/div><div class=\"fusion-sep-clear\"><\/div><div class=\"fusion-separator fusion-full-width-sep\" style=\"margin-left: auto;margin-right: auto;margin-top:50px;width:100%;\"><\/div><div class=\"fusion-sep-clear\"><\/div><div class=\"fusion-text fusion-text-10\"><h4 style=\"font-weight: 400; text-align: center;\"><i class=\"fa fa-map-marker\"><\/i> LOCALITZACI\u00d3<\/h4>\n<\/div><div class=\"fusion-sep-clear\"><\/div><div class=\"fusion-separator fusion-full-width-sep\" style=\"margin-left: auto;margin-right: auto;margin-top:0px;margin-bottom:30px;width:100%;max-width:100%;\"><div class=\"fusion-separator-border sep-single sep-solid\" style=\"--awb-height:20px;--awb-amount:20px;--awb-sep-color:#3bafbf;border-color:#3bafbf;border-top-width:2px;\"><\/div><\/div><div class=\"fusion-sep-clear\"><\/div><div class=\"fusion-builder-row fusion-builder-row-inner fusion-row\"><div class=\"fusion-layout-column fusion_builder_column_inner fusion-builder-nested-column-0 fusion_builder_column_inner_1_1 1_1 fusion-one-full fusion-column-first fusion-column-last\" style=\"--awb-bg-size:cover;\"><div class=\"fusion-column-wrapper fusion-flex-column-wrapper-legacy\"><div class=\"fusion-text fusion-text-11\"><p><iframe style=\"border: 0;\" src=\"https:\/\/www.google.com\/maps\/embed?pb=!1m18!1m12!1m3!1d2992.0856795543014!2d2.137169165952281!3d41.41565873374262!2m3!1f0!2f0!3f0!3m2!1i1024!2i768!4f13.1!3m3!1m2!1s0x12a49804431840b7%3A0x13794dd69ea8e00a!2sUnidad+de+Ozonoterapia!5e0!3m2!1ses!2ses!4v1552986086821\" width=\"100%\" height=\"250\" frameborder=\"0\" allowfullscreen=\"allowfullscreen\"><\/iframe><\/p>\n<\/div><div class=\"fusion-text fusion-text-12\"><p><strong>Hospital Quir\u00f3n Salud Barcelona<\/strong><br \/>\nPl. Alfonso Comin 5, 08023 Barcelona<\/p>\n<\/div><div class=\"fusion-sep-clear\"><\/div><div class=\"fusion-separator fusion-full-width-sep\" style=\"margin-left: auto;margin-right: auto;margin-bottom:20px;width:100%;\"><\/div><div class=\"fusion-sep-clear\"><\/div><div class=\"fusion-text fusion-text-13\"><p><iframe style=\"border: 0;\" src=\"https:\/\/www.google.com\/maps\/embed?pb=!1m18!1m12!1m3!1d2992.2081980104576!2d2.1573843163054813!3d41.41299897926169!2m3!1f0!2f0!3f0!3m2!1i1024!2i768!4f13.1!3m3!1m2!1s0x12a4a2b0d26ae7a5%3A0x599dbb34baa586e9!2sInstitut+Catala+D'ozonoterapia+SLP!5e0!3m2!1ses!2ses!4v1562231065109!5m2!1ses!2ses\" width=\"100%\" height=\"250\" frameborder=\"0\" allowfullscreen=\"allowfullscreen\"><\/iframe><\/p>\n<\/div><div class=\"fusion-text fusion-text-14\"><p><strong>Centro M\u00e9dico Salud Barcelona<\/strong><br \/>\nc\/ Mare de Deu de la Salut 78<\/p>\n<\/div><div class=\"fusion-sep-clear\"><\/div><div class=\"fusion-separator fusion-full-width-sep\" style=\"margin-left: auto;margin-right: auto;margin-bottom:30px;width:100%;\"><\/div><div class=\"fusion-sep-clear\"><\/div><div class=\"fusion-clearfix\"><\/div><\/div><\/div><\/div><div class=\"fusion-clearfix\"><\/div><\/div><\/div><\/div><\/div><div class=\"fusion-fullwidth fullwidth-box fusion-builder-row-3 nonhundred-percent-fullwidth non-hundred-percent-height-scrolling\" style=\"--awb-border-sizes-top:0px;--awb-border-sizes-bottom:0px;--awb-border-sizes-left:0px;--awb-border-sizes-right:0px;--awb-border-radius-top-left:0px;--awb-border-radius-top-right:0px;--awb-border-radius-bottom-right:0px;--awb-border-radius-bottom-left:0px;--awb-padding-top:30px;--awb-padding-bottom:30px;--awb-background-color:#f9f9f9;--awb-flex-wrap:wrap;\" ><div class=\"fusion-builder-row fusion-row\"><div class=\"fusion-layout-column fusion_builder_column fusion-builder-column-3 fusion_builder_column_1_1 1_1 fusion-one-full fusion-column-first fusion-column-last\" style=\"--awb-bg-size:cover;\"><div class=\"fusion-column-wrapper fusion-flex-column-wrapper-legacy\"><div class=\"fusion-title title fusion-title-2 fusion-sep-none fusion-title-center fusion-title-text fusion-title-size-two\" style=\"--awb-text-color:#444444;--awb-margin-bottom:20px;--awb-font-size:40px;\"><h2 class=\"fusion-title-heading title-heading-center fusion-responsive-typography-calculated\" style=\"margin:0;font-size:1em;--fontSize:40;line-height:1.25;\">ELS NOSTRES ESPECIALISTES<\/h2><\/div><div class=\"fusion-clearfix\"><\/div><\/div><\/div><div class=\"fusion-layout-column fusion_builder_column fusion-builder-column-4 fusion_builder_column_1_4 1_4 fusion-one-fourth fusion-column-first\" style=\"--awb-bg-size:cover;width:22%; margin-right: 4%;\"><div class=\"fusion-column-wrapper fusion-flex-column-wrapper-legacy\"><div class=\"fusion-image-element in-legacy-container\" style=\"--awb-caption-title-font-family:var(--h2_typography-font-family);--awb-caption-title-font-weight:var(--h2_typography-font-weight);--awb-caption-title-font-style:var(--h2_typography-font-style);--awb-caption-title-size:var(--h2_typography-font-size);--awb-caption-title-transform:var(--h2_typography-text-transform);--awb-caption-title-line-height:var(--h2_typography-line-height);--awb-caption-title-letter-spacing:var(--h2_typography-letter-spacing);\"><span class=\" fusion-imageframe imageframe-none imageframe-1 hover-type-none\"><a class=\"fusion-no-lightbox\" href=\"\/ca\/equip\/dra-gloria-rovira-duplaa\/\" target=\"_self\"><img decoding=\"async\" width=\"800\" height=\"1102\" src=\"https:\/\/www.ozono-terapia.com\/wp-content\/uploads\/2022\/06\/gloria.jpg\" alt class=\"img-responsive wp-image-2701\" srcset=\"https:\/\/www.ozono-terapia.com\/wp-content\/uploads\/2022\/06\/gloria-200x276.jpg 200w, https:\/\/www.ozono-terapia.com\/wp-content\/uploads\/2022\/06\/gloria-400x551.jpg 400w, https:\/\/www.ozono-terapia.com\/wp-content\/uploads\/2022\/06\/gloria-600x827.jpg 600w, https:\/\/www.ozono-terapia.com\/wp-content\/uploads\/2022\/06\/gloria.jpg 800w\" sizes=\"(max-width: 800px) 100vw, 400px\" \/><\/a><\/span><\/div><div class=\"fusion-clearfix\"><\/div><\/div><\/div><div class=\"fusion-layout-column fusion_builder_column fusion-builder-column-5 fusion_builder_column_1_4 1_4 fusion-one-fourth\" style=\"--awb-bg-size:cover;width:22%; margin-right: 4%;\"><div class=\"fusion-column-wrapper fusion-flex-column-wrapper-legacy\"><div class=\"fusion-text fusion-text-15\"><h3><strong>Dra. Gloria Rovira Dupl\u00e1a<\/strong><\/h3>\n<p><em>Jefe de la Unidad de Ozonoterapia desde 1987<\/em><\/p>\n<\/div><div class=\"fusion-text fusion-text-16\"><p><strong>Formaci\u00f3n Acad\u00e9mica:<\/strong><\/p>\n<ul>\n<li>Internado Rotatorio en el Beth Israel Medical Center de Newark (EEUU).<\/li>\n<li>Licenciada en Medicina y Cirug\u00eda por la Universidad Aut\u00f3noma de Barcelona.<\/li>\n<li>Doctorada en Medicina por la Medizinische Hochschule Hannover (Alemania).<\/li>\n<\/ul>\n<\/div><div class=\"fusion-clearfix\"><\/div><\/div><\/div><div class=\"fusion-layout-column fusion_builder_column fusion-builder-column-6 fusion_builder_column_1_4 1_4 fusion-one-fourth\" style=\"--awb-bg-size:cover;width:22%; margin-right: 4%;\"><div class=\"fusion-column-wrapper fusion-flex-column-wrapper-legacy\"><div class=\"fusion-image-element in-legacy-container\" style=\"--awb-caption-title-font-family:var(--h2_typography-font-family);--awb-caption-title-font-weight:var(--h2_typography-font-weight);--awb-caption-title-font-style:var(--h2_typography-font-style);--awb-caption-title-size:var(--h2_typography-font-size);--awb-caption-title-transform:var(--h2_typography-text-transform);--awb-caption-title-line-height:var(--h2_typography-line-height);--awb-caption-title-letter-spacing:var(--h2_typography-letter-spacing);\"><span class=\" fusion-imageframe imageframe-none imageframe-2 hover-type-none\"><a class=\"fusion-no-lightbox\" href=\"\/equipo\/dr-daniel-samper-bernal\/\" target=\"_self\" aria-label=\"IMG_6431-6\"><img decoding=\"async\" width=\"871\" height=\"1200\" src=\"http:\/\/ozono-terapia.com\/wp-content\/uploads\/2019\/04\/IMG_6431-6.jpg\" alt class=\"img-responsive wp-image-1662\" srcset=\"https:\/\/www.ozono-terapia.com\/wp-content\/uploads\/2019\/04\/IMG_6431-6-200x276.jpg 200w, https:\/\/www.ozono-terapia.com\/wp-content\/uploads\/2019\/04\/IMG_6431-6-400x551.jpg 400w, https:\/\/www.ozono-terapia.com\/wp-content\/uploads\/2019\/04\/IMG_6431-6-600x827.jpg 600w, https:\/\/www.ozono-terapia.com\/wp-content\/uploads\/2019\/04\/IMG_6431-6-800x1102.jpg 800w, https:\/\/www.ozono-terapia.com\/wp-content\/uploads\/2019\/04\/IMG_6431-6.jpg 871w\" sizes=\"(max-width: 800px) 100vw, 400px\" \/><\/a><\/span><\/div><div class=\"fusion-clearfix\"><\/div><\/div><\/div><div class=\"fusion-layout-column fusion_builder_column fusion-builder-column-7 fusion_builder_column_1_4 1_4 fusion-one-fourth fusion-column-last\" style=\"--awb-bg-size:cover;width:22%;\"><div class=\"fusion-column-wrapper fusion-flex-column-wrapper-legacy\"><div class=\"fusion-text fusion-text-17\"><h3><strong>Dra. Montserrat Gonzalez<\/strong><\/h3>\n<p><em>Medicinas Complementarias<\/em><\/p>\n<\/div><div class=\"fusion-text fusion-text-18\"><p><strong>Formaci\u00f3n Acad\u00e9mica:<\/strong><\/p>\n<ul>\n<li>Llicenciada en Medicina i Cirurgia per la Universitat Aut\u00f2noma de Barcelona<\/li>\n<li>Diploma de Acupuntura Tradicional. Asociaci\u00f3n Espa\u00f1ola para la Ense\u00f1anza de la Acupuntura Tradicional y Asociaci\u00f3n M\u00e9dica de Acupuntura y Estimuloterapia (Barcelona)<\/li>\n<li>Diploma de Terap\u00e8utica Homeop\u00e0tica. Centre d\u2019Etudes et Documentation en Homeopatie (Paris)<\/li>\n<\/ul>\n<\/div><div class=\"fusion-clearfix\"><\/div><\/div><\/div><\/div><\/div><div class=\"fusion-fullwidth fullwidth-box fusion-builder-row-4 nonhundred-percent-fullwidth non-hundred-percent-height-scrolling\" style=\"--awb-border-radius-top-left:0px;--awb-border-radius-top-right:0px;--awb-border-radius-bottom-right:0px;--awb-border-radius-bottom-left:0px;--awb-margin-top:50px;--awb-margin-bottom:80px;--awb-flex-wrap:wrap;\" ><div class=\"fusion-builder-row fusion-row\"><div class=\"fusion-layout-column fusion_builder_column fusion-builder-column-8 fusion_builder_column_1_1 1_1 fusion-one-full fusion-column-first fusion-column-last\" style=\"--awb-bg-size:cover;\"><div class=\"fusion-column-wrapper fusion-flex-column-wrapper-legacy\"><div class=\"fusion-title title fusion-title-3 fusion-sep-none fusion-title-center fusion-title-text fusion-title-size-two\" style=\"--awb-margin-bottom:20px;--awb-font-size:40px;\"><h2 class=\"fusion-title-heading title-heading-center fusion-responsive-typography-calculated\" style=\"margin:0;font-size:1em;--fontSize:40;line-height:1.25;\">ARTICLES<\/h2><\/div><div class=\"fusion-sep-clear\"><\/div><div class=\"fusion-separator fusion-full-width-sep\" style=\"margin-left: auto;margin-right: auto;margin-bottom:30px;width:100%;\"><\/div><div class=\"fusion-sep-clear\"><\/div><div class=\"fusion-blog-shortcode fusion-blog-shortcode-1 fusion-blog-archive fusion-blog-layout-grid-wrapper fusion-blog-no\"><style type=\"text\/css\">.fusion-blog-shortcode-1 .fusion-blog-layout-grid .fusion-post-grid{padding:20px;}.fusion-blog-shortcode-1 .fusion-posts-container{margin-left: -20px !important; margin-right:-20px !important;}<\/style><div class=\"fusion-posts-container fusion-posts-container-no fusion-blog-rollover fusion-blog-layout-grid fusion-blog-layout-grid-3 isotope fusion-blog-layout-masonry\" data-pages=\"13\" data-grid-col-space=\"40\" style=\"margin: -20px -20px 0;min-height:500px;\"><article class=\"fusion-post-grid fusion-post-masonry post fusion-grid-sizer\"><\/article><article id=\"blog-1-post-3366\" class=\"fusion-post-masonry fusion-post-grid fusion-element-grid post-3366 post type-post status-publish format-standard has-post-thumbnail hentry category-covid-19 category-fibromialgia category-general category-noticias category-oncologia category-ozonoterapia-y-bienestar category-ozonoterapia-y-coronavirus category-pie-diabetico\">\n<div class=\"fusion-post-wrapper\" style=\"background-color:rgba(255,255,255,1);border:1px solid #ffffff;border-bottom-width:3px;\"><div  class=\"fusion-masonry-element-container fusion-image-wrapper\" style=\"background-image:url(https:\/\/www.ozono-terapia.com\/wp-content\/uploads\/2026\/03\/AH-2019-4-copia-2-scaled.jpg);padding-top:calc((100% + 38px) * 0.8 - 20px);\" aria-haspopup=\"true\">\n\t\t\t\t<img decoding=\"async\" width=\"2560\" height=\"1798\" src=\"https:\/\/www.ozono-terapia.com\/wp-content\/uploads\/2026\/03\/AH-2019-4-copia-2-scaled.jpg\" class=\"attachment-full size-full wp-post-image\" alt=\"\" srcset=\"https:\/\/www.ozono-terapia.com\/wp-content\/uploads\/2026\/03\/AH-2019-4-copia-2-200x141.jpg 200w, https:\/\/www.ozono-terapia.com\/wp-content\/uploads\/2026\/03\/AH-2019-4-copia-2-400x281.jpg 400w, https:\/\/www.ozono-terapia.com\/wp-content\/uploads\/2026\/03\/AH-2019-4-copia-2-600x422.jpg 600w, https:\/\/www.ozono-terapia.com\/wp-content\/uploads\/2026\/03\/AH-2019-4-copia-2-800x562.jpg 800w, https:\/\/www.ozono-terapia.com\/wp-content\/uploads\/2026\/03\/AH-2019-4-copia-2-1200x843.jpg 1200w, https:\/\/www.ozono-terapia.com\/wp-content\/uploads\/2026\/03\/AH-2019-4-copia-2-scaled.jpg 2560w\" sizes=\"(min-width: 2200px) 100vw, (min-width: 824px) 373px, (min-width: 732px) 560px, (min-width: 640px) 732px, \" \/><div class=\"fusion-rollover\">\n\t<div class=\"fusion-rollover-content\">\n\n\t\t\t\t\t\t\t\t\t\t\t\t\t\t<a class=\"fusion-rollover-link\" href=\"https:\/\/www.ozono-terapia.com\/ca\/ozonoterapia-como-ayuda-contra-la-inflamacion-cronica\/\">Ozonoterapia: \u00bfComo ayuda contra la Inflamaci\u00f3n Cr\u00f3nica?<\/a>\n\t\t\t\n\t\t\t\t\t\t\t\t\n\t\t\n\t\t\t\t\t\t\t\t\n\t\t\t\t\t\t\t\t\n\t\t\n\t\t\t\t\t\t<a class=\"fusion-link-wrapper\" href=\"https:\/\/www.ozono-terapia.com\/ca\/ozonoterapia-como-ayuda-contra-la-inflamacion-cronica\/\" aria-label=\"Ozonoterapia: \u00bfComo ayuda contra la Inflamaci\u00f3n Cr\u00f3nica?\"><\/a>\n\t<\/div>\n<\/div>\n<\/div>\n<div class=\"fusion-post-content-wrapper\" style=\"padding:30px 25px 20px 25px;background-color:rgba(255,255,255,1);\"><div class=\"fusion-post-content post-content\"><h2 class=\"blog-shortcode-post-title entry-title\"><a href=\"https:\/\/www.ozono-terapia.com\/ca\/ozonoterapia-como-ayuda-contra-la-inflamacion-cronica\/\">Ozonoterapia: \u00bfComo ayuda contra la Inflamaci\u00f3n Cr\u00f3nica?<\/a><\/h2><p class=\"fusion-single-line-meta\"><span class=\"vcard\" style=\"display: none;\"><span class=\"fn\"><a href=\"https:\/\/www.ozono-terapia.com\/ca\/author\/gloria\/\" title=\"Entrades de Institut Catal\u00e0 d&#039;Ozonoter\u00e0pia\" rel=\"author\">Institut Catal\u00e0 d'Ozonoter\u00e0pia<\/a><\/span><\/span><span class=\"updated\" style=\"display:none;\">2026-03-06T19:28:11+01:00<\/span><span>6 mar\u00e7, 2026<\/span><span class=\"fusion-inline-sep\">|<\/span><\/p><\/div><\/div><div class=\"fusion-clearfix\"><\/div><\/div>\n<\/article>\n<article id=\"blog-1-post-3360\" class=\"fusion-post-masonry fusion-post-grid fusion-element-grid post-3360 post type-post status-publish format-standard has-post-thumbnail hentry category-covid-19 category-fibromialgia category-general category-noticias category-ozonoterapia-y-bienestar category-ozonoterapia-y-coronavirus\">\n<div class=\"fusion-post-wrapper\" style=\"background-color:rgba(255,255,255,1);border:1px solid #ffffff;border-bottom-width:3px;\"><div  class=\"fusion-masonry-element-container fusion-image-wrapper\" style=\"background-image:url(https:\/\/www.ozono-terapia.com\/wp-content\/uploads\/2026\/02\/Mujer-cansada-Covid.png);padding-top:calc((100% + 38px) * 0.8 - 20px);\" aria-haspopup=\"true\">\n\t\t\t\t<img decoding=\"async\" width=\"1024\" height=\"1536\" src=\"https:\/\/www.ozono-terapia.com\/wp-content\/uploads\/2026\/02\/Mujer-cansada-Covid.png\" class=\"attachment-full size-full wp-post-image\" alt=\"\" srcset=\"https:\/\/www.ozono-terapia.com\/wp-content\/uploads\/2026\/02\/Mujer-cansada-Covid-200x300.png 200w, https:\/\/www.ozono-terapia.com\/wp-content\/uploads\/2026\/02\/Mujer-cansada-Covid-400x600.png 400w, https:\/\/www.ozono-terapia.com\/wp-content\/uploads\/2026\/02\/Mujer-cansada-Covid-600x900.png 600w, https:\/\/www.ozono-terapia.com\/wp-content\/uploads\/2026\/02\/Mujer-cansada-Covid-800x1200.png 800w, https:\/\/www.ozono-terapia.com\/wp-content\/uploads\/2026\/02\/Mujer-cansada-Covid.png 1024w\" sizes=\"(min-width: 2200px) 100vw, (min-width: 824px) 373px, (min-width: 732px) 560px, (min-width: 640px) 732px, \" \/><div class=\"fusion-rollover\">\n\t<div class=\"fusion-rollover-content\">\n\n\t\t\t\t\t\t\t\t\t\t\t\t\t\t<a class=\"fusion-rollover-link\" href=\"https:\/\/www.ozono-terapia.com\/ca\/ozonoterapia-una-via-hacia-la-recuperacion-en-el-covid-persistente\/\">Ozonoterapia: Una v\u00eda hacia la recuperaci\u00f3n en el COVID Persistente<\/a>\n\t\t\t\n\t\t\t\t\t\t\t\t\n\t\t\n\t\t\t\t\t\t\t\t\n\t\t\t\t\t\t\t\t\n\t\t\n\t\t\t\t\t\t<a class=\"fusion-link-wrapper\" href=\"https:\/\/www.ozono-terapia.com\/ca\/ozonoterapia-una-via-hacia-la-recuperacion-en-el-covid-persistente\/\" aria-label=\"Ozonoterapia: Una v\u00eda hacia la recuperaci\u00f3n en el COVID Persistente\"><\/a>\n\t<\/div>\n<\/div>\n<\/div>\n<div class=\"fusion-post-content-wrapper\" style=\"padding:30px 25px 20px 25px;background-color:rgba(255,255,255,1);\"><div class=\"fusion-post-content post-content\"><h2 class=\"blog-shortcode-post-title entry-title\"><a href=\"https:\/\/www.ozono-terapia.com\/ca\/ozonoterapia-una-via-hacia-la-recuperacion-en-el-covid-persistente\/\">Ozonoterapia: Una v\u00eda hacia la recuperaci\u00f3n en el COVID Persistente<\/a><\/h2><p class=\"fusion-single-line-meta\"><span class=\"vcard\" style=\"display: none;\"><span class=\"fn\"><a href=\"https:\/\/www.ozono-terapia.com\/ca\/author\/gloria\/\" title=\"Entrades de Institut Catal\u00e0 d&#039;Ozonoter\u00e0pia\" rel=\"author\">Institut Catal\u00e0 d'Ozonoter\u00e0pia<\/a><\/span><\/span><span class=\"updated\" style=\"display:none;\">2026-02-17T16:53:34+01:00<\/span><span>17 febrer, 2026<\/span><span class=\"fusion-inline-sep\">|<\/span><\/p><\/div><\/div><div class=\"fusion-clearfix\"><\/div><\/div>\n<\/article>\n<article id=\"blog-1-post-3349\" class=\"fusion-post-masonry fusion-post-grid fusion-element-grid post-3349 post type-post status-publish format-standard has-post-thumbnail hentry category-dolor-espalda category-estenosis-de-canal category-general category-hernia-discal category-noticias\">\n<div class=\"fusion-post-wrapper\" style=\"background-color:rgba(255,255,255,1);border:1px solid #ffffff;border-bottom-width:3px;\"><div  class=\"fusion-masonry-element-container fusion-image-wrapper\" style=\"background-image:url(https:\/\/www.ozono-terapia.com\/wp-content\/uploads\/2026\/02\/Estenosis-canal-2026.png);padding-top:calc((100% + 38px) * 0.8 - 20px);\" aria-haspopup=\"true\">\n\t\t\t\t<img decoding=\"async\" width=\"1024\" height=\"1536\" src=\"https:\/\/www.ozono-terapia.com\/wp-content\/uploads\/2026\/02\/Estenosis-canal-2026.png\" class=\"attachment-full size-full wp-post-image\" alt=\"\" srcset=\"https:\/\/www.ozono-terapia.com\/wp-content\/uploads\/2026\/02\/Estenosis-canal-2026-200x300.png 200w, https:\/\/www.ozono-terapia.com\/wp-content\/uploads\/2026\/02\/Estenosis-canal-2026-400x600.png 400w, https:\/\/www.ozono-terapia.com\/wp-content\/uploads\/2026\/02\/Estenosis-canal-2026-600x900.png 600w, https:\/\/www.ozono-terapia.com\/wp-content\/uploads\/2026\/02\/Estenosis-canal-2026-800x1200.png 800w, https:\/\/www.ozono-terapia.com\/wp-content\/uploads\/2026\/02\/Estenosis-canal-2026.png 1024w\" sizes=\"(min-width: 2200px) 100vw, (min-width: 824px) 373px, (min-width: 732px) 560px, (min-width: 640px) 732px, \" \/><div class=\"fusion-rollover\">\n\t<div class=\"fusion-rollover-content\">\n\n\t\t\t\t\t\t\t\t\t\t\t\t\t\t<a class=\"fusion-rollover-link\" href=\"https:\/\/www.ozono-terapia.com\/ca\/estenosis-de-canal-lumbar-como-puede-ayudar-la-ozonoterapia\/\">Estenosis de canal lumbar: c\u00f3mo puede ayudar la ozonoterapia<\/a>\n\t\t\t\n\t\t\t\t\t\t\t\t\n\t\t\n\t\t\t\t\t\t\t\t\n\t\t\t\t\t\t\t\t\n\t\t\n\t\t\t\t\t\t<a class=\"fusion-link-wrapper\" href=\"https:\/\/www.ozono-terapia.com\/ca\/estenosis-de-canal-lumbar-como-puede-ayudar-la-ozonoterapia\/\" aria-label=\"Estenosis de canal lumbar: c\u00f3mo puede ayudar la ozonoterapia\"><\/a>\n\t<\/div>\n<\/div>\n<\/div>\n<div class=\"fusion-post-content-wrapper\" style=\"padding:30px 25px 20px 25px;background-color:rgba(255,255,255,1);\"><div class=\"fusion-post-content post-content\"><h2 class=\"blog-shortcode-post-title entry-title\"><a href=\"https:\/\/www.ozono-terapia.com\/ca\/estenosis-de-canal-lumbar-como-puede-ayudar-la-ozonoterapia\/\">Estenosis de canal lumbar: c\u00f3mo puede ayudar la ozonoterapia<\/a><\/h2><p class=\"fusion-single-line-meta\"><span class=\"vcard\" style=\"display: none;\"><span class=\"fn\"><a href=\"https:\/\/www.ozono-terapia.com\/ca\/author\/gloria\/\" title=\"Entrades de Institut Catal\u00e0 d&#039;Ozonoter\u00e0pia\" rel=\"author\">Institut Catal\u00e0 d'Ozonoter\u00e0pia<\/a><\/span><\/span><span class=\"updated\" style=\"display:none;\">2026-02-02T16:10:19+01:00<\/span><span>2 febrer, 2026<\/span><span class=\"fusion-inline-sep\">|<\/span><\/p><\/div><\/div><div class=\"fusion-clearfix\"><\/div><\/div>\n<\/article>\n<article id=\"blog-1-post-3322\" class=\"fusion-post-masonry fusion-post-grid fusion-element-grid post-3322 post type-post status-publish format-standard has-post-thumbnail hentry category-covid-19 category-fibromialgia category-general category-noticias category-oncologia category-ozonoterapia-y-bienestar category-ozonoterapia-y-coronavirus\">\n<div class=\"fusion-post-wrapper\" style=\"background-color:rgba(255,255,255,1);border:1px solid #ffffff;border-bottom-width:3px;\"><div  class=\"fusion-masonry-element-container fusion-image-wrapper\" style=\"background-image:url(https:\/\/www.ozono-terapia.com\/wp-content\/uploads\/2025\/12\/Nujer-cansada-Gemini-2025.png);padding-top:calc((100% + 38px) * 0.8 - 20px);\" aria-haspopup=\"true\">\n\t\t\t\t<img decoding=\"async\" width=\"1024\" height=\"1024\" src=\"https:\/\/www.ozono-terapia.com\/wp-content\/uploads\/2025\/12\/Nujer-cansada-Gemini-2025.png\" class=\"attachment-full size-full wp-post-image\" alt=\"\" srcset=\"https:\/\/www.ozono-terapia.com\/wp-content\/uploads\/2025\/12\/Nujer-cansada-Gemini-2025-200x200.png 200w, https:\/\/www.ozono-terapia.com\/wp-content\/uploads\/2025\/12\/Nujer-cansada-Gemini-2025-400x400.png 400w, https:\/\/www.ozono-terapia.com\/wp-content\/uploads\/2025\/12\/Nujer-cansada-Gemini-2025-600x600.png 600w, https:\/\/www.ozono-terapia.com\/wp-content\/uploads\/2025\/12\/Nujer-cansada-Gemini-2025-800x800.png 800w, https:\/\/www.ozono-terapia.com\/wp-content\/uploads\/2025\/12\/Nujer-cansada-Gemini-2025.png 1024w\" sizes=\"(min-width: 2200px) 100vw, (min-width: 824px) 373px, (min-width: 732px) 560px, (min-width: 640px) 732px, \" \/><div class=\"fusion-rollover\">\n\t<div class=\"fusion-rollover-content\">\n\n\t\t\t\t\t\t\t\t\t\t\t\t\t\t<a class=\"fusion-rollover-link\" href=\"https:\/\/www.ozono-terapia.com\/ca\/fatiga-cronica-causas-y-ozonoterapia-barcelona\/\">Fatiga Cr\u00f3nica, causas y Ozonoterapia Barcelona<\/a>\n\t\t\t\n\t\t\t\t\t\t\t\t\n\t\t\n\t\t\t\t\t\t\t\t\n\t\t\t\t\t\t\t\t\n\t\t\n\t\t\t\t\t\t<a class=\"fusion-link-wrapper\" href=\"https:\/\/www.ozono-terapia.com\/ca\/fatiga-cronica-causas-y-ozonoterapia-barcelona\/\" aria-label=\"Fatiga Cr\u00f3nica, causas y Ozonoterapia Barcelona\"><\/a>\n\t<\/div>\n<\/div>\n<\/div>\n<div class=\"fusion-post-content-wrapper\" style=\"padding:30px 25px 20px 25px;background-color:rgba(255,255,255,1);\"><div class=\"fusion-post-content post-content\"><h2 class=\"blog-shortcode-post-title entry-title\"><a href=\"https:\/\/www.ozono-terapia.com\/ca\/fatiga-cronica-causas-y-ozonoterapia-barcelona\/\">Fatiga Cr\u00f3nica, causas y Ozonoterapia Barcelona<\/a><\/h2><p class=\"fusion-single-line-meta\"><span class=\"vcard\" style=\"display: none;\"><span class=\"fn\"><a href=\"https:\/\/www.ozono-terapia.com\/ca\/author\/gloria\/\" title=\"Entrades de Institut Catal\u00e0 d&#039;Ozonoter\u00e0pia\" rel=\"author\">Institut Catal\u00e0 d'Ozonoter\u00e0pia<\/a><\/span><\/span><span class=\"updated\" style=\"display:none;\">2026-01-08T11:51:36+01:00<\/span><span>8 gener, 2026<\/span><span class=\"fusion-inline-sep\">|<\/span><\/p><\/div><\/div><div class=\"fusion-clearfix\"><\/div><\/div>\n<\/article>\n<article id=\"blog-1-post-3314\" class=\"fusion-post-masonry fusion-post-grid fusion-element-grid post-3314 post type-post status-publish format-standard has-post-thumbnail hentry category-covid-19 category-fibromialgia category-general category-noticias category-oncologia category-ozonoterapia-y-bienestar category-ozonoterapia-y-coronavirus\">\n<div class=\"fusion-post-wrapper\" style=\"background-color:rgba(255,255,255,1);border:1px solid #ffffff;border-bottom-width:3px;\"><div  class=\"fusion-masonry-element-container fusion-image-wrapper\" style=\"background-image:url(https:\/\/www.ozono-terapia.com\/wp-content\/uploads\/2025\/12\/Nujer-cansada-Gemini-2025.png);padding-top:calc((100% + 38px) * 0.8 - 20px);\" aria-haspopup=\"true\">\n\t\t\t\t<img decoding=\"async\" width=\"1024\" height=\"1024\" src=\"https:\/\/www.ozono-terapia.com\/wp-content\/uploads\/2025\/12\/Nujer-cansada-Gemini-2025.png\" class=\"attachment-full size-full wp-post-image\" alt=\"\" srcset=\"https:\/\/www.ozono-terapia.com\/wp-content\/uploads\/2025\/12\/Nujer-cansada-Gemini-2025-200x200.png 200w, https:\/\/www.ozono-terapia.com\/wp-content\/uploads\/2025\/12\/Nujer-cansada-Gemini-2025-400x400.png 400w, https:\/\/www.ozono-terapia.com\/wp-content\/uploads\/2025\/12\/Nujer-cansada-Gemini-2025-600x600.png 600w, https:\/\/www.ozono-terapia.com\/wp-content\/uploads\/2025\/12\/Nujer-cansada-Gemini-2025-800x800.png 800w, https:\/\/www.ozono-terapia.com\/wp-content\/uploads\/2025\/12\/Nujer-cansada-Gemini-2025.png 1024w\" sizes=\"(min-width: 2200px) 100vw, (min-width: 824px) 373px, (min-width: 732px) 560px, (min-width: 640px) 732px, \" \/><div class=\"fusion-rollover\">\n\t<div class=\"fusion-rollover-content\">\n\n\t\t\t\t\t\t\t\t\t\t\t\t\t\t<a class=\"fusion-rollover-link\" href=\"https:\/\/www.ozono-terapia.com\/ca\/cansancio-cronico-y-ozonoterapia\/\">Cansancio cr\u00f3nico y Ozonoterapia<\/a>\n\t\t\t\n\t\t\t\t\t\t\t\t\n\t\t\n\t\t\t\t\t\t\t\t\n\t\t\t\t\t\t\t\t\n\t\t\n\t\t\t\t\t\t<a class=\"fusion-link-wrapper\" href=\"https:\/\/www.ozono-terapia.com\/ca\/cansancio-cronico-y-ozonoterapia\/\" aria-label=\"Cansancio cr\u00f3nico y Ozonoterapia\"><\/a>\n\t<\/div>\n<\/div>\n<\/div>\n<div class=\"fusion-post-content-wrapper\" style=\"padding:30px 25px 20px 25px;background-color:rgba(255,255,255,1);\"><div class=\"fusion-post-content post-content\"><h2 class=\"blog-shortcode-post-title entry-title\"><a href=\"https:\/\/www.ozono-terapia.com\/ca\/cansancio-cronico-y-ozonoterapia\/\">Cansancio cr\u00f3nico y Ozonoterapia<\/a><\/h2><p class=\"fusion-single-line-meta\"><span class=\"vcard\" style=\"display: none;\"><span class=\"fn\"><a href=\"https:\/\/www.ozono-terapia.com\/ca\/author\/gloria\/\" title=\"Entrades de Institut Catal\u00e0 d&#039;Ozonoter\u00e0pia\" rel=\"author\">Institut Catal\u00e0 d'Ozonoter\u00e0pia<\/a><\/span><\/span><span class=\"updated\" style=\"display:none;\">2025-12-11T12:26:49+01:00<\/span><span>11 desembre, 2025<\/span><span class=\"fusion-inline-sep\">|<\/span><\/p><\/div><\/div><div class=\"fusion-clearfix\"><\/div><\/div>\n<\/article>\n<article id=\"blog-1-post-3307\" class=\"fusion-post-masonry fusion-post-grid fusion-element-grid post-3307 post type-post status-publish format-standard has-post-thumbnail hentry category-artrosis-de-rodilla category-fibromialgia category-general category-noticias category-ozonoterapia-y-bienestar\">\n<div class=\"fusion-post-wrapper\" style=\"background-color:rgba(255,255,255,1);border:1px solid #ffffff;border-bottom-width:3px;\"><div  class=\"fusion-masonry-element-container fusion-image-wrapper\" style=\"background-image:url(https:\/\/www.ozono-terapia.com\/wp-content\/uploads\/2025\/11\/Rodilla-2016-2-scaled.jpg);padding-top:calc((100% + 38px) * 0.8 - 20px);\" aria-haspopup=\"true\">\n\t\t\t\t<img decoding=\"async\" width=\"1677\" height=\"2560\" src=\"https:\/\/www.ozono-terapia.com\/wp-content\/uploads\/2025\/11\/Rodilla-2016-2-scaled.jpg\" class=\"attachment-full size-full wp-post-image\" alt=\"\" srcset=\"https:\/\/www.ozono-terapia.com\/wp-content\/uploads\/2025\/11\/Rodilla-2016-2-200x305.jpg 200w, https:\/\/www.ozono-terapia.com\/wp-content\/uploads\/2025\/11\/Rodilla-2016-2-400x611.jpg 400w, https:\/\/www.ozono-terapia.com\/wp-content\/uploads\/2025\/11\/Rodilla-2016-2-600x916.jpg 600w, https:\/\/www.ozono-terapia.com\/wp-content\/uploads\/2025\/11\/Rodilla-2016-2-800x1221.jpg 800w, https:\/\/www.ozono-terapia.com\/wp-content\/uploads\/2025\/11\/Rodilla-2016-2-1200x1832.jpg 1200w, https:\/\/www.ozono-terapia.com\/wp-content\/uploads\/2025\/11\/Rodilla-2016-2-scaled.jpg 1677w\" sizes=\"(min-width: 2200px) 100vw, (min-width: 824px) 373px, (min-width: 732px) 560px, (min-width: 640px) 732px, \" \/><div class=\"fusion-rollover\">\n\t<div class=\"fusion-rollover-content\">\n\n\t\t\t\t\t\t\t\t\t\t\t\t\t\t<a class=\"fusion-rollover-link\" href=\"https:\/\/www.ozono-terapia.com\/ca\/dolor-de-rodilla-y-ozonoterapia-barcelona\/\">Artrosis de Rodilla y Ozonoterapia Barcelona<\/a>\n\t\t\t\n\t\t\t\t\t\t\t\t\n\t\t\n\t\t\t\t\t\t\t\t\n\t\t\t\t\t\t\t\t\n\t\t\n\t\t\t\t\t\t<a class=\"fusion-link-wrapper\" href=\"https:\/\/www.ozono-terapia.com\/ca\/dolor-de-rodilla-y-ozonoterapia-barcelona\/\" aria-label=\"Artrosis de Rodilla y Ozonoterapia Barcelona\"><\/a>\n\t<\/div>\n<\/div>\n<\/div>\n<div class=\"fusion-post-content-wrapper\" style=\"padding:30px 25px 20px 25px;background-color:rgba(255,255,255,1);\"><div class=\"fusion-post-content post-content\"><h2 class=\"blog-shortcode-post-title entry-title\"><a href=\"https:\/\/www.ozono-terapia.com\/ca\/dolor-de-rodilla-y-ozonoterapia-barcelona\/\">Artrosis de Rodilla y Ozonoterapia Barcelona<\/a><\/h2><p class=\"fusion-single-line-meta\"><span class=\"vcard\" style=\"display: none;\"><span class=\"fn\"><a href=\"https:\/\/www.ozono-terapia.com\/ca\/author\/gloria\/\" title=\"Entrades de Institut Catal\u00e0 d&#039;Ozonoter\u00e0pia\" rel=\"author\">Institut Catal\u00e0 d'Ozonoter\u00e0pia<\/a><\/span><\/span><span class=\"updated\" style=\"display:none;\">2025-11-19T08:52:33+01:00<\/span><span>18 novembre, 2025<\/span><span class=\"fusion-inline-sep\">|<\/span><\/p><\/div><\/div><div class=\"fusion-clearfix\"><\/div><\/div>\n<\/article>\n<div class=\"fusion-clearfix\"><\/div><\/div><\/div><div class=\"fusion-clearfix\"><\/div><\/div><\/div><\/div><\/div><\/p>\n","protected":false},"excerpt":{"rendered":"","protected":false},"author":1,"featured_media":0,"parent":0,"menu_order":0,"comment_status":"closed","ping_status":"closed","template":"100-width.php","meta":{"footnotes":""},"class_list":["post-1535","page","type-page","status-publish","hentry"],"yoast_head":"<!-- This site is optimized with the Yoast SEO plugin v27.4 - https:\/\/yoast.com\/product\/yoast-seo-wordpress\/ -->\n<title>Artrosi de genoll i maluc - Institut Catal\u00e0 d&#039;Ozonoter\u00e0pia<\/title>\n<meta name=\"robots\" content=\"index, follow, max-snippet:-1, max-image-preview:large, max-video-preview:-1\" \/>\n<link rel=\"canonical\" href=\"https:\/\/www.ozono-terapia.com\/ca\/artrosi-de-genoll-i-maluc\/\" \/>\n<meta property=\"og:locale\" content=\"ca_ES\" \/>\n<meta property=\"og:type\" content=\"article\" \/>\n<meta property=\"og:title\" content=\"Artrosi de genoll i maluc - Institut Catal\u00e0 d&#039;Ozonoter\u00e0pia\" \/>\n<meta property=\"og:url\" content=\"https:\/\/www.ozono-terapia.com\/ca\/artrosi-de-genoll-i-maluc\/\" \/>\n<meta property=\"og:site_name\" content=\"Institut Catal\u00e0 d&#039;Ozonoter\u00e0pia\" \/>\n<meta property=\"article:modified_time\" content=\"2022-06-13T10:49:34+00:00\" \/>\n<meta property=\"og:image\" content=\"http:\/\/ozono-terapia.com\/wp-content\/uploads\/2019\/04\/que-es-artrosis.jpg\" \/>\n<meta name=\"twitter:card\" content=\"summary_large_image\" \/>\n<meta name=\"twitter:label1\" content=\"Temps estimat de lectura\" \/>\n\t<meta name=\"twitter:data1\" content=\"8 minuts\" \/>\n<script type=\"application\/ld+json\" class=\"yoast-schema-graph\">{\"@context\":\"https:\\\/\\\/schema.org\",\"@graph\":[{\"@type\":\"WebPage\",\"@id\":\"https:\\\/\\\/www.ozono-terapia.com\\\/ca\\\/artrosi-de-genoll-i-maluc\\\/\",\"url\":\"https:\\\/\\\/www.ozono-terapia.com\\\/ca\\\/artrosi-de-genoll-i-maluc\\\/\",\"name\":\"Artrosi de genoll i maluc - Institut Catal\u00e0 d&#039;Ozonoter\u00e0pia\",\"isPartOf\":{\"@id\":\"https:\\\/\\\/www.ozono-terapia.com\\\/#website\"},\"primaryImageOfPage\":{\"@id\":\"https:\\\/\\\/www.ozono-terapia.com\\\/ca\\\/artrosi-de-genoll-i-maluc\\\/#primaryimage\"},\"image\":{\"@id\":\"https:\\\/\\\/www.ozono-terapia.com\\\/ca\\\/artrosi-de-genoll-i-maluc\\\/#primaryimage\"},\"thumbnailUrl\":\"http:\\\/\\\/ozono-terapia.com\\\/wp-content\\\/uploads\\\/2019\\\/04\\\/que-es-artrosis.jpg\",\"datePublished\":\"2019-03-05T10:00:02+00:00\",\"dateModified\":\"2022-06-13T10:49:34+00:00\",\"breadcrumb\":{\"@id\":\"https:\\\/\\\/www.ozono-terapia.com\\\/ca\\\/artrosi-de-genoll-i-maluc\\\/#breadcrumb\"},\"inLanguage\":\"ca\",\"potentialAction\":[{\"@type\":\"ReadAction\",\"target\":[\"https:\\\/\\\/www.ozono-terapia.com\\\/ca\\\/artrosi-de-genoll-i-maluc\\\/\"]}]},{\"@type\":\"ImageObject\",\"inLanguage\":\"ca\",\"@id\":\"https:\\\/\\\/www.ozono-terapia.com\\\/ca\\\/artrosi-de-genoll-i-maluc\\\/#primaryimage\",\"url\":\"http:\\\/\\\/ozono-terapia.com\\\/wp-content\\\/uploads\\\/2019\\\/04\\\/que-es-artrosis.jpg\",\"contentUrl\":\"http:\\\/\\\/ozono-terapia.com\\\/wp-content\\\/uploads\\\/2019\\\/04\\\/que-es-artrosis.jpg\"},{\"@type\":\"BreadcrumbList\",\"@id\":\"https:\\\/\\\/www.ozono-terapia.com\\\/ca\\\/artrosi-de-genoll-i-maluc\\\/#breadcrumb\",\"itemListElement\":[{\"@type\":\"ListItem\",\"position\":1,\"name\":\"Home\",\"item\":\"https:\\\/\\\/www.ozono-terapia.com\\\/ca\\\/\"},{\"@type\":\"ListItem\",\"position\":2,\"name\":\"Artrosi de genoll i maluc\"}]},{\"@type\":\"WebSite\",\"@id\":\"https:\\\/\\\/www.ozono-terapia.com\\\/#website\",\"url\":\"https:\\\/\\\/www.ozono-terapia.com\\\/\",\"name\":\"Institut Catal\u00e0 d&#039;Ozonoter\u00e0pia\",\"description\":\"\",\"publisher\":{\"@id\":\"https:\\\/\\\/www.ozono-terapia.com\\\/#organization\"},\"potentialAction\":[{\"@type\":\"SearchAction\",\"target\":{\"@type\":\"EntryPoint\",\"urlTemplate\":\"https:\\\/\\\/www.ozono-terapia.com\\\/?s={search_term_string}\"},\"query-input\":{\"@type\":\"PropertyValueSpecification\",\"valueRequired\":true,\"valueName\":\"search_term_string\"}}],\"inLanguage\":\"ca\"},{\"@type\":\"Organization\",\"@id\":\"https:\\\/\\\/www.ozono-terapia.com\\\/#organization\",\"name\":\"Institut Catal\u00e0 d&#039;Ozonoter\u00e0pia\",\"url\":\"https:\\\/\\\/www.ozono-terapia.com\\\/\",\"logo\":{\"@type\":\"ImageObject\",\"inLanguage\":\"ca\",\"@id\":\"https:\\\/\\\/www.ozono-terapia.com\\\/#\\\/schema\\\/logo\\\/image\\\/\",\"url\":\"https:\\\/\\\/www.ozono-terapia.com\\\/wp-content\\\/uploads\\\/2019\\\/02\\\/ozono_logo_2x.png\",\"contentUrl\":\"https:\\\/\\\/www.ozono-terapia.com\\\/wp-content\\\/uploads\\\/2019\\\/02\\\/ozono_logo_2x.png\",\"width\":572,\"height\":100,\"caption\":\"Institut Catal\u00e0 d&#039;Ozonoter\u00e0pia\"},\"image\":{\"@id\":\"https:\\\/\\\/www.ozono-terapia.com\\\/#\\\/schema\\\/logo\\\/image\\\/\"}}]}<\/script>\n<!-- \/ Yoast SEO plugin. -->","yoast_head_json":{"title":"Artrosi de genoll i maluc - Institut Catal\u00e0 d&#039;Ozonoter\u00e0pia","robots":{"index":"index","follow":"follow","max-snippet":"max-snippet:-1","max-image-preview":"max-image-preview:large","max-video-preview":"max-video-preview:-1"},"canonical":"https:\/\/www.ozono-terapia.com\/ca\/artrosi-de-genoll-i-maluc\/","og_locale":"ca_ES","og_type":"article","og_title":"Artrosi de genoll i maluc - Institut Catal\u00e0 d&#039;Ozonoter\u00e0pia","og_url":"https:\/\/www.ozono-terapia.com\/ca\/artrosi-de-genoll-i-maluc\/","og_site_name":"Institut Catal\u00e0 d&#039;Ozonoter\u00e0pia","article_modified_time":"2022-06-13T10:49:34+00:00","og_image":[{"url":"http:\/\/ozono-terapia.com\/wp-content\/uploads\/2019\/04\/que-es-artrosis.jpg","type":"","width":"","height":""}],"twitter_card":"summary_large_image","twitter_misc":{"Temps estimat de lectura":"8 minuts"},"schema":{"@context":"https:\/\/schema.org","@graph":[{"@type":"WebPage","@id":"https:\/\/www.ozono-terapia.com\/ca\/artrosi-de-genoll-i-maluc\/","url":"https:\/\/www.ozono-terapia.com\/ca\/artrosi-de-genoll-i-maluc\/","name":"Artrosi de genoll i maluc - Institut Catal\u00e0 d&#039;Ozonoter\u00e0pia","isPartOf":{"@id":"https:\/\/www.ozono-terapia.com\/#website"},"primaryImageOfPage":{"@id":"https:\/\/www.ozono-terapia.com\/ca\/artrosi-de-genoll-i-maluc\/#primaryimage"},"image":{"@id":"https:\/\/www.ozono-terapia.com\/ca\/artrosi-de-genoll-i-maluc\/#primaryimage"},"thumbnailUrl":"http:\/\/ozono-terapia.com\/wp-content\/uploads\/2019\/04\/que-es-artrosis.jpg","datePublished":"2019-03-05T10:00:02+00:00","dateModified":"2022-06-13T10:49:34+00:00","breadcrumb":{"@id":"https:\/\/www.ozono-terapia.com\/ca\/artrosi-de-genoll-i-maluc\/#breadcrumb"},"inLanguage":"ca","potentialAction":[{"@type":"ReadAction","target":["https:\/\/www.ozono-terapia.com\/ca\/artrosi-de-genoll-i-maluc\/"]}]},{"@type":"ImageObject","inLanguage":"ca","@id":"https:\/\/www.ozono-terapia.com\/ca\/artrosi-de-genoll-i-maluc\/#primaryimage","url":"http:\/\/ozono-terapia.com\/wp-content\/uploads\/2019\/04\/que-es-artrosis.jpg","contentUrl":"http:\/\/ozono-terapia.com\/wp-content\/uploads\/2019\/04\/que-es-artrosis.jpg"},{"@type":"BreadcrumbList","@id":"https:\/\/www.ozono-terapia.com\/ca\/artrosi-de-genoll-i-maluc\/#breadcrumb","itemListElement":[{"@type":"ListItem","position":1,"name":"Home","item":"https:\/\/www.ozono-terapia.com\/ca\/"},{"@type":"ListItem","position":2,"name":"Artrosi de genoll i maluc"}]},{"@type":"WebSite","@id":"https:\/\/www.ozono-terapia.com\/#website","url":"https:\/\/www.ozono-terapia.com\/","name":"Institut Catal\u00e0 d&#039;Ozonoter\u00e0pia","description":"","publisher":{"@id":"https:\/\/www.ozono-terapia.com\/#organization"},"potentialAction":[{"@type":"SearchAction","target":{"@type":"EntryPoint","urlTemplate":"https:\/\/www.ozono-terapia.com\/?s={search_term_string}"},"query-input":{"@type":"PropertyValueSpecification","valueRequired":true,"valueName":"search_term_string"}}],"inLanguage":"ca"},{"@type":"Organization","@id":"https:\/\/www.ozono-terapia.com\/#organization","name":"Institut Catal\u00e0 d&#039;Ozonoter\u00e0pia","url":"https:\/\/www.ozono-terapia.com\/","logo":{"@type":"ImageObject","inLanguage":"ca","@id":"https:\/\/www.ozono-terapia.com\/#\/schema\/logo\/image\/","url":"https:\/\/www.ozono-terapia.com\/wp-content\/uploads\/2019\/02\/ozono_logo_2x.png","contentUrl":"https:\/\/www.ozono-terapia.com\/wp-content\/uploads\/2019\/02\/ozono_logo_2x.png","width":572,"height":100,"caption":"Institut Catal\u00e0 d&#039;Ozonoter\u00e0pia"},"image":{"@id":"https:\/\/www.ozono-terapia.com\/#\/schema\/logo\/image\/"}}]}},"_links":{"self":[{"href":"https:\/\/www.ozono-terapia.com\/ca\/wp-json\/wp\/v2\/pages\/1535","targetHints":{"allow":["GET"]}}],"collection":[{"href":"https:\/\/www.ozono-terapia.com\/ca\/wp-json\/wp\/v2\/pages"}],"about":[{"href":"https:\/\/www.ozono-terapia.com\/ca\/wp-json\/wp\/v2\/types\/page"}],"author":[{"embeddable":true,"href":"https:\/\/www.ozono-terapia.com\/ca\/wp-json\/wp\/v2\/users\/1"}],"replies":[{"embeddable":true,"href":"https:\/\/www.ozono-terapia.com\/ca\/wp-json\/wp\/v2\/comments?post=1535"}],"version-history":[{"count":0,"href":"https:\/\/www.ozono-terapia.com\/ca\/wp-json\/wp\/v2\/pages\/1535\/revisions"}],"wp:attachment":[{"href":"https:\/\/www.ozono-terapia.com\/ca\/wp-json\/wp\/v2\/media?parent=1535"}],"curies":[{"name":"wp","href":"https:\/\/api.w.org\/{rel}","templated":true}]}}