{"id":1506,"date":"2019-03-05T11:18:20","date_gmt":"2019-03-05T10:18:20","guid":{"rendered":"http:\/\/ozono-terapia.com\/hernias-disco-y-discopatias\/"},"modified":"2022-06-13T12:48:48","modified_gmt":"2022-06-13T10:48:48","slug":"hernies-de-disc","status":"publish","type":"page","link":"https:\/\/www.ozono-terapia.com\/ca\/hernies-de-disc\/","title":{"rendered":"H\u00e8rnies de Disc"},"content":{"rendered":"<p><div class=\"fusion-fullwidth fullwidth-box fusion-builder-row-1 fusion-parallax-none nonhundred-percent-fullwidth non-hundred-percent-height-scrolling\" style=\"--awb-background-blend-mode:overlay;--awb-border-radius-top-left:0px;--awb-border-radius-top-right:0px;--awb-border-radius-bottom-right:0px;--awb-border-radius-bottom-left:0px;--awb-padding-top:200px;--awb-padding-bottom:200px;--awb-background-color:rgba(0,0,0,0.3);--awb-background-image:url(&quot;http:\/\/ozono-terapia.com\/wp-content\/uploads\/2019\/03\/dolor_espalda_cama_pikolin.jpg&quot;);--awb-background-size:cover;--awb-flex-wrap:wrap;\" ><div class=\"fusion-builder-row fusion-row\"><div class=\"fusion-layout-column fusion_builder_column fusion-builder-column-0 fusion_builder_column_1_1 1_1 fusion-one-full fusion-column-first fusion-column-last\" style=\"--awb-bg-size:cover;\"><div class=\"fusion-column-wrapper fusion-flex-column-wrapper-legacy\"><div class=\"fusion-title title fusion-title-1 fusion-sep-none fusion-title-center fusion-title-text fusion-title-size-one\" style=\"--awb-text-color:#ffffff;\"><h1 class=\"fusion-title-heading title-heading-center fusion-responsive-typography-calculated\" style=\"margin:0;--fontSize:80;line-height:1;\"><p data-fontsize=\"46\" data-lineheight=\"57\">H\u00e8rnies de Disc<\/p><\/h1><\/div><div class=\"fusion-clearfix\"><\/div><\/div><\/div><\/div><\/div><div class=\"fusion-fullwidth fullwidth-box fusion-builder-row-2 nonhundred-percent-fullwidth non-hundred-percent-height-scrolling\" style=\"--awb-background-position:left top;--awb-border-sizes-top:0px;--awb-border-sizes-bottom:0px;--awb-border-sizes-left:0px;--awb-border-sizes-right:0px;--awb-border-radius-top-left:0px;--awb-border-radius-top-right:0px;--awb-border-radius-bottom-right:0px;--awb-border-radius-bottom-left:0px;--awb-padding-top:60px;--awb-padding-bottom:60px;--awb-flex-wrap:wrap;\" ><div class=\"fusion-builder-row fusion-row\"><div class=\"fusion-layout-column fusion_builder_column fusion-builder-column-1 fusion_builder_column_2_3 2_3 fusion-two-third fusion-column-first\" style=\"--awb-padding-top:40px;--awb-padding-right:40px;--awb-padding-bottom:40px;--awb-padding-left:40px;--awb-bg-color:#ffffff;--awb-bg-color-hover:#ffffff;--awb-bg-size:cover;--awb-border-color:#dddddd;--awb-border-top:1px;--awb-border-right:1px;--awb-border-bottom:1px;--awb-border-left:1px;--awb-border-style:solid;width:65.3333%; margin-right: 4%;\"><div class=\"fusion-column-wrapper fusion-flex-column-wrapper-legacy\"><div class=\"fusion-text fusion-text-1\"><h4>Ozonoter\u00e0pia en h\u00e8rnies de disc<\/h4>\n<p>L\u00b4Ozonoter\u00e0pia aplicada en forma de discolisis percut\u00e0nia amb oz\u00f3 en el tractament de les h\u00e8rnies discals \u00e9s una t\u00e8cnica m\u00ednimament invasiva que es basa en la injecci\u00f3 d&#8217;oz\u00f3 (m\u00e9s concretament de O2-O3) a nivell del disc lesionat.<\/p>\n<\/div><div class=\"fusion-text fusion-text-2\"><p><iframe src=\"https:\/\/www.youtube.com\/embed\/yubXZiDf_9g\" width=\"100%\" height=\"450\" frameborder=\"0\" allowfullscreen=\"allowfullscreen\"><\/iframe><\/p>\n<\/div><div class=\"fusion-text fusion-text-3\"><p>L\u00b4ozonoter\u00e0pia aplicada en forma de disc\u00f3lisis percut\u00e0nia amb oz\u00f3 en el tractament de les h\u00e8rnies discals \u00e9s una t\u00e8cnica m\u00ednimament invasiva que es basa en la injecci\u00f3 d\u00b4oz\u00f3 (m\u00e9s concretament de O2-O3) a nivell del disc lesionat.<\/p>\n<p>L\u00b4oz\u00f3 injectat en el disc accelera la degradaci\u00f3 dels polisac\u00e0rids en el nucli pulp\u00f3s amb la qual cosa disminueix el volum del material herniat.<\/p>\n<p>Adicionalment, l\u00b4oz\u00f3 injectat a la musculatura paravertebral estimula la producci\u00f3 d\u00b4enzims antioxidants neutralitzant aix\u00ed els productes t\u00f2xics alliberats per la ruptura del nucli pulp\u00f3s i responsables en part de la inflamaci\u00f3 del nervi. Aix\u00ed mateix, l\u00b4acci\u00f3 analg\u00e8sica de l\u00b4oz\u00f3 fa disminuir la contractura muscular de defensa que, de forma reflexa, s\u00b4activa per protegir la zona de l\u00b4h\u00e8rnia discal.<\/p>\n<p>Seguint el protocol E.U.N.I. (European Neurosurgical Institutte) el tractament d\u00b4h\u00e8rnies discals es realitza en tres fases:<\/p>\n<ul>\n<li>Infiltracions paravertebrals: injeccions a la musculatura paravertebral (normalment 1 sessi\u00f3). Es practica a la consulta de la Unitat d\u00b4Ozonoter\u00e0pia. No cal anest\u00e8sia.<\/li>\n<li>Disc\u00f2lisis percut\u00e0nia: injecci\u00f3 d\u00b4oz\u00f3 dins del disc intervertebral. La realitza el neurocirurgi\u00e0 (Dr. Pau Clavel) a quir\u00f2fan, sota sedaci\u00f3 i control radiol\u00f2gic. Precissa d\u00b4ingr\u00e9s d\u00b4unes hores a l\u00b4Hospital Quir\u00f3nsalud Barcelona.<\/li>\n<li>Infiltracions paravertebrals: injeccions paravertebrals (de 2 a 4 sessions) a la consulta.<\/li>\n<\/ul>\n<p>Aquesta t\u00e8cnica est\u00e0 indicada en aquells pacients amb patolog\u00eda discal lumbar, cervical o dorsal que no responen al tractament conservador ni analg\u00e8sic.<\/p>\n<p>Com en totes les ter\u00e0pies \u00e9s imprescindible un bon diagn\u00f2stic i una correcta valoraci\u00f3 de cada pacient per decidir si la disc\u00f2lisis percut\u00e0nia amb oz\u00f3 \u00e9s la millor opci\u00f3 terap\u00e8utica que es pugui oferir en cada cas. La hist\u00f2ria cl\u00ednica, l\u00b4exploraci\u00f3 f\u00edsica del pacient, l\u00b4estudi de les proves d\u00b4imatge (especialment Resson\u00e0ncia Magn\u00e8tica) s\u00f3n b\u00e0siques per poder realitzar una adequada indicaci\u00f3 de la t\u00e8cnica..<\/p>\n<\/div><div class=\"fusion-text fusion-text-4\"><p><img decoding=\"async\" class=\"wp-image-981 aligncenter\" src=\"http:\/\/ozono-terapia.com\/wp-content\/uploads\/2019\/03\/que-es-hernia.jpg\" alt=\"\" width=\"699\" height=\"526\" \/><\/p>\n<\/div><div class=\"fusion-sep-clear\"><\/div><div class=\"fusion-separator fusion-full-width-sep\" style=\"margin-left: auto;margin-right: auto;margin-top:15px;width:100%;\"><\/div><div class=\"fusion-sep-clear\"><\/div><div class=\"fusion-text fusion-text-5\"><p><strong>INDICACIONS DE L\u00b4OZONOTER\u00c0PIA EN LA PATOLOGIA DE LA COLUMNA VERTEBRAL<\/strong><\/p>\n<\/div><ul style=\"--awb-size:17px;--awb-line-height:28.9px;--awb-icon-width:28.9px;--awb-icon-height:28.9px;--awb-icon-margin:11.9px;--awb-content-margin:40.8px;--awb-circlecolor:#3bafbf;--awb-circle-yes-font-size:14.96px;\" class=\"fusion-checklist fusion-checklist-1 fusion-checklist-default type-icons\"><li class=\"fusion-li-item\" style=\"\"><span class=\"icon-wrapper circle-yes\"><i class=\"fusion-li-icon fa-check fas\" aria-hidden=\"true\"><\/i><\/span><div class=\"fusion-li-item-content\">\n<p>H\u00c8RNIA DISCAL CERVICAL<\/p>\n<\/div><\/li><li class=\"fusion-li-item\" style=\"\"><span class=\"icon-wrapper circle-yes\"><i class=\"fusion-li-icon fa-check fas\" aria-hidden=\"true\"><\/i><\/span><div class=\"fusion-li-item-content\">\n<p>H\u00c8RNIA DISCAL DORSAL<\/p>\n<\/div><\/li><li class=\"fusion-li-item\" style=\"\"><span class=\"icon-wrapper circle-yes\"><i class=\"fusion-li-icon fa-check fas\" aria-hidden=\"true\"><\/i><\/span><div class=\"fusion-li-item-content\">\n<p>H\u00c8RNIA DISCAL LUMBAR<\/p>\n<\/div><\/li><li class=\"fusion-li-item\" style=\"\"><span class=\"icon-wrapper circle-yes\"><i class=\"fusion-li-icon fa-check fas\" aria-hidden=\"true\"><\/i><\/span><div class=\"fusion-li-item-content\">\n<p>LUMB\u00c0LGIA CR\u00d2NICA<\/p>\n<\/div><\/li><li class=\"fusion-li-item\" style=\"\"><span class=\"icon-wrapper circle-yes\"><i class=\"fusion-li-icon fa-check fas\" aria-hidden=\"true\"><\/i><\/span><div class=\"fusion-li-item-content\">\n<p>DISCOPATIA DEGENERATIVA LUMBAR<\/p>\n<\/div><\/li><\/ul><div class=\"fusion-sep-clear\"><\/div><div class=\"fusion-separator fusion-full-width-sep\" style=\"margin-left: auto;margin-right: auto;margin-top:15px;width:100%;\"><\/div><div class=\"fusion-sep-clear\"><\/div><div class=\"fusion-text fusion-text-6\"><p>NO est\u00e0 indicada aquesta t\u00e8cnica en els casos de comprensi\u00f3 de cua de cavall o en ci\u00e0tiques paralitzants.<\/p>\n<p>En el tractament de l\u00b4h\u00e8rnia discal l\u00b4Ozonoter\u00e0pia no t\u00e9 els inconvenients de la cirurgia oberta (Fibrosi postquir\u00fargica, Disminuci\u00f3 del Foramen, Risc anest\u00e8sic, etc.), respectant l\u00b4anatomia vertebral i tornant al pacient a la vida activa de forma preco\u00e7.<\/p>\n<\/div><div class=\"accordian fusion-accordian\" style=\"--awb-border-size:1px;--awb-icon-size:13px;--awb-content-font-size:17px;--awb-icon-alignment:left;--awb-hover-color:#f9f9f9;--awb-border-color:#cccccc;--awb-background-color:#ffffff;--awb-divider-color:#e0dede;--awb-divider-hover-color:#e0dede;--awb-icon-color:#ffffff;--awb-title-color:#2b2b2b;--awb-content-color:#474747;--awb-icon-box-color:#333333;--awb-toggle-hover-accent-color:#3bafbf;--awb-title-font-family:&quot;Source Sans Pro&quot;;--awb-title-font-weight:600;--awb-title-font-style:normal;--awb-title-font-size:18px;--awb-content-font-family:&quot;Source Sans Pro&quot;;--awb-content-font-style:normal;--awb-content-font-weight:300;\"><div class=\"panel-group fusion-toggle-icon-boxed\" id=\"accordion-1506-1\"><div class=\"fusion-panel panel-default panel-148cb48fdeeca8925 fusion-toggle-no-divider\"><div class=\"panel-heading\"><h4 class=\"panel-title toggle\" id=\"toggle_148cb48fdeeca8925\"><a aria-expanded=\"false\" aria-controls=\"148cb48fdeeca8925\" role=\"button\" data-toggle=\"collapse\" data-parent=\"#accordion-1506-1\" data-target=\"#148cb48fdeeca8925\" href=\"#148cb48fdeeca8925\"><span class=\"fusion-toggle-icon-wrapper\" aria-hidden=\"true\"><i class=\"fa-fusion-box active-icon awb-icon-minus\" aria-hidden=\"true\"><\/i><i class=\"fa-fusion-box inactive-icon awb-icon-plus\" aria-hidden=\"true\"><\/i><\/span><span class=\"fusion-toggle-heading\">LLEGIR M\u00c9S<\/span><\/a><\/h4><\/div><div id=\"148cb48fdeeca8925\" class=\"panel-collapse collapse \" aria-labelledby=\"toggle_148cb48fdeeca8925\"><div class=\"panel-body toggle-content fusion-clearfix\">\n<p>Des de mar\u00e7 del 2003, data en que la Unitat d\u00b4Ozonoter\u00e0pia va implantar aquesta forma de ter\u00e0pia primer a la Cl\u00ednica Quir\u00f3n i actualment en el Hospital Quir\u00f3nsalud Barcelona, han estat realitzades m\u00e9s de 2.000 discolisis percut\u00e0nies amb oz\u00f3,(alguns pacients presentaven m\u00e9s d\u00b4una h\u00e8rnia de disc) i tant la Dra. G. Rovira Dupl\u00e0a, responsable de la Unitat d\u00b4Ozonoter\u00e0pia, com el neurocirurgi\u00e0 Dr. P. Clavel Laria es mostren molt satisfets amb els resultats obtinguts (percentatge d\u00b4\u00e8xits del 80%).<\/p>\n<p>L\u00b4ozonoter\u00e0pia com a tractament de l\u00b4h\u00e8rnia discal o sigui la discolisis percut\u00e0nia amb oz\u00f3 es realitza a quir\u00f2fan sota sedaci\u00f3 i control radiol\u00f2gic, amb l\u00b4ajuda d\u00b4una agulla de Chiba. El pacient \u00e9s donat d\u00b4alta el mateix dia (ingressa al migdia i es d\u00f3na l\u00b4alta per la tarda): El nombre d\u00b4infiltracions paravertebrals, realitzades de forma ambulat\u00f2ria, oscil.len entre 3 i 6.<\/p>\n<p>Aquesta t\u00e8cnica est\u00e0 indicada en aquells pacients amb patolog\u00eda discal lumbar, cervical o dorsal que no responen al tractament conservador ni analg\u00e8sic.<\/p>\n<p>L\u00b4experi\u00e8ncia i la correcta selecci\u00f3 dels pacients de l\u00b4equip m\u00e8dic de l\u00b4Institut Catal\u00e0 d\u00b4Ozonoter\u00e0pia, centre de refer\u00e8ncia d\u00b4aquesta forma de ter\u00e0pia tant a escala nacional com internacional, fan que aquesta t\u00e8cnica pugui obtenir resultats molt satisfactoris sense el riscos coneguts de la cirurgia.<\/p>\n<\/div><\/div><\/div><\/div><\/div><div class=\"fusion-clearfix\"><\/div><\/div><\/div><div class=\"fusion-layout-column fusion_builder_column fusion-builder-column-2 fusion_builder_column_1_3 1_3 fusion-one-third fusion-column-last\" style=\"--awb-padding-top:30px;--awb-padding-right:30px;--awb-padding-bottom:30px;--awb-padding-left:30px;--awb-bg-color:#ffffff;--awb-bg-color-hover:#ffffff;--awb-bg-size:cover;--awb-border-color:#dddddd;--awb-border-top:1px;--awb-border-right:1px;--awb-border-bottom:1px;--awb-border-left:1px;--awb-border-style:solid;width:30.6666%;\"><div class=\"fusion-column-wrapper fusion-flex-column-wrapper-legacy\"><div class=\"fusion-text fusion-text-7\"><h4 style=\"font-weight: 400; text-align: center;\"><i class=\"fa fa-heart\"><\/i>\u00a0 \u00a0PATOLOGIES<\/h4>\n<\/div><div class=\"fusion-sep-clear\"><\/div><div class=\"fusion-separator fusion-full-width-sep\" style=\"margin-left: auto;margin-right: auto;margin-top:0px;margin-bottom:30px;width:100%;max-width:100%;\"><div class=\"fusion-separator-border sep-single sep-solid\" style=\"--awb-height:20px;--awb-amount:20px;--awb-sep-color:#3bafbf;border-color:#3bafbf;border-top-width:2px;\"><\/div><\/div><div class=\"fusion-sep-clear\"><\/div><ul style=\"--awb-size:16px;--awb-line-height:27.2px;--awb-icon-width:27.2px;--awb-icon-height:27.2px;--awb-icon-margin:11.2px;--awb-content-margin:38.4px;--awb-circlecolor:#3bafbf;--awb-circle-yes-font-size:14.08px;\" class=\"fusion-checklist fusion-checklist-2 fusion-checklist-default type-icons\"><li class=\"fusion-li-item\" style=\"\"><span class=\"icon-wrapper circle-yes\"><i class=\"fusion-li-icon fa-angle-right fas\" aria-hidden=\"true\"><\/i><\/span><div class=\"fusion-li-item-content\">\n<p><a href=\"\/ca\/hernies-de-disc\/\">H\u00e8rnies de Disc<\/a><\/p>\n<\/div><\/li><li class=\"fusion-li-item\" style=\"\"><span class=\"icon-wrapper circle-yes\"><i class=\"fusion-li-icon fa-angle-right fas\" aria-hidden=\"true\"><\/i><\/span><div class=\"fusion-li-item-content\">\n<p><a href=\"\/ca\/mal-d-esquena-lumbalgia-i-marejos\">Mal d\u00b4esquena, lumb\u00e0lgia<\/a><\/p>\n<\/div><\/li><li class=\"fusion-li-item\" style=\"\"><span class=\"icon-wrapper circle-yes\"><i class=\"fusion-li-icon fa-angle-right fas\" aria-hidden=\"true\"><\/i><\/span><div class=\"fusion-li-item-content\">\n<p><a class=\"fusion-bar-highlight\" href=\"\/ca\/estenosi-de-canal\/\">Estenosi de canal<\/a><\/p>\n<\/div><\/li><li class=\"fusion-li-item\" style=\"\"><span class=\"icon-wrapper circle-yes\"><i class=\"fusion-li-icon fa-angle-right fas\" aria-hidden=\"true\"><\/i><\/span><div class=\"fusion-li-item-content\">\n<p><a class=\"fusion-bar-highlight\" href=\"\/ca\/fibromialgia-reumatica\/\">Fibromi\u00e0lgia reum\u00e0tica<\/a><\/p>\n<\/div><\/li><li class=\"fusion-li-item\" style=\"\"><span class=\"icon-wrapper circle-yes\"><i class=\"fusion-li-icon fa-angle-right fas\" aria-hidden=\"true\"><\/i><\/span><div class=\"fusion-li-item-content\">\n<p><a class=\"fusion-bar-highlight\" href=\"\/ca\/Artrosi-de-genoll-i-maluc\/\">Artrosi de genoll i maluc<\/a><\/p>\n<\/div><\/li><li class=\"fusion-li-item\" style=\"\"><span class=\"icon-wrapper circle-yes\"><i class=\"fusion-li-icon fa-angle-right fas\" aria-hidden=\"true\"><\/i><\/span><div class=\"fusion-li-item-content\"><a class=\"fusion-bar-highlight\" href=\"\/ca\/vulvovaginitis-de-repeticio\/\">Vulvovaginitis de Repetici\u00f3<\/a><\/div><\/li><li class=\"fusion-li-item\" style=\"\"><span class=\"icon-wrapper circle-yes\"><i class=\"fusion-li-icon fa-angle-right fas\" aria-hidden=\"true\"><\/i><\/span><div class=\"fusion-li-item-content\"><a class=\"fusion-bar-highlight\" href=\"\/ca\/altres-patologies\/\">Altres patologies<\/a><\/div><\/li><\/ul><div class=\"fusion-sep-clear\"><\/div><div class=\"fusion-separator fusion-full-width-sep\" style=\"margin-left: auto;margin-right: auto;margin-top:50px;width:100%;\"><\/div><div class=\"fusion-sep-clear\"><\/div><div class=\"fusion-text fusion-text-8\"><h4 style=\"font-weight: 400; text-align: center;\"><i class=\"fa fa-info-circle\"><\/i> CONTACTE<\/h4>\n<\/div><div class=\"fusion-sep-clear\"><\/div><div class=\"fusion-separator fusion-full-width-sep\" style=\"margin-left: auto;margin-right: auto;margin-top:0px;margin-bottom:40px;width:100%;max-width:100%;\"><div class=\"fusion-separator-border sep-single sep-solid\" style=\"--awb-height:20px;--awb-amount:20px;--awb-sep-color:#3bafbf;border-color:#3bafbf;border-top-width:2px;\"><\/div><\/div><div class=\"fusion-sep-clear\"><\/div><div class=\"fusion-text fusion-text-9\"><h3><span style=\"color: #3bafbf;\"><i class=\"fa fa-envelope\"><\/i> <a href=\"mailto:info@ozono-terapia.com\"><span style=\"color: #000000;\">info@ozono-terapia.com<\/span><\/a><\/span><\/h3>\n<\/div><div class=\"fusion-text fusion-text-10\"><h3><span style=\"color: #3bafbf;\"><i class=\"fa fa-phone\"><\/i> <a href=\"tel:+34932848220\"><span style=\"color: #000000;\">(+34) 93 284 82 20<\/span><\/a><\/span><\/h3>\n<\/div><div class=\"fusion-sep-clear\"><\/div><div class=\"fusion-separator fusion-full-width-sep\" style=\"margin-left: auto;margin-right: auto;margin-top:20px;width:100%;\"><\/div><div class=\"fusion-sep-clear\"><\/div><div class=\"fusion-aligncenter\"><a class=\"fusion-button button-flat fusion-button-default-size button-custom fusion-button-default button-1 fusion-button-span-no fusion-button-default-type\" style=\"--button_accent_color:#333333;--button_border_color:#333333;--button_accent_hover_color:#ffffff;--button_border_hover_color:#ffffff;--button_border_width-top:1px;--button_border_width-right:1px;--button_border_width-bottom:1px;--button_border_width-left:1px;--button_gradient_top_color:#ffffff;--button_gradient_bottom_color:#ffffff;--button_gradient_top_color_hover:#3bafbf;--button_gradient_bottom_color_hover:#3bafbf;\" target=\"_self\" href=\"\/ca\/demanar-cita\/ \"><span class=\"fusion-button-text awb-button__text awb-button__text--default\">DEMANAR CITA<\/span><\/a><\/div><div class=\"fusion-sep-clear\"><\/div><div class=\"fusion-separator fusion-full-width-sep\" style=\"margin-left: auto;margin-right: auto;margin-top:50px;width:100%;\"><\/div><div class=\"fusion-sep-clear\"><\/div><div class=\"fusion-text fusion-text-11\"><h4 style=\"font-weight: 400; text-align: center;\"><i class=\"fa fa-map-marker\"><\/i> LOCALITZACI\u00d3<\/h4>\n<\/div><div class=\"fusion-sep-clear\"><\/div><div class=\"fusion-separator fusion-full-width-sep\" style=\"margin-left: auto;margin-right: auto;margin-top:0px;margin-bottom:30px;width:100%;max-width:100%;\"><div class=\"fusion-separator-border sep-single sep-solid\" style=\"--awb-height:20px;--awb-amount:20px;--awb-sep-color:#3bafbf;border-color:#3bafbf;border-top-width:2px;\"><\/div><\/div><div class=\"fusion-sep-clear\"><\/div><div class=\"fusion-builder-row fusion-builder-row-inner fusion-row\"><div class=\"fusion-layout-column fusion_builder_column_inner fusion-builder-nested-column-0 fusion_builder_column_inner_1_1 1_1 fusion-one-full fusion-column-first fusion-column-last\" style=\"--awb-bg-size:cover;\"><div class=\"fusion-column-wrapper fusion-flex-column-wrapper-legacy\"><div class=\"fusion-text fusion-text-12\"><p><iframe style=\"border: 0;\" src=\"https:\/\/www.google.com\/maps\/embed?pb=!1m18!1m12!1m3!1d2992.0856795543014!2d2.137169165952281!3d41.41565873374262!2m3!1f0!2f0!3f0!3m2!1i1024!2i768!4f13.1!3m3!1m2!1s0x12a49804431840b7%3A0x13794dd69ea8e00a!2sUnidad+de+Ozonoterapia!5e0!3m2!1ses!2ses!4v1552986086821\" width=\"100%\" height=\"250\" frameborder=\"0\" allowfullscreen=\"allowfullscreen\"><\/iframe><\/p>\n<\/div><div class=\"fusion-text fusion-text-13\"><p><strong>Hospital Quir\u00f3n Salud Barcelona<\/strong><br \/>\nPl. Alfonso Comin 5, 08023 Barcelona<\/p>\n<\/div><div class=\"fusion-sep-clear\"><\/div><div class=\"fusion-separator fusion-full-width-sep\" style=\"margin-left: auto;margin-right: auto;margin-bottom:20px;width:100%;\"><\/div><div class=\"fusion-sep-clear\"><\/div><div class=\"fusion-text fusion-text-14\"><p><iframe style=\"border: 0;\" src=\"https:\/\/www.google.com\/maps\/embed?pb=!1m18!1m12!1m3!1d2992.2081980104576!2d2.1573843163054813!3d41.41299897926169!2m3!1f0!2f0!3f0!3m2!1i1024!2i768!4f13.1!3m3!1m2!1s0x12a4a2b0d26ae7a5%3A0x599dbb34baa586e9!2sInstitut+Catala+D'ozonoterapia+SLP!5e0!3m2!1ses!2ses!4v1562231065109!5m2!1ses!2ses\" width=\"100%\" height=\"250\" frameborder=\"0\" allowfullscreen=\"allowfullscreen\"><\/iframe><\/p>\n<\/div><div class=\"fusion-text fusion-text-15\"><p><strong>Centro M\u00e9dico Salud Barcelona<\/strong><br \/>\nc\/ Mare de Deu de la Salut 78<\/p>\n<\/div><div class=\"fusion-sep-clear\"><\/div><div class=\"fusion-separator fusion-full-width-sep\" style=\"margin-left: auto;margin-right: auto;margin-bottom:30px;width:100%;\"><\/div><div class=\"fusion-sep-clear\"><\/div><div class=\"fusion-clearfix\"><\/div><\/div><\/div><\/div><div class=\"fusion-clearfix\"><\/div><\/div><\/div><\/div><\/div><div class=\"fusion-fullwidth fullwidth-box fusion-builder-row-3 nonhundred-percent-fullwidth non-hundred-percent-height-scrolling\" style=\"--awb-border-sizes-top:0px;--awb-border-sizes-bottom:0px;--awb-border-sizes-left:0px;--awb-border-sizes-right:0px;--awb-border-radius-top-left:0px;--awb-border-radius-top-right:0px;--awb-border-radius-bottom-right:0px;--awb-border-radius-bottom-left:0px;--awb-padding-top:30px;--awb-padding-bottom:30px;--awb-background-color:#f9f9f9;--awb-flex-wrap:wrap;\" ><div class=\"fusion-builder-row fusion-row\"><div class=\"fusion-layout-column fusion_builder_column fusion-builder-column-3 fusion_builder_column_1_1 1_1 fusion-one-full fusion-column-first fusion-column-last\" style=\"--awb-bg-size:cover;\"><div class=\"fusion-column-wrapper fusion-flex-column-wrapper-legacy\"><div class=\"fusion-title title fusion-title-2 fusion-sep-none fusion-title-center fusion-title-text fusion-title-size-two\" style=\"--awb-text-color:#444444;--awb-margin-bottom:20px;--awb-font-size:40px;\"><h2 class=\"fusion-title-heading title-heading-center fusion-responsive-typography-calculated\" style=\"margin:0;font-size:1em;--fontSize:40;line-height:1.25;\">ELS NOSTRES ESPECIALISTES<\/h2><\/div><div class=\"fusion-clearfix\"><\/div><\/div><\/div><div class=\"fusion-layout-column fusion_builder_column fusion-builder-column-4 fusion_builder_column_1_4 1_4 fusion-one-fourth fusion-column-first\" style=\"--awb-bg-size:cover;width:22%; margin-right: 4%;\"><div class=\"fusion-column-wrapper fusion-flex-column-wrapper-legacy\"><div class=\"fusion-image-element in-legacy-container\" style=\"--awb-caption-title-font-family:var(--h2_typography-font-family);--awb-caption-title-font-weight:var(--h2_typography-font-weight);--awb-caption-title-font-style:var(--h2_typography-font-style);--awb-caption-title-size:var(--h2_typography-font-size);--awb-caption-title-transform:var(--h2_typography-text-transform);--awb-caption-title-line-height:var(--h2_typography-line-height);--awb-caption-title-letter-spacing:var(--h2_typography-letter-spacing);\"><span class=\" fusion-imageframe imageframe-none imageframe-1 hover-type-none\"><a class=\"fusion-no-lightbox\" href=\"\/ca\/equip\/dra-gloria-rovira-duplaa\/\" target=\"_self\"><img decoding=\"async\" width=\"800\" height=\"1102\" src=\"https:\/\/www.ozono-terapia.com\/wp-content\/uploads\/2022\/06\/gloria.jpg\" alt class=\"img-responsive wp-image-2701\" srcset=\"https:\/\/www.ozono-terapia.com\/wp-content\/uploads\/2022\/06\/gloria-200x276.jpg 200w, https:\/\/www.ozono-terapia.com\/wp-content\/uploads\/2022\/06\/gloria-400x551.jpg 400w, https:\/\/www.ozono-terapia.com\/wp-content\/uploads\/2022\/06\/gloria-600x827.jpg 600w, https:\/\/www.ozono-terapia.com\/wp-content\/uploads\/2022\/06\/gloria.jpg 800w\" sizes=\"(max-width: 800px) 100vw, 400px\" \/><\/a><\/span><\/div><div class=\"fusion-clearfix\"><\/div><\/div><\/div><div class=\"fusion-layout-column fusion_builder_column fusion-builder-column-5 fusion_builder_column_1_4 1_4 fusion-one-fourth\" style=\"--awb-bg-size:cover;width:22%; margin-right: 4%;\"><div class=\"fusion-column-wrapper fusion-flex-column-wrapper-legacy\"><div class=\"fusion-text fusion-text-16\"><h3><strong>Dra. Gloria Rovira Dupl\u00e1a<\/strong><\/h3>\n<p><em>Jefe de la Unidad de Ozonoterapia desde 1987<\/em><\/p>\n<\/div><div class=\"fusion-text fusion-text-17\"><p><strong>Formaci\u00f3 Acad\u00e8mica:<\/strong><\/p>\n<ul>\n<li>Internado Rotatorio en el Beth Israel Medical Center de Newark (EEUU).<\/li>\n<li>Licenciada en Medicina y Cirug\u00eda por la Universidad Aut\u00f3noma de Barcelona.<\/li>\n<li>Doctorada en Medicina por la Medizinische Hochschule Hannover (Alemania).<\/li>\n<\/ul>\n<\/div><div class=\"fusion-clearfix\"><\/div><\/div><\/div><div class=\"fusion-layout-column fusion_builder_column fusion-builder-column-6 fusion_builder_column_1_4 1_4 fusion-one-fourth\" style=\"--awb-bg-size:cover;width:22%; margin-right: 4%;\"><div class=\"fusion-column-wrapper fusion-flex-column-wrapper-legacy\"><div class=\"fusion-image-element in-legacy-container\" style=\"--awb-caption-title-font-family:var(--h2_typography-font-family);--awb-caption-title-font-weight:var(--h2_typography-font-weight);--awb-caption-title-font-style:var(--h2_typography-font-style);--awb-caption-title-size:var(--h2_typography-font-size);--awb-caption-title-transform:var(--h2_typography-text-transform);--awb-caption-title-line-height:var(--h2_typography-line-height);--awb-caption-title-letter-spacing:var(--h2_typography-letter-spacing);\"><span class=\" fusion-imageframe imageframe-none imageframe-2 hover-type-none\"><a class=\"fusion-no-lightbox\" href=\"\/ca\/equip\/dr-pablo-clavel-laria\/\" target=\"_self\" aria-label=\"Pablo-Clavel-Laria\"><img decoding=\"async\" width=\"911\" height=\"1214\" src=\"http:\/\/ozono-terapia.com\/wp-content\/uploads\/2019\/03\/Pablo-Clavel-Laria.jpg\" alt class=\"img-responsive wp-image-1512\" srcset=\"https:\/\/www.ozono-terapia.com\/wp-content\/uploads\/2019\/03\/Pablo-Clavel-Laria-200x267.jpg 200w, https:\/\/www.ozono-terapia.com\/wp-content\/uploads\/2019\/03\/Pablo-Clavel-Laria-400x533.jpg 400w, https:\/\/www.ozono-terapia.com\/wp-content\/uploads\/2019\/03\/Pablo-Clavel-Laria-600x800.jpg 600w, https:\/\/www.ozono-terapia.com\/wp-content\/uploads\/2019\/03\/Pablo-Clavel-Laria-800x1066.jpg 800w, https:\/\/www.ozono-terapia.com\/wp-content\/uploads\/2019\/03\/Pablo-Clavel-Laria.jpg 911w\" sizes=\"(max-width: 800px) 100vw, 400px\" \/><\/a><\/span><\/div><div class=\"fusion-clearfix\"><\/div><\/div><\/div><div class=\"fusion-layout-column fusion_builder_column fusion-builder-column-7 fusion_builder_column_1_4 1_4 fusion-one-fourth fusion-column-last\" style=\"--awb-bg-size:cover;width:22%;\"><div class=\"fusion-column-wrapper fusion-flex-column-wrapper-legacy\"><div class=\"fusion-text fusion-text-18\"><h3><strong>Dr. Pablo Clavel Laria<\/strong><\/h3>\n<p><em>Neurocirujano<\/em><\/p>\n<\/div><div class=\"fusion-text fusion-text-19\"><p><strong>Formaci\u00f3 Acad\u00e8mica:<\/strong><\/p>\n<ul>\n<li>Licenciado en Medicina y Cirug\u00eda por la Universidad de Barcelona 1993.<\/li>\n<li>T\u00edtulo de especialista en Neurocirug\u00eda v\u00eda MIR.<\/li>\n<li>Director de Instituto Clavel (Cirug\u00eda No Invasiva de la Columna Vertebral)<\/li>\n<\/ul>\n<\/div><div class=\"fusion-clearfix\"><\/div><\/div><\/div><\/div><\/div><div class=\"fusion-fullwidth fullwidth-box fusion-builder-row-4 nonhundred-percent-fullwidth non-hundred-percent-height-scrolling\" style=\"--awb-border-radius-top-left:0px;--awb-border-radius-top-right:0px;--awb-border-radius-bottom-right:0px;--awb-border-radius-bottom-left:0px;--awb-margin-top:50px;--awb-margin-bottom:80px;--awb-flex-wrap:wrap;\" ><div class=\"fusion-builder-row fusion-row\"><div class=\"fusion-layout-column fusion_builder_column fusion-builder-column-8 fusion_builder_column_1_1 1_1 fusion-one-full fusion-column-first fusion-column-last\" style=\"--awb-bg-size:cover;\"><div class=\"fusion-column-wrapper fusion-flex-column-wrapper-legacy\"><div class=\"fusion-title title fusion-title-3 fusion-sep-none fusion-title-center fusion-title-text fusion-title-size-two\" style=\"--awb-margin-bottom:20px;--awb-font-size:40px;\"><h2 class=\"fusion-title-heading title-heading-center fusion-responsive-typography-calculated\" style=\"margin:0;font-size:1em;--fontSize:40;line-height:1.25;\">ARTICLES<\/h2><\/div><div class=\"fusion-sep-clear\"><\/div><div class=\"fusion-separator fusion-full-width-sep\" style=\"margin-left: auto;margin-right: auto;margin-bottom:30px;width:100%;\"><\/div><div class=\"fusion-sep-clear\"><\/div><div class=\"fusion-blog-shortcode fusion-blog-shortcode-1 fusion-blog-archive fusion-blog-layout-grid-wrapper fusion-blog-no\"><style type=\"text\/css\">.fusion-blog-shortcode-1 .fusion-blog-layout-grid .fusion-post-grid{padding:20px;}.fusion-blog-shortcode-1 .fusion-posts-container{margin-left: -20px !important; margin-right:-20px !important;}<\/style><div class=\"fusion-posts-container fusion-posts-container-no fusion-blog-rollover fusion-blog-layout-grid fusion-blog-layout-grid-3 isotope fusion-blog-layout-masonry\" data-pages=\"14\" data-grid-col-space=\"40\" style=\"margin: -20px -20px 0;min-height:500px;\"><article class=\"fusion-post-grid fusion-post-masonry post fusion-grid-sizer\"><\/article><article id=\"blog-1-post-3366\" class=\"fusion-post-masonry fusion-post-grid fusion-element-grid post-3366 post type-post status-publish format-standard has-post-thumbnail hentry category-covid-19 category-fibromialgia category-general category-noticias category-oncologia category-ozonoterapia-y-bienestar category-ozonoterapia-y-coronavirus category-pie-diabetico\">\n<div class=\"fusion-post-wrapper\" style=\"background-color:rgba(255,255,255,1);border:1px solid #ffffff;border-bottom-width:3px;\"><div  class=\"fusion-masonry-element-container fusion-image-wrapper\" style=\"background-image:url(https:\/\/www.ozono-terapia.com\/wp-content\/uploads\/2026\/03\/AH-2019-4-copia-2-scaled.jpg);padding-top:calc((100% + 38px) * 0.8 - 20px);\" aria-haspopup=\"true\">\n\t\t\t\t<img decoding=\"async\" width=\"2560\" height=\"1798\" src=\"https:\/\/www.ozono-terapia.com\/wp-content\/uploads\/2026\/03\/AH-2019-4-copia-2-scaled.jpg\" class=\"attachment-full size-full wp-post-image\" alt=\"\" srcset=\"https:\/\/www.ozono-terapia.com\/wp-content\/uploads\/2026\/03\/AH-2019-4-copia-2-200x141.jpg 200w, https:\/\/www.ozono-terapia.com\/wp-content\/uploads\/2026\/03\/AH-2019-4-copia-2-400x281.jpg 400w, https:\/\/www.ozono-terapia.com\/wp-content\/uploads\/2026\/03\/AH-2019-4-copia-2-600x422.jpg 600w, https:\/\/www.ozono-terapia.com\/wp-content\/uploads\/2026\/03\/AH-2019-4-copia-2-800x562.jpg 800w, https:\/\/www.ozono-terapia.com\/wp-content\/uploads\/2026\/03\/AH-2019-4-copia-2-1200x843.jpg 1200w, https:\/\/www.ozono-terapia.com\/wp-content\/uploads\/2026\/03\/AH-2019-4-copia-2-scaled.jpg 2560w\" sizes=\"(min-width: 2200px) 100vw, (min-width: 824px) 373px, (min-width: 732px) 560px, (min-width: 640px) 732px, \" \/><div class=\"fusion-rollover\">\n\t<div class=\"fusion-rollover-content\">\n\n\t\t\t\t\t\t\t\t\t\t\t\t\t\t<a class=\"fusion-rollover-link\" href=\"https:\/\/www.ozono-terapia.com\/ca\/ozonoterapia-como-ayuda-contra-la-inflamacion-cronica\/\">Ozonoterapia: \u00bfComo ayuda contra la Inflamaci\u00f3n Cr\u00f3nica?<\/a>\n\t\t\t\n\t\t\t\t\t\t\t\t\n\t\t\n\t\t\t\t\t\t\t\t\n\t\t\t\t\t\t\t\t\n\t\t\n\t\t\t\t\t\t<a class=\"fusion-link-wrapper\" href=\"https:\/\/www.ozono-terapia.com\/ca\/ozonoterapia-como-ayuda-contra-la-inflamacion-cronica\/\" aria-label=\"Ozonoterapia: \u00bfComo ayuda contra la Inflamaci\u00f3n Cr\u00f3nica?\"><\/a>\n\t<\/div>\n<\/div>\n<\/div>\n<div class=\"fusion-post-content-wrapper\" style=\"padding:30px 25px 20px 25px;background-color:rgba(255,255,255,1);\"><div class=\"fusion-post-content post-content\"><h2 class=\"blog-shortcode-post-title entry-title\"><a href=\"https:\/\/www.ozono-terapia.com\/ca\/ozonoterapia-como-ayuda-contra-la-inflamacion-cronica\/\">Ozonoterapia: \u00bfComo ayuda contra la Inflamaci\u00f3n Cr\u00f3nica?<\/a><\/h2><p class=\"fusion-single-line-meta\"><span class=\"vcard\" style=\"display: none;\"><span class=\"fn\"><a href=\"https:\/\/www.ozono-terapia.com\/ca\/author\/gloria\/\" title=\"Entrades de Institut Catal\u00e0 d&#039;Ozonoter\u00e0pia\" rel=\"author\">Institut Catal\u00e0 d'Ozonoter\u00e0pia<\/a><\/span><\/span><span class=\"updated\" style=\"display:none;\">2026-03-06T19:28:11+01:00<\/span><span>6 mar\u00e7, 2026<\/span><span class=\"fusion-inline-sep\">|<\/span><\/p><\/div><\/div><div class=\"fusion-clearfix\"><\/div><\/div>\n<\/article>\n<article id=\"blog-1-post-3360\" class=\"fusion-post-masonry fusion-post-grid fusion-element-grid post-3360 post type-post status-publish format-standard has-post-thumbnail hentry category-covid-19 category-fibromialgia category-general category-noticias category-ozonoterapia-y-bienestar category-ozonoterapia-y-coronavirus\">\n<div class=\"fusion-post-wrapper\" style=\"background-color:rgba(255,255,255,1);border:1px solid #ffffff;border-bottom-width:3px;\"><div  class=\"fusion-masonry-element-container fusion-image-wrapper\" style=\"background-image:url(https:\/\/www.ozono-terapia.com\/wp-content\/uploads\/2026\/02\/Mujer-cansada-Covid.png);padding-top:calc((100% + 38px) * 0.8 - 20px);\" aria-haspopup=\"true\">\n\t\t\t\t<img decoding=\"async\" width=\"1024\" height=\"1536\" src=\"https:\/\/www.ozono-terapia.com\/wp-content\/uploads\/2026\/02\/Mujer-cansada-Covid.png\" class=\"attachment-full size-full wp-post-image\" alt=\"\" srcset=\"https:\/\/www.ozono-terapia.com\/wp-content\/uploads\/2026\/02\/Mujer-cansada-Covid-200x300.png 200w, https:\/\/www.ozono-terapia.com\/wp-content\/uploads\/2026\/02\/Mujer-cansada-Covid-400x600.png 400w, https:\/\/www.ozono-terapia.com\/wp-content\/uploads\/2026\/02\/Mujer-cansada-Covid-600x900.png 600w, https:\/\/www.ozono-terapia.com\/wp-content\/uploads\/2026\/02\/Mujer-cansada-Covid-800x1200.png 800w, https:\/\/www.ozono-terapia.com\/wp-content\/uploads\/2026\/02\/Mujer-cansada-Covid.png 1024w\" sizes=\"(min-width: 2200px) 100vw, (min-width: 824px) 373px, (min-width: 732px) 560px, (min-width: 640px) 732px, \" \/><div class=\"fusion-rollover\">\n\t<div class=\"fusion-rollover-content\">\n\n\t\t\t\t\t\t\t\t\t\t\t\t\t\t<a class=\"fusion-rollover-link\" href=\"https:\/\/www.ozono-terapia.com\/ca\/ozonoterapia-una-via-hacia-la-recuperacion-en-el-covid-persistente\/\">Ozonoterapia: Una v\u00eda hacia la recuperaci\u00f3n en el COVID Persistente<\/a>\n\t\t\t\n\t\t\t\t\t\t\t\t\n\t\t\n\t\t\t\t\t\t\t\t\n\t\t\t\t\t\t\t\t\n\t\t\n\t\t\t\t\t\t<a class=\"fusion-link-wrapper\" href=\"https:\/\/www.ozono-terapia.com\/ca\/ozonoterapia-una-via-hacia-la-recuperacion-en-el-covid-persistente\/\" aria-label=\"Ozonoterapia: Una v\u00eda hacia la recuperaci\u00f3n en el COVID Persistente\"><\/a>\n\t<\/div>\n<\/div>\n<\/div>\n<div class=\"fusion-post-content-wrapper\" style=\"padding:30px 25px 20px 25px;background-color:rgba(255,255,255,1);\"><div class=\"fusion-post-content post-content\"><h2 class=\"blog-shortcode-post-title entry-title\"><a href=\"https:\/\/www.ozono-terapia.com\/ca\/ozonoterapia-una-via-hacia-la-recuperacion-en-el-covid-persistente\/\">Ozonoterapia: Una v\u00eda hacia la recuperaci\u00f3n en el COVID Persistente<\/a><\/h2><p class=\"fusion-single-line-meta\"><span class=\"vcard\" style=\"display: none;\"><span class=\"fn\"><a href=\"https:\/\/www.ozono-terapia.com\/ca\/author\/gloria\/\" title=\"Entrades de Institut Catal\u00e0 d&#039;Ozonoter\u00e0pia\" rel=\"author\">Institut Catal\u00e0 d'Ozonoter\u00e0pia<\/a><\/span><\/span><span class=\"updated\" style=\"display:none;\">2026-02-17T16:53:34+01:00<\/span><span>17 febrer, 2026<\/span><span class=\"fusion-inline-sep\">|<\/span><\/p><\/div><\/div><div class=\"fusion-clearfix\"><\/div><\/div>\n<\/article>\n<article id=\"blog-1-post-3349\" class=\"fusion-post-masonry fusion-post-grid fusion-element-grid post-3349 post type-post status-publish format-standard has-post-thumbnail hentry category-dolor-espalda category-estenosis-de-canal category-general category-hernia-discal category-noticias\">\n<div class=\"fusion-post-wrapper\" style=\"background-color:rgba(255,255,255,1);border:1px solid #ffffff;border-bottom-width:3px;\"><div  class=\"fusion-masonry-element-container fusion-image-wrapper\" style=\"background-image:url(https:\/\/www.ozono-terapia.com\/wp-content\/uploads\/2026\/02\/Estenosis-canal-2026.png);padding-top:calc((100% + 38px) * 0.8 - 20px);\" aria-haspopup=\"true\">\n\t\t\t\t<img decoding=\"async\" width=\"1024\" height=\"1536\" src=\"https:\/\/www.ozono-terapia.com\/wp-content\/uploads\/2026\/02\/Estenosis-canal-2026.png\" class=\"attachment-full size-full wp-post-image\" alt=\"\" srcset=\"https:\/\/www.ozono-terapia.com\/wp-content\/uploads\/2026\/02\/Estenosis-canal-2026-200x300.png 200w, https:\/\/www.ozono-terapia.com\/wp-content\/uploads\/2026\/02\/Estenosis-canal-2026-400x600.png 400w, https:\/\/www.ozono-terapia.com\/wp-content\/uploads\/2026\/02\/Estenosis-canal-2026-600x900.png 600w, https:\/\/www.ozono-terapia.com\/wp-content\/uploads\/2026\/02\/Estenosis-canal-2026-800x1200.png 800w, https:\/\/www.ozono-terapia.com\/wp-content\/uploads\/2026\/02\/Estenosis-canal-2026.png 1024w\" sizes=\"(min-width: 2200px) 100vw, (min-width: 824px) 373px, (min-width: 732px) 560px, (min-width: 640px) 732px, \" \/><div class=\"fusion-rollover\">\n\t<div class=\"fusion-rollover-content\">\n\n\t\t\t\t\t\t\t\t\t\t\t\t\t\t<a class=\"fusion-rollover-link\" href=\"https:\/\/www.ozono-terapia.com\/ca\/estenosis-de-canal-lumbar-como-puede-ayudar-la-ozonoterapia\/\">Estenosis de canal lumbar: c\u00f3mo puede ayudar la ozonoterapia<\/a>\n\t\t\t\n\t\t\t\t\t\t\t\t\n\t\t\n\t\t\t\t\t\t\t\t\n\t\t\t\t\t\t\t\t\n\t\t\n\t\t\t\t\t\t<a class=\"fusion-link-wrapper\" href=\"https:\/\/www.ozono-terapia.com\/ca\/estenosis-de-canal-lumbar-como-puede-ayudar-la-ozonoterapia\/\" aria-label=\"Estenosis de canal lumbar: c\u00f3mo puede ayudar la ozonoterapia\"><\/a>\n\t<\/div>\n<\/div>\n<\/div>\n<div class=\"fusion-post-content-wrapper\" style=\"padding:30px 25px 20px 25px;background-color:rgba(255,255,255,1);\"><div class=\"fusion-post-content post-content\"><h2 class=\"blog-shortcode-post-title entry-title\"><a href=\"https:\/\/www.ozono-terapia.com\/ca\/estenosis-de-canal-lumbar-como-puede-ayudar-la-ozonoterapia\/\">Estenosis de canal lumbar: c\u00f3mo puede ayudar la ozonoterapia<\/a><\/h2><p class=\"fusion-single-line-meta\"><span class=\"vcard\" style=\"display: none;\"><span class=\"fn\"><a href=\"https:\/\/www.ozono-terapia.com\/ca\/author\/gloria\/\" title=\"Entrades de Institut Catal\u00e0 d&#039;Ozonoter\u00e0pia\" rel=\"author\">Institut Catal\u00e0 d'Ozonoter\u00e0pia<\/a><\/span><\/span><span class=\"updated\" style=\"display:none;\">2026-02-02T16:10:19+01:00<\/span><span>2 febrer, 2026<\/span><span class=\"fusion-inline-sep\">|<\/span><\/p><\/div><\/div><div class=\"fusion-clearfix\"><\/div><\/div>\n<\/article>\n<article id=\"blog-1-post-3322\" class=\"fusion-post-masonry fusion-post-grid fusion-element-grid post-3322 post type-post status-publish format-standard has-post-thumbnail hentry category-covid-19 category-fibromialgia category-general category-noticias category-oncologia category-ozonoterapia-y-bienestar category-ozonoterapia-y-coronavirus\">\n<div class=\"fusion-post-wrapper\" style=\"background-color:rgba(255,255,255,1);border:1px solid #ffffff;border-bottom-width:3px;\"><div  class=\"fusion-masonry-element-container fusion-image-wrapper\" style=\"background-image:url(https:\/\/www.ozono-terapia.com\/wp-content\/uploads\/2025\/12\/Nujer-cansada-Gemini-2025.png);padding-top:calc((100% + 38px) * 0.8 - 20px);\" aria-haspopup=\"true\">\n\t\t\t\t<img decoding=\"async\" width=\"1024\" height=\"1024\" src=\"https:\/\/www.ozono-terapia.com\/wp-content\/uploads\/2025\/12\/Nujer-cansada-Gemini-2025.png\" class=\"attachment-full size-full wp-post-image\" alt=\"\" srcset=\"https:\/\/www.ozono-terapia.com\/wp-content\/uploads\/2025\/12\/Nujer-cansada-Gemini-2025-200x200.png 200w, https:\/\/www.ozono-terapia.com\/wp-content\/uploads\/2025\/12\/Nujer-cansada-Gemini-2025-400x400.png 400w, https:\/\/www.ozono-terapia.com\/wp-content\/uploads\/2025\/12\/Nujer-cansada-Gemini-2025-600x600.png 600w, https:\/\/www.ozono-terapia.com\/wp-content\/uploads\/2025\/12\/Nujer-cansada-Gemini-2025-800x800.png 800w, https:\/\/www.ozono-terapia.com\/wp-content\/uploads\/2025\/12\/Nujer-cansada-Gemini-2025.png 1024w\" sizes=\"(min-width: 2200px) 100vw, (min-width: 824px) 373px, (min-width: 732px) 560px, (min-width: 640px) 732px, \" \/><div class=\"fusion-rollover\">\n\t<div class=\"fusion-rollover-content\">\n\n\t\t\t\t\t\t\t\t\t\t\t\t\t\t<a class=\"fusion-rollover-link\" href=\"https:\/\/www.ozono-terapia.com\/ca\/fatiga-cronica-causas-y-ozonoterapia-barcelona\/\">Fatiga Cr\u00f3nica, causas y Ozonoterapia Barcelona<\/a>\n\t\t\t\n\t\t\t\t\t\t\t\t\n\t\t\n\t\t\t\t\t\t\t\t\n\t\t\t\t\t\t\t\t\n\t\t\n\t\t\t\t\t\t<a class=\"fusion-link-wrapper\" href=\"https:\/\/www.ozono-terapia.com\/ca\/fatiga-cronica-causas-y-ozonoterapia-barcelona\/\" aria-label=\"Fatiga Cr\u00f3nica, causas y Ozonoterapia Barcelona\"><\/a>\n\t<\/div>\n<\/div>\n<\/div>\n<div class=\"fusion-post-content-wrapper\" style=\"padding:30px 25px 20px 25px;background-color:rgba(255,255,255,1);\"><div class=\"fusion-post-content post-content\"><h2 class=\"blog-shortcode-post-title entry-title\"><a href=\"https:\/\/www.ozono-terapia.com\/ca\/fatiga-cronica-causas-y-ozonoterapia-barcelona\/\">Fatiga Cr\u00f3nica, causas y Ozonoterapia Barcelona<\/a><\/h2><p class=\"fusion-single-line-meta\"><span class=\"vcard\" style=\"display: none;\"><span class=\"fn\"><a href=\"https:\/\/www.ozono-terapia.com\/ca\/author\/gloria\/\" title=\"Entrades de Institut Catal\u00e0 d&#039;Ozonoter\u00e0pia\" rel=\"author\">Institut Catal\u00e0 d'Ozonoter\u00e0pia<\/a><\/span><\/span><span class=\"updated\" style=\"display:none;\">2026-01-08T11:51:36+01:00<\/span><span>8 gener, 2026<\/span><span class=\"fusion-inline-sep\">|<\/span><\/p><\/div><\/div><div class=\"fusion-clearfix\"><\/div><\/div>\n<\/article>\n<article id=\"blog-1-post-3314\" class=\"fusion-post-masonry fusion-post-grid fusion-element-grid post-3314 post type-post status-publish format-standard has-post-thumbnail hentry category-covid-19 category-fibromialgia category-general category-noticias category-oncologia category-ozonoterapia-y-bienestar category-ozonoterapia-y-coronavirus\">\n<div class=\"fusion-post-wrapper\" style=\"background-color:rgba(255,255,255,1);border:1px solid #ffffff;border-bottom-width:3px;\"><div  class=\"fusion-masonry-element-container fusion-image-wrapper\" style=\"background-image:url(https:\/\/www.ozono-terapia.com\/wp-content\/uploads\/2025\/12\/Nujer-cansada-Gemini-2025.png);padding-top:calc((100% + 38px) * 0.8 - 20px);\" aria-haspopup=\"true\">\n\t\t\t\t<img decoding=\"async\" width=\"1024\" height=\"1024\" src=\"https:\/\/www.ozono-terapia.com\/wp-content\/uploads\/2025\/12\/Nujer-cansada-Gemini-2025.png\" class=\"attachment-full size-full wp-post-image\" alt=\"\" srcset=\"https:\/\/www.ozono-terapia.com\/wp-content\/uploads\/2025\/12\/Nujer-cansada-Gemini-2025-200x200.png 200w, https:\/\/www.ozono-terapia.com\/wp-content\/uploads\/2025\/12\/Nujer-cansada-Gemini-2025-400x400.png 400w, https:\/\/www.ozono-terapia.com\/wp-content\/uploads\/2025\/12\/Nujer-cansada-Gemini-2025-600x600.png 600w, https:\/\/www.ozono-terapia.com\/wp-content\/uploads\/2025\/12\/Nujer-cansada-Gemini-2025-800x800.png 800w, https:\/\/www.ozono-terapia.com\/wp-content\/uploads\/2025\/12\/Nujer-cansada-Gemini-2025.png 1024w\" sizes=\"(min-width: 2200px) 100vw, (min-width: 824px) 373px, (min-width: 732px) 560px, (min-width: 640px) 732px, \" \/><div class=\"fusion-rollover\">\n\t<div class=\"fusion-rollover-content\">\n\n\t\t\t\t\t\t\t\t\t\t\t\t\t\t<a class=\"fusion-rollover-link\" href=\"https:\/\/www.ozono-terapia.com\/ca\/cansancio-cronico-y-ozonoterapia\/\">Cansancio cr\u00f3nico y Ozonoterapia<\/a>\n\t\t\t\n\t\t\t\t\t\t\t\t\n\t\t\n\t\t\t\t\t\t\t\t\n\t\t\t\t\t\t\t\t\n\t\t\n\t\t\t\t\t\t<a class=\"fusion-link-wrapper\" href=\"https:\/\/www.ozono-terapia.com\/ca\/cansancio-cronico-y-ozonoterapia\/\" aria-label=\"Cansancio cr\u00f3nico y Ozonoterapia\"><\/a>\n\t<\/div>\n<\/div>\n<\/div>\n<div class=\"fusion-post-content-wrapper\" style=\"padding:30px 25px 20px 25px;background-color:rgba(255,255,255,1);\"><div class=\"fusion-post-content post-content\"><h2 class=\"blog-shortcode-post-title entry-title\"><a href=\"https:\/\/www.ozono-terapia.com\/ca\/cansancio-cronico-y-ozonoterapia\/\">Cansancio cr\u00f3nico y Ozonoterapia<\/a><\/h2><p class=\"fusion-single-line-meta\"><span class=\"vcard\" style=\"display: none;\"><span class=\"fn\"><a href=\"https:\/\/www.ozono-terapia.com\/ca\/author\/gloria\/\" title=\"Entrades de Institut Catal\u00e0 d&#039;Ozonoter\u00e0pia\" rel=\"author\">Institut Catal\u00e0 d'Ozonoter\u00e0pia<\/a><\/span><\/span><span class=\"updated\" style=\"display:none;\">2025-12-11T12:26:49+01:00<\/span><span>11 desembre, 2025<\/span><span class=\"fusion-inline-sep\">|<\/span><\/p><\/div><\/div><div class=\"fusion-clearfix\"><\/div><\/div>\n<\/article>\n<article id=\"blog-1-post-3307\" class=\"fusion-post-masonry fusion-post-grid fusion-element-grid post-3307 post type-post status-publish format-standard has-post-thumbnail hentry category-artrosis-de-rodilla category-fibromialgia category-general category-noticias category-ozonoterapia-y-bienestar\">\n<div class=\"fusion-post-wrapper\" style=\"background-color:rgba(255,255,255,1);border:1px solid #ffffff;border-bottom-width:3px;\"><div  class=\"fusion-masonry-element-container fusion-image-wrapper\" style=\"background-image:url(https:\/\/www.ozono-terapia.com\/wp-content\/uploads\/2025\/11\/Rodilla-2016-2-scaled.jpg);padding-top:calc((100% + 38px) * 0.8 - 20px);\" aria-haspopup=\"true\">\n\t\t\t\t<img decoding=\"async\" width=\"1677\" height=\"2560\" src=\"https:\/\/www.ozono-terapia.com\/wp-content\/uploads\/2025\/11\/Rodilla-2016-2-scaled.jpg\" class=\"attachment-full size-full wp-post-image\" alt=\"\" srcset=\"https:\/\/www.ozono-terapia.com\/wp-content\/uploads\/2025\/11\/Rodilla-2016-2-200x305.jpg 200w, https:\/\/www.ozono-terapia.com\/wp-content\/uploads\/2025\/11\/Rodilla-2016-2-400x611.jpg 400w, https:\/\/www.ozono-terapia.com\/wp-content\/uploads\/2025\/11\/Rodilla-2016-2-600x916.jpg 600w, https:\/\/www.ozono-terapia.com\/wp-content\/uploads\/2025\/11\/Rodilla-2016-2-800x1221.jpg 800w, https:\/\/www.ozono-terapia.com\/wp-content\/uploads\/2025\/11\/Rodilla-2016-2-1200x1832.jpg 1200w, https:\/\/www.ozono-terapia.com\/wp-content\/uploads\/2025\/11\/Rodilla-2016-2-scaled.jpg 1677w\" sizes=\"(min-width: 2200px) 100vw, (min-width: 824px) 373px, (min-width: 732px) 560px, (min-width: 640px) 732px, \" \/><div class=\"fusion-rollover\">\n\t<div class=\"fusion-rollover-content\">\n\n\t\t\t\t\t\t\t\t\t\t\t\t\t\t<a class=\"fusion-rollover-link\" href=\"https:\/\/www.ozono-terapia.com\/ca\/dolor-de-rodilla-y-ozonoterapia-barcelona\/\">Artrosis de Rodilla y Ozonoterapia Barcelona<\/a>\n\t\t\t\n\t\t\t\t\t\t\t\t\n\t\t\n\t\t\t\t\t\t\t\t\n\t\t\t\t\t\t\t\t\n\t\t\n\t\t\t\t\t\t<a class=\"fusion-link-wrapper\" href=\"https:\/\/www.ozono-terapia.com\/ca\/dolor-de-rodilla-y-ozonoterapia-barcelona\/\" aria-label=\"Artrosis de Rodilla y Ozonoterapia Barcelona\"><\/a>\n\t<\/div>\n<\/div>\n<\/div>\n<div class=\"fusion-post-content-wrapper\" style=\"padding:30px 25px 20px 25px;background-color:rgba(255,255,255,1);\"><div class=\"fusion-post-content post-content\"><h2 class=\"blog-shortcode-post-title entry-title\"><a href=\"https:\/\/www.ozono-terapia.com\/ca\/dolor-de-rodilla-y-ozonoterapia-barcelona\/\">Artrosis de Rodilla y Ozonoterapia Barcelona<\/a><\/h2><p class=\"fusion-single-line-meta\"><span class=\"vcard\" style=\"display: none;\"><span class=\"fn\"><a href=\"https:\/\/www.ozono-terapia.com\/ca\/author\/gloria\/\" title=\"Entrades de Institut Catal\u00e0 d&#039;Ozonoter\u00e0pia\" rel=\"author\">Institut Catal\u00e0 d'Ozonoter\u00e0pia<\/a><\/span><\/span><span class=\"updated\" style=\"display:none;\">2025-11-19T08:52:33+01:00<\/span><span>18 novembre, 2025<\/span><span class=\"fusion-inline-sep\">|<\/span><\/p><\/div><\/div><div class=\"fusion-clearfix\"><\/div><\/div>\n<\/article>\n<div class=\"fusion-clearfix\"><\/div><\/div><\/div><div class=\"fusion-clearfix\"><\/div><\/div><\/div><\/div><\/div><\/p>\n","protected":false},"excerpt":{"rendered":"","protected":false},"author":1,"featured_media":0,"parent":0,"menu_order":0,"comment_status":"closed","ping_status":"closed","template":"100-width.php","meta":{"footnotes":""},"class_list":["post-1506","page","type-page","status-publish","hentry"],"yoast_head":"<!-- This site is optimized with the Yoast SEO plugin v27.4 - https:\/\/yoast.com\/product\/yoast-seo-wordpress\/ -->\n<title>H\u00e8rnies de Disc - Institut Catal\u00e0 d&#039;Ozonoter\u00e0pia<\/title>\n<meta name=\"robots\" content=\"index, follow, max-snippet:-1, max-image-preview:large, max-video-preview:-1\" \/>\n<link rel=\"canonical\" href=\"https:\/\/www.ozono-terapia.com\/ca\/hernies-de-disc\/\" \/>\n<meta property=\"og:locale\" content=\"ca_ES\" \/>\n<meta property=\"og:type\" content=\"article\" \/>\n<meta property=\"og:title\" content=\"H\u00e8rnies de Disc - Institut Catal\u00e0 d&#039;Ozonoter\u00e0pia\" \/>\n<meta property=\"og:url\" content=\"https:\/\/www.ozono-terapia.com\/ca\/hernies-de-disc\/\" \/>\n<meta property=\"og:site_name\" content=\"Institut Catal\u00e0 d&#039;Ozonoter\u00e0pia\" \/>\n<meta property=\"article:modified_time\" content=\"2022-06-13T10:48:48+00:00\" \/>\n<meta property=\"og:image\" content=\"http:\/\/ozono-terapia.com\/wp-content\/uploads\/2019\/03\/que-es-hernia.jpg\" \/>\n<meta name=\"twitter:card\" content=\"summary_large_image\" \/>\n<meta name=\"twitter:label1\" content=\"Temps estimat de lectura\" \/>\n\t<meta name=\"twitter:data1\" content=\"9 minuts\" \/>\n<script type=\"application\/ld+json\" class=\"yoast-schema-graph\">{\"@context\":\"https:\\\/\\\/schema.org\",\"@graph\":[{\"@type\":\"WebPage\",\"@id\":\"https:\\\/\\\/www.ozono-terapia.com\\\/ca\\\/hernies-de-disc\\\/\",\"url\":\"https:\\\/\\\/www.ozono-terapia.com\\\/ca\\\/hernies-de-disc\\\/\",\"name\":\"H\u00e8rnies de Disc - Institut Catal\u00e0 d&#039;Ozonoter\u00e0pia\",\"isPartOf\":{\"@id\":\"https:\\\/\\\/www.ozono-terapia.com\\\/#website\"},\"primaryImageOfPage\":{\"@id\":\"https:\\\/\\\/www.ozono-terapia.com\\\/ca\\\/hernies-de-disc\\\/#primaryimage\"},\"image\":{\"@id\":\"https:\\\/\\\/www.ozono-terapia.com\\\/ca\\\/hernies-de-disc\\\/#primaryimage\"},\"thumbnailUrl\":\"http:\\\/\\\/ozono-terapia.com\\\/wp-content\\\/uploads\\\/2019\\\/03\\\/que-es-hernia.jpg\",\"datePublished\":\"2019-03-05T10:18:20+00:00\",\"dateModified\":\"2022-06-13T10:48:48+00:00\",\"breadcrumb\":{\"@id\":\"https:\\\/\\\/www.ozono-terapia.com\\\/ca\\\/hernies-de-disc\\\/#breadcrumb\"},\"inLanguage\":\"ca\",\"potentialAction\":[{\"@type\":\"ReadAction\",\"target\":[\"https:\\\/\\\/www.ozono-terapia.com\\\/ca\\\/hernies-de-disc\\\/\"]}]},{\"@type\":\"ImageObject\",\"inLanguage\":\"ca\",\"@id\":\"https:\\\/\\\/www.ozono-terapia.com\\\/ca\\\/hernies-de-disc\\\/#primaryimage\",\"url\":\"http:\\\/\\\/ozono-terapia.com\\\/wp-content\\\/uploads\\\/2019\\\/03\\\/que-es-hernia.jpg\",\"contentUrl\":\"http:\\\/\\\/ozono-terapia.com\\\/wp-content\\\/uploads\\\/2019\\\/03\\\/que-es-hernia.jpg\"},{\"@type\":\"BreadcrumbList\",\"@id\":\"https:\\\/\\\/www.ozono-terapia.com\\\/ca\\\/hernies-de-disc\\\/#breadcrumb\",\"itemListElement\":[{\"@type\":\"ListItem\",\"position\":1,\"name\":\"Home\",\"item\":\"https:\\\/\\\/www.ozono-terapia.com\\\/ca\\\/\"},{\"@type\":\"ListItem\",\"position\":2,\"name\":\"H\u00e8rnies de Disc\"}]},{\"@type\":\"WebSite\",\"@id\":\"https:\\\/\\\/www.ozono-terapia.com\\\/#website\",\"url\":\"https:\\\/\\\/www.ozono-terapia.com\\\/\",\"name\":\"Institut Catal\u00e0 d&#039;Ozonoter\u00e0pia\",\"description\":\"\",\"publisher\":{\"@id\":\"https:\\\/\\\/www.ozono-terapia.com\\\/#organization\"},\"potentialAction\":[{\"@type\":\"SearchAction\",\"target\":{\"@type\":\"EntryPoint\",\"urlTemplate\":\"https:\\\/\\\/www.ozono-terapia.com\\\/?s={search_term_string}\"},\"query-input\":{\"@type\":\"PropertyValueSpecification\",\"valueRequired\":true,\"valueName\":\"search_term_string\"}}],\"inLanguage\":\"ca\"},{\"@type\":\"Organization\",\"@id\":\"https:\\\/\\\/www.ozono-terapia.com\\\/#organization\",\"name\":\"Institut Catal\u00e0 d&#039;Ozonoter\u00e0pia\",\"url\":\"https:\\\/\\\/www.ozono-terapia.com\\\/\",\"logo\":{\"@type\":\"ImageObject\",\"inLanguage\":\"ca\",\"@id\":\"https:\\\/\\\/www.ozono-terapia.com\\\/#\\\/schema\\\/logo\\\/image\\\/\",\"url\":\"https:\\\/\\\/www.ozono-terapia.com\\\/wp-content\\\/uploads\\\/2019\\\/02\\\/ozono_logo_2x.png\",\"contentUrl\":\"https:\\\/\\\/www.ozono-terapia.com\\\/wp-content\\\/uploads\\\/2019\\\/02\\\/ozono_logo_2x.png\",\"width\":572,\"height\":100,\"caption\":\"Institut Catal\u00e0 d&#039;Ozonoter\u00e0pia\"},\"image\":{\"@id\":\"https:\\\/\\\/www.ozono-terapia.com\\\/#\\\/schema\\\/logo\\\/image\\\/\"}}]}<\/script>\n<!-- \/ Yoast SEO plugin. -->","yoast_head_json":{"title":"H\u00e8rnies de Disc - Institut Catal\u00e0 d&#039;Ozonoter\u00e0pia","robots":{"index":"index","follow":"follow","max-snippet":"max-snippet:-1","max-image-preview":"max-image-preview:large","max-video-preview":"max-video-preview:-1"},"canonical":"https:\/\/www.ozono-terapia.com\/ca\/hernies-de-disc\/","og_locale":"ca_ES","og_type":"article","og_title":"H\u00e8rnies de Disc - Institut Catal\u00e0 d&#039;Ozonoter\u00e0pia","og_url":"https:\/\/www.ozono-terapia.com\/ca\/hernies-de-disc\/","og_site_name":"Institut Catal\u00e0 d&#039;Ozonoter\u00e0pia","article_modified_time":"2022-06-13T10:48:48+00:00","og_image":[{"url":"http:\/\/ozono-terapia.com\/wp-content\/uploads\/2019\/03\/que-es-hernia.jpg","type":"","width":"","height":""}],"twitter_card":"summary_large_image","twitter_misc":{"Temps estimat de lectura":"9 minuts"},"schema":{"@context":"https:\/\/schema.org","@graph":[{"@type":"WebPage","@id":"https:\/\/www.ozono-terapia.com\/ca\/hernies-de-disc\/","url":"https:\/\/www.ozono-terapia.com\/ca\/hernies-de-disc\/","name":"H\u00e8rnies de Disc - Institut Catal\u00e0 d&#039;Ozonoter\u00e0pia","isPartOf":{"@id":"https:\/\/www.ozono-terapia.com\/#website"},"primaryImageOfPage":{"@id":"https:\/\/www.ozono-terapia.com\/ca\/hernies-de-disc\/#primaryimage"},"image":{"@id":"https:\/\/www.ozono-terapia.com\/ca\/hernies-de-disc\/#primaryimage"},"thumbnailUrl":"http:\/\/ozono-terapia.com\/wp-content\/uploads\/2019\/03\/que-es-hernia.jpg","datePublished":"2019-03-05T10:18:20+00:00","dateModified":"2022-06-13T10:48:48+00:00","breadcrumb":{"@id":"https:\/\/www.ozono-terapia.com\/ca\/hernies-de-disc\/#breadcrumb"},"inLanguage":"ca","potentialAction":[{"@type":"ReadAction","target":["https:\/\/www.ozono-terapia.com\/ca\/hernies-de-disc\/"]}]},{"@type":"ImageObject","inLanguage":"ca","@id":"https:\/\/www.ozono-terapia.com\/ca\/hernies-de-disc\/#primaryimage","url":"http:\/\/ozono-terapia.com\/wp-content\/uploads\/2019\/03\/que-es-hernia.jpg","contentUrl":"http:\/\/ozono-terapia.com\/wp-content\/uploads\/2019\/03\/que-es-hernia.jpg"},{"@type":"BreadcrumbList","@id":"https:\/\/www.ozono-terapia.com\/ca\/hernies-de-disc\/#breadcrumb","itemListElement":[{"@type":"ListItem","position":1,"name":"Home","item":"https:\/\/www.ozono-terapia.com\/ca\/"},{"@type":"ListItem","position":2,"name":"H\u00e8rnies de Disc"}]},{"@type":"WebSite","@id":"https:\/\/www.ozono-terapia.com\/#website","url":"https:\/\/www.ozono-terapia.com\/","name":"Institut Catal\u00e0 d&#039;Ozonoter\u00e0pia","description":"","publisher":{"@id":"https:\/\/www.ozono-terapia.com\/#organization"},"potentialAction":[{"@type":"SearchAction","target":{"@type":"EntryPoint","urlTemplate":"https:\/\/www.ozono-terapia.com\/?s={search_term_string}"},"query-input":{"@type":"PropertyValueSpecification","valueRequired":true,"valueName":"search_term_string"}}],"inLanguage":"ca"},{"@type":"Organization","@id":"https:\/\/www.ozono-terapia.com\/#organization","name":"Institut Catal\u00e0 d&#039;Ozonoter\u00e0pia","url":"https:\/\/www.ozono-terapia.com\/","logo":{"@type":"ImageObject","inLanguage":"ca","@id":"https:\/\/www.ozono-terapia.com\/#\/schema\/logo\/image\/","url":"https:\/\/www.ozono-terapia.com\/wp-content\/uploads\/2019\/02\/ozono_logo_2x.png","contentUrl":"https:\/\/www.ozono-terapia.com\/wp-content\/uploads\/2019\/02\/ozono_logo_2x.png","width":572,"height":100,"caption":"Institut Catal\u00e0 d&#039;Ozonoter\u00e0pia"},"image":{"@id":"https:\/\/www.ozono-terapia.com\/#\/schema\/logo\/image\/"}}]}},"_links":{"self":[{"href":"https:\/\/www.ozono-terapia.com\/ca\/wp-json\/wp\/v2\/pages\/1506","targetHints":{"allow":["GET"]}}],"collection":[{"href":"https:\/\/www.ozono-terapia.com\/ca\/wp-json\/wp\/v2\/pages"}],"about":[{"href":"https:\/\/www.ozono-terapia.com\/ca\/wp-json\/wp\/v2\/types\/page"}],"author":[{"embeddable":true,"href":"https:\/\/www.ozono-terapia.com\/ca\/wp-json\/wp\/v2\/users\/1"}],"replies":[{"embeddable":true,"href":"https:\/\/www.ozono-terapia.com\/ca\/wp-json\/wp\/v2\/comments?post=1506"}],"version-history":[{"count":0,"href":"https:\/\/www.ozono-terapia.com\/ca\/wp-json\/wp\/v2\/pages\/1506\/revisions"}],"wp:attachment":[{"href":"https:\/\/www.ozono-terapia.com\/ca\/wp-json\/wp\/v2\/media?parent=1506"}],"curies":[{"name":"wp","href":"https:\/\/api.w.org\/{rel}","templated":true}]}}